{"id":914,"date":"2021-11-21T20:00:20","date_gmt":"2021-11-21T20:00:20","guid":{"rendered":"https:\/\/manchacomic.es\/84ideas\/?page_id=914"},"modified":"2024-02-01T08:11:37","modified_gmt":"2024-02-01T08:11:37","slug":"directorio","status":"publish","type":"page","link":"https:\/\/manchacomic.es\/84ideas\/directorio\/","title":{"rendered":"Directorio"},"content":{"rendered":"<div class=\"gb-container gb-container-dae8292e\"><div class=\"gb-inside-container\">\n\n<h2 class=\"gb-headline gb-headline-7688d9d9 gb-headline-text\">Directorio<\/h2>\n\n\n<div class=\"gb-button-wrapper gb-button-wrapper-f7332d51\">\n\n<a class=\"gb-button gb-button-ff39fb50 gb-button-text\" href=\"#autores-1\"><strong>Autores\/as<\/strong><\/a>\n\n\n\n<a class=\"gb-button gb-button-45599c97 gb-button-text\" href=\"#editoriales-1\"><strong>Editoriales C\u00f3mic<\/strong><\/a>\n\n\n\n<a class=\"gb-button gb-button-0ef2adb7 gb-button-text\" href=\"#asociaciones-1\"><strong>Asociaciones Profesionales<\/strong><\/a>\n\n\n\n<a class=\"gb-button gb-button-32552239 gb-button-text\" href=\"#instituciones-1\"><strong>Instituciones<\/strong><\/a>\n\n\n\n<a class=\"gb-button gb-button-0a47dd77 gb-button-text\" href=\"#jornadas-1\"><strong>Jornadas, Salones y Ferias<\/strong><\/a>\n\n<\/div>\n<\/div><\/div>\n\n<div class=\"gb-container gb-container-870326b7 alignwide\"><div class=\"gb-inside-container\">\n\n<div class=\"wp-block-columns are-vertically-aligned-center is-layout-flex wp-container-core-columns-is-layout-8f761849 wp-block-columns-is-layout-flex\">\n<div class=\"wp-block-column is-vertically-aligned-center is-layout-flow wp-block-column-is-layout-flow\"><\/div>\n\n\n\n<div class=\"wp-block-column is-vertically-aligned-center is-layout-flow wp-block-column-is-layout-flow\">\n<a class=\"gb-button gb-button-94945426 gb-button-text\" href=\"https:\/\/manchacomic.es\/84ideas\/contacto\/\">\u00bfQuieres que te pongamos en contacto?<\/a>\n<\/div>\n\n\n\n<div class=\"wp-block-column is-vertically-aligned-center is-layout-flow wp-block-column-is-layout-flow\"><\/div>\n<\/div>\n\n<\/div><\/div>\n\n<div class=\"gb-container gb-container-5cb8cdc8\"><div class=\"gb-inside-container\">\n<div class=\"gb-container gb-container-6c7fe9fe\" id=\"autores-1\"><div class=\"gb-inside-container\">\n\n<h3 class=\"gb-headline gb-headline-f857fcf8 gb-headline-text\"><strong>Autores\/as<\/strong><\/h3>\n\n\n\n<p class=\"has-small-font-size wp-block-paragraph\"><em>\u00bfQuieres hacer un evento, acto o presentaci\u00f3n y no sabes c\u00f3mo contactar con el\/la autor\/a? <\/em><br>Escr\u00edbenos y te podremos en contacto con los\/as siguientes autores\/as:<\/p>\n\n\n\n<div class=\"wp-block-columns is-layout-flex wp-container-core-columns-is-layout-8f761849 wp-block-columns-is-layout-flex\">\n<div class=\"wp-block-column is-layout-flow wp-block-column-is-layout-flow\">\n<ul class=\"wp-block-list\">\n<li><a href=\"https:\/\/manchacomic.es\/84ideas\/directorio\/paco-roca\/\">Paco Roca<\/a><\/li>\n\n\n\n<li>Roberto Garc\u00eda Pe\u00f1uelas<\/li>\n\n\n\n<li>Sara con Hache<\/li>\n\n\n\n<li>Antonio Altarriba<\/li>\n\n\n\n<li>Ana Punset<\/li>\n\n\n\n<li>David Sierra<\/li>\n\n\n\n<li>Julio Serrano<\/li>\n\n\n\n<li>Mateo Guerrero<\/li>\n\n\n\n<li>Bruno Redondo<\/li>\n\n\n\n<li>Alba L\u00f3pez<\/li>\n\n\n\n<li>Blanca Lara<\/li>\n\n\n\n<li>Laura P\u00e9rez Vernetti<\/li>\n\n\n\n<li>Yolanda de Gregorio<\/li>\n\n\n\n<li>Patricia Gay\u00e1n<\/li>\n\n\n\n<li>Amelia Rodr\u00edguez<\/li>\n\n\n\n<li>Patricia Cari\u00f1ena<\/li>\n<\/ul>\n<\/div>\n\n\n\n<div class=\"wp-block-column is-layout-flow wp-block-column-is-layout-flow\">\n<ul class=\"wp-block-list\">\n<li>Diego Galindo<\/li>\n\n\n\n<li>Manuel Guti\u00e9rrez<\/li>\n\n\n\n<li>Teresa Castro<\/li>\n\n\n\n<li>El Torres<\/li>\n\n\n\n<li>Manolo Shaggy<\/li>\n\n\n\n<li>Alicia Palmer<\/li>\n\n\n\n<li>Eduardo Bat\u00e1n<\/li>\n\n\n\n<li>Mariel Santamarina<\/li>\n\n\n\n<li>Miguel Calero<\/li>\n\n\n\n<li>Mar\u00eda Marquez<\/li>\n\n\n\n<li>Abel Alves<\/li>\n\n\n\n<li>Miguel Carmona<\/li>\n\n\n\n<li>Manuel Veiga<\/li>\n\n\n\n<li>Juanra Fern\u00e1ndez<\/li>\n\n\n\n<li>Rafael Jim\u00e9nez<\/li>\n<\/ul>\n<\/div>\n\n\n\n<div class=\"wp-block-column is-layout-flow wp-block-column-is-layout-flow\">\n<ul class=\"wp-block-list\">\n<li>Carmen Carretero<\/li>\n\n\n\n<li>Ana Morales<\/li>\n\n\n\n<li>Alejandro P\u00e9rez Mesa<\/li>\n\n\n\n<li>David Bra\u00f1a<\/li>\n\n\n\n<li>Arnau L\u00f3pez<\/li>\n\n\n\n<li>Montse Mazorriaga<\/li>\n\n\n\n<li>Eros Recio<\/li>\n\n\n\n<li>Javier Marquina<\/li>\n\n\n\n<li>V\u00edctor Barba<\/li>\n\n\n\n<li>Salva del Viso<\/li>\n\n\n\n<li>Jes\u00fas del Viso<\/li>\n\n\n\n<li>Ra\u00fal Sierra<\/li>\n\n\n\n<li>Daniel Leal<\/li>\n\n\n\n<li>Beatriz del \u00c1lamo<\/li>\n\n\n\n<li>Patricia de Blas<\/li>\n<\/ul>\n<\/div>\n<\/div>\n\n<\/div><\/div>\n<\/div><\/div>\n\n<div class=\"gb-container gb-container-25da22ee\"><div class=\"gb-inside-container\">\n<div class=\"gb-container gb-container-9d136d54\" id=\"editoriales-1\"><div class=\"gb-inside-container\">\n\n<h3 class=\"gb-headline gb-headline-a15defca gb-headline-text\"><meta charset=\"utf-8\"><strong>Editoriales de C\u00f3mic<\/strong><\/h3>\n\n\n\n<p class=\"has-small-font-size wp-block-paragraph\"><em>\u00bf<\/em>Tienes un proyecto y est\u00e1s buscando editorial para llevarlo a cabo?<br>Te facilitamos el contacto con las siguientes editoriales:<\/p>\n\n\n\n<div class=\"wp-block-columns is-layout-flex wp-container-core-columns-is-layout-8f761849 wp-block-columns-is-layout-flex\">\n<div class=\"wp-block-column is-layout-flow wp-block-column-is-layout-flow\">\n<ul class=\"wp-block-list\">\n<li><a href=\"https:\/\/manchacomic.es\/84ideas\/directorio\/serendipia-editorial\/\">Serendipia Editorial<\/a><\/li>\n\n\n\n<li><a href=\"https:\/\/manchacomic.es\/84ideas\/grafito-editorial\/\">Grafito Editorial<\/a><\/li>\n\n\n\n<li><a href=\"https:\/\/manchacomic.es\/84ideas\/directorio\/cascaborra-ediciones\/\">Cascaborra Ediciones<\/a><\/li>\n\n\n\n<li><a href=\"https:\/\/manchacomic.es\/84ideas\/directorio\/astiberri-ediciones\/\">Astiberri Ediciones<\/a><\/li>\n\n\n\n<li><a href=\"https:\/\/manchacomic.es\/84ideas\/directorio\/autsaider-comics\/\">Autsaider C\u00f3mics<\/a><\/li>\n\n\n\n<li><a href=\"https:\/\/manchacomic.es\/84ideas\/directorio\/fandorgamia-editorial\/\">Fandogamia<\/a><\/li>\n\n\n\n<li><a href=\"https:\/\/manchacomic.es\/84ideas\/directorio\/gp-ediciones\/\">GP Ediciones<\/a><\/li>\n\n\n\n<li><a href=\"https:\/\/manchacomic.es\/84ideas\/directorio\/harriet-ediciones\/\">Harrient Ediciones<\/a><\/li>\n\n\n\n<li><a href=\"https:\/\/manchacomic.es\/84ideas\/directorio\/karras-comic\/\">Karras C\u00f3mic<\/a><\/li>\n\n\n\n<li><a href=\"https:\/\/manchacomic.es\/84ideas\/directorio\/apache-libros\/\">Apache Libros<\/a><\/li>\n\n\n\n<li><a href=\"https:\/\/manchacomic.es\/84ideas\/directorio\/carmona-en-vinetas\/\">Carmona en Vi\u00f1etas<\/a><\/li>\n\n\n\n<li><a href=\"https:\/\/manchacomic.es\/84ideas\/directorio\/ediciones-la-cupula\/\">Ediciones La C\u00fapul<\/a>a<\/li>\n<\/ul>\n<\/div>\n\n\n\n<div class=\"wp-block-column is-layout-flow wp-block-column-is-layout-flow\">\n<ul class=\"wp-block-list\">\n<li><a href=\"https:\/\/manchacomic.es\/84ideas\/directorio\/sallybooks\/\">Sallybooks<\/a><\/li>\n\n\n\n<li><a href=\"https:\/\/manchacomic.es\/84ideas\/directorio\/the-rocketman-project\/\">The Rocketman Project<\/a><\/li>\n\n\n\n<li><a href=\"https:\/\/manchacomic.es\/84ideas\/directorio\/trilita-ediciones\/\">Trilita Ediciones<\/a><\/li>\n\n\n\n<li><a href=\"https:\/\/manchacomic.es\/84ideas\/directorio\/cosmica-editorial\/\">C\u00f3smica Editorial<\/a><\/li>\n\n\n\n<li><a href=\"https:\/\/manchacomic.es\/84ideas\/directorio\/__trashed\/\">Unrated C\u00f3mics<\/a><\/li>\n\n\n\n<li><a href=\"https:\/\/manchacomic.es\/84ideas\/directorio\/amaniaco-ediciones\/\">Aman\u00edaco Ediciones<\/a><\/li>\n\n\n\n<li><a href=\"https:\/\/manchacomic.es\/84ideas\/directorio\/editorial\/apa-apa-comics\/\">Apa Apa C\u00f3mics<\/a><\/li>\n\n\n\n<li><a href=\"https:\/\/manchacomic.es\/84ideas\/directorio\/dolmen-editorial\/\">Dolmen Editorial<\/a><\/li>\n\n\n\n<li><a href=\"https:\/\/manchacomic.es\/84ideas\/directorio\/nowevolution-editorial\/\">Nowevolution<\/a><\/li>\n\n\n\n<li><a href=\"https:\/\/manchacomic.es\/84ideas\/directorio\/ominiky-ediciones\/\">Ominiky Ediciones<\/a><\/li>\n\n\n\n<li><a href=\"https:\/\/manchacomic.es\/84ideas\/directorio\/nuevo-nueve\/\">Nuevo Nueve<\/a><\/li>\n<\/ul>\n<\/div>\n<\/div>\n\n<\/div><\/div>\n\n<div class=\"gb-container gb-container-82b44c1c\" id=\"asociaciones-1\"><div class=\"gb-inside-container\">\n\n<h3 class=\"gb-headline gb-headline-abc18036 gb-headline-text\"><meta charset=\"utf-8\"><\/meta><strong>Asociaciones Profesionales y de Apoyo al C\u00f3mic<\/strong><\/h3>\n\n\n\n<ul class=\"wp-block-list\">\n<li><a href=\"https:\/\/manchacomic.es\/84ideas\/directorio\/asociacion-profesional-de-guionistas-de-comic\/\">Asociaci\u00f3n profesional de guionistas de c\u00f3mic<\/a><\/li>\n\n\n\n<li><a href=\"https:\/\/manchacomic.es\/84ideas\/directorio\/fundacion-el-arte-de-volar\/\">Fundaci\u00f3n El Arte de Volar<\/a><\/li>\n\n\n\n<li><a href=\"https:\/\/manchacomic.es\/84ideas\/tebeosfera\/\">Tebeosfera<\/a><\/li>\n\n\n\n<li><a href=\"https:\/\/manchacomic.es\/84ideas\/directorio\/asociacion-de-autores-de-comic\/\">Autores de C\u00f3mic<\/a><\/li>\n\n\n\n<li><a href=\"https:\/\/manchacomic.es\/84ideas\/directorio\/sectorial-del-comic\/\">Sectorial C\u00f3mic<\/a><\/li>\n\n\n\n<li><a href=\"https:\/\/manchacomic.es\/84ideas\/directorio\/asociacion-de-autoras-de-comic\/\">Somos Autoras de C\u00f3mic<\/a><\/li>\n\n\n\n<li><a href=\"https:\/\/manchacomic.es\/84ideas\/directorio\/asociacion-de-criticos-y-divulgadores-de-comic-de-espana\/\">Asociaci\u00f3n de Cr\u00edticos y Divulgadores de C\u00f3mics<\/a><\/li>\n\n\n\n<li><a href=\"https:\/\/manchacomic.es\/84ideas\/directorio\/asociacion-aragonesa-de-autores-de-comic\/\">Asociaci\u00f3n Aragonesa de Autores de C\u00f3mic<\/a><\/li>\n<\/ul>\n\n<\/div><\/div>\n\n<div class=\"gb-container gb-container-790ba9a1\" id=\"instituciones-1\"><div class=\"gb-inside-container\">\n\n<h3 class=\"gb-headline gb-headline-a28f0c81 gb-headline-text\"><meta charset=\"utf-8\"><strong>Instituciones<\/strong><\/h3>\n\n\n\n<ul class=\"wp-block-list\">\n<li><a href=\"https:\/\/manchacomic.es\/84ideas\/directorio\/premio-nacional-del-comic\/\">Premio Nacional del C\u00f3mic<\/a><\/li>\n\n\n\n<li><a href=\"https:\/\/manchacomic.es\/84ideas\/directorio\/fundacion-canaria-cinecomics\/\">Fundaci\u00f3n Canaria \u00abCine+C\u00f3mic\u00bb<\/a><\/li>\n\n\n\n<li><a href=\"https:\/\/manchacomic.es\/84ideas\/directorio\/museo-del-comic\/\">Museo del C\u00f3mic<\/a><\/li>\n\n\n\n<li><a href=\"https:\/\/manchacomic.es\/84ideas\/directorio\/catedra-de-estudios-del-comic\/\">C\u00e1tedra de Estudios del C\u00f3mic<\/a><\/li>\n\n\n\n<li><a href=\"https:\/\/manchacomic.es\/84ideas\/directorio\/plataforma-academica-sobre-el-comic-en-espanol\/\">Plataforma Acad\u00e9mica sobre el C\u00f3mic en Espa\u00f1ol<\/a><\/li>\n\n\n\n<li><a href=\"https:\/\/manchacomic.es\/84ideas\/directorio\/museo-del-comic-de-benavente\/\">Museo del C\u00f3mic de&nbsp;Benavente<\/a><\/li>\n<\/ul>\n\n<\/div><\/div>\n\n<div class=\"gb-container gb-container-46b6879b\" id=\"jornadas-1\"><div class=\"gb-inside-container\">\n\n<h3 class=\"gb-headline gb-headline-acdbc300 gb-headline-text\"><meta charset=\"utf-8\"><strong>Jornadas, Salones y Ferias<\/strong><\/h3>\n\n\n\n<div class=\"wp-block-columns is-layout-flex wp-container-core-columns-is-layout-8f761849 wp-block-columns-is-layout-flex\">\n<div class=\"wp-block-column is-layout-flow wp-block-column-is-layout-flow\">\n<ul class=\"wp-block-list\">\n<li><a href=\"http:\/\/www.manchacomic.es\">Mancha<\/a>c<a href=\"http:\/\/www.manchacomic.es\">\u00f3mic<\/a><\/li>\n\n\n\n<li><a href=\"https:\/\/manchacomic.es\/84ideas\/directorio\/festival-del-comic-de-ubeda-y-baeza\/\">Festival del C\u00f3mic de \u00dabeda<\/a><\/li>\n\n\n\n<li><a href=\"https:\/\/manchacomic.es\/84ideas\/directorio\/asociacion-valenciana-del-comic\/\">Jornadas de C\u00f3mic de Valencia<\/a><\/li>\n\n\n\n<li><a href=\"https:\/\/manchacomic.es\/84ideas\/directorio\/carmona-en-vinetas-jornadas\/\" target=\"_blank\" rel=\"noreferrer noopener\">La Linea Editorial &#8211; Carmona en Vi\u00f1etas<\/a><\/li>\n\n\n\n<li><a href=\"https:\/\/manchacomic.es\/84ideas\/directorio\/ficzone\/\" target=\"_blank\" rel=\"noreferrer noopener\">FicZone<\/a><\/li>\n\n\n\n<li><a href=\"https:\/\/manchacomic.es\/84ideas\/directorio\/salon-del-comic-de-zaragoza\/\" target=\"_blank\" rel=\"noreferrer noopener\">Sal\u00f3n del C\u00f3mic de Zaragoza<\/a><\/li>\n\n\n\n<li><a href=\"https:\/\/manchacomic.es\/84ideas\/directorio\/jornadas-del-comic-de-aviles\/\">Jornadas C\u00f3mic Villa de Avil\u00e9s<\/a><\/li>\n\n\n\n<li><a href=\"https:\/\/manchacomic.es\/84ideas\/directorio\/salon-internacional-del-comic-de-granada\/\" target=\"_blank\" rel=\"noreferrer noopener\">Sal\u00f3n Internacional del C\u00f3mic de Granada<\/a><\/li>\n\n\n\n<li><a href=\"https:\/\/manchacomic.es\/84ideas\/directorio\/vinetas-desde-o-atlantico\/\">Vi\u00f1etas desde o Atl\u00e1ntico<\/a><\/li>\n\n\n\n<li><a href=\"https:\/\/manchacomic.es\/84ideas\/directorio\/madrid-comic-pop-up\/\">Madrid C\u00f3mic Pop-U<\/a>p<\/li>\n\n\n\n<li><a href=\"https:\/\/manchacomic.es\/84ideas\/directorio\/comic-on-demand-barcelona\/\">Barcelona C\u00f3mic on Demand<\/a><\/li>\n\n\n\n<li><a href=\"https:\/\/manchacomic.es\/84ideas\/splash-sagunt\/\">Splash Sagunt<\/a><\/li>\n\n\n\n<li><a href=\"https:\/\/manchacomic.es\/84ideas\/directorio\/feria-internacional-del-comic-de-el-provencio\/\" target=\"_blank\" rel=\"noreferrer noopener\">Feria Internacional del C\u00f3mic de El Provencio<\/a><\/li>\n\n\n\n<li><a href=\"https:\/\/manchacomic.es\/84ideas\/directorio\/salon-hispanofrances-del-comic-de-jaca\/\" target=\"_blank\" rel=\"noreferrer noopener\">Sal\u00f3n C\u00f3mic Jaca<\/a><\/li>\n\n\n\n<li><a href=\"https:\/\/manchacomic.es\/84ideas\/directorio\/salon-del-comic-valencia\/\">Sal\u00f3n del C\u00f3mic de Valencia<\/a><\/li>\n\n\n\n<li><a href=\"https:\/\/manchacomic.es\/84ideas\/directorio\/graf-barcelona-2022\/\">GRAF Barcelona <\/a><\/li>\n\n\n\n<li><a href=\"https:\/\/manchacomic.es\/84ideas\/directorio\/semana-del-comic-de-la-laguna\/\">Semana del C\u00f3mic de La Laguna<\/a><\/li>\n\n\n\n<li><a href=\"https:\/\/manchacomic.es\/84ideas\/directorio\/mostra-del-comic-a-cornella\/\">Mostra del C\u00f2mic a Cornell\u00e0<\/a><\/li>\n<\/ul>\n<\/div>\n\n\n\n<div class=\"wp-block-column is-layout-flow wp-block-column-is-layout-flow\">\n<ul class=\"wp-block-list\">\n<li><a href=\"https:\/\/manchacomic.es\/84ideas\/directorio\/festicomic-el-ejido\/\">Festic\u00f3mic El Ejido<\/a><\/li>\n\n\n\n<li><a href=\"https:\/\/manchacomic.es\/84ideas\/directorio\/salon-del-comic-de-getxo\/\">Sal\u00f3n del c\u00f3mic de Getxo<\/a><\/li>\n\n\n\n<li><a href=\"https:\/\/manchacomic.es\/84ideas\/directorio\/salita-del-comic-y-la-ilustracion\/\">Salita del C\u00f3mic y la Ilustraci\u00f3n<\/a><\/li>\n\n\n\n<li><a href=\"https:\/\/manchacomic.es\/84ideas\/directorio\/salon-del-comic-y-el-libro-infantil-y-juvenil-de-castellon\/\">Sal\u00f3n del C\u00f3mic y el libro infantil y juvenil de Castell\u00f3n<\/a><\/li>\n\n\n\n<li><a href=\"https:\/\/manchacomic.es\/84ideas\/directorio\/autores-en-vinetas\/\">Autores en Vi\u00f1etas<\/a><\/li>\n\n\n\n<li><a href=\"https:\/\/manchacomic.es\/84ideas\/directorio\/huescomic-jornada-de-comic-de-huesca\/\">Huesc\u00f3mic Jornada de c\u00f3mic de Huesca<\/a><\/li>\n\n\n\n<li><a href=\"https:\/\/manchacomic.es\/84ideas\/directorio\/salon-do-comic-e-ilustracion-cangas\/\">Sal\u00f3n do Comic e ilustraci\u00f3n Cangas<\/a><\/li>\n\n\n\n<li><a href=\"https:\/\/manchacomic.es\/84ideas\/directorio\/salon-del-comic-y-manga-de-castilla-y-leon\/\">Sal\u00f3n del C\u00f3mic y Manga de Castilla y Le\u00f3n<\/a><\/li>\n\n\n\n<li><a href=\"https:\/\/manchacomic.es\/84ideas\/directorio\/fira-del-comic-de-folgueroles\/\">Fira del C\u00f2mic de Folgueroles<\/a><\/li>\n\n\n\n<li><a href=\"https:\/\/manchacomic.es\/84ideas\/directorio\/salon-internacional-del-comic-de-huelva\/\">Sal\u00f3n Internacional del C\u00f3mic de Huelva<\/a><\/li>\n\n\n\n<li><a href=\"https:\/\/manchacomic.es\/84ideas\/directorio\/unicomic\/\">UNICOMIC<\/a><\/li>\n\n\n\n<li><a href=\"https:\/\/manchacomic.es\/84ideas\/directorio\/jornadas-del-comic-de-almeria\/\">Jornadas del C\u00f3mic de Almer\u00eda<\/a><\/li>\n\n\n\n<li><a href=\"https:\/\/manchacomic.es\/84ideas\/directorio\/santa-cruz-comic-2021\/\">Santa Cruz C\u00f3mic <\/a><\/li>\n\n\n\n<li><a href=\"https:\/\/manchacomic.es\/84ideas\/directorio\/jornadas-de-comic-y-manga-de-barbastro\/\">Jornadas de C\u00f3mic y Manga de Barbastro<\/a><\/li>\n\n\n\n<li><a href=\"https:\/\/manchacomic.es\/84ideas\/directorio\/llegim-mes-comic\/\">Llegim m\u00e9s c\u00f2mic<\/a><\/li>\n\n\n\n<li><a href=\"https:\/\/manchacomic.es\/84ideas\/directorio\/jornada-de-banda-desenhada-em-portugues\/\">Jornada de Banda Desenhada em Portugu\u00eas<\/a><\/li>\n<\/ul>\n<\/div>\n<\/div>\n\n<\/div><\/div>\n<\/div><\/div>","protected":false},"excerpt":{"rendered":"<p>Directorio Autores\/as \u00bfQuieres hacer un evento, acto o presentaci\u00f3n y no sabes c\u00f3mo contactar con el\/la autor\/a? Escr\u00edbenos y te podremos en contacto con los\/as siguientes autores\/as: Editoriales de C\u00f3mic \u00bfTienes un proyecto y est\u00e1s buscando editorial para llevarlo a cabo?Te facilitamos el contacto con las siguientes editoriales: Asociaciones Profesionales y de Apoyo al C\u00f3mic &#8230; <a title=\"Directorio\" class=\"read-more\" href=\"https:\/\/manchacomic.es\/84ideas\/directorio\/\" aria-label=\"Leer m\u00e1s sobre Directorio\">Leer m\u00e1s<\/a><\/p>\n","protected":false},"author":2,"featured_media":0,"parent":0,"menu_order":0,"comment_status":"closed","ping_status":"closed","template":"","meta":{"om_disable_all_campaigns":false,"_uag_custom_page_level_css":"","_monsterinsights_skip_tracking":false,"_uf_show_specific_survey":0,"_uf_disable_surveys":false,"footnotes":""},"class_list":["post-914","page","type-page","status-publish"],"yoast_head":"<!-- This site is optimized with the Yoast SEO plugin v28.3 - https:\/\/yoast.com\/product\/yoast-seo-wordpress\/ -->\n<title>Directorio - 84 Ideas<\/title>\n<meta name=\"robots\" content=\"noindex, follow\" \/>\n<meta property=\"og:locale\" content=\"es_ES\" \/>\n<meta property=\"og:type\" content=\"article\" \/>\n<meta property=\"og:title\" content=\"Directorio - 84 Ideas\" \/>\n<meta property=\"og:description\" content=\"Directorio Autores\/as \u00bfQuieres hacer un evento, acto o presentaci\u00f3n y no sabes c\u00f3mo contactar con el\/la autor\/a? Escr\u00edbenos y te podremos en contacto con los\/as siguientes autores\/as: Editoriales de C\u00f3mic \u00bfTienes un proyecto y est\u00e1s buscando editorial para llevarlo a cabo?Te facilitamos el contacto con las siguientes editoriales: Asociaciones Profesionales y de Apoyo al C\u00f3mic ... Leer m\u00e1s\" \/>\n<meta property=\"og:url\" content=\"https:\/\/manchacomic.es\/84ideas\/directorio\/\" \/>\n<meta property=\"og:site_name\" content=\"84 Ideas\" \/>\n<meta property=\"article:modified_time\" content=\"2024-02-01T08:11:37+00:00\" \/>\n<meta name=\"twitter:card\" content=\"summary_large_image\" \/>\n<meta name=\"twitter:label1\" content=\"Tiempo de lectura\" \/>\n\t<meta name=\"twitter:data1\" content=\"3 minutos\" \/>\n<script type=\"application\/ld+json\" class=\"yoast-schema-graph\">{\"@context\":\"https:\\\/\\\/schema.org\",\"@graph\":[{\"@type\":\"WebPage\",\"@id\":\"https:\\\/\\\/manchacomic.es\\\/84ideas\\\/directorio\\\/\",\"url\":\"https:\\\/\\\/manchacomic.es\\\/84ideas\\\/directorio\\\/\",\"name\":\"Directorio - 84 Ideas\",\"isPartOf\":{\"@id\":\"https:\\\/\\\/manchacomic.es\\\/84ideas\\\/#website\"},\"datePublished\":\"2021-11-21T20:00:20+00:00\",\"dateModified\":\"2024-02-01T08:11:37+00:00\",\"breadcrumb\":{\"@id\":\"https:\\\/\\\/manchacomic.es\\\/84ideas\\\/directorio\\\/#breadcrumb\"},\"inLanguage\":\"es\",\"potentialAction\":[{\"@type\":\"ReadAction\",\"target\":[\"https:\\\/\\\/manchacomic.es\\\/84ideas\\\/directorio\\\/\"]}]},{\"@type\":\"BreadcrumbList\",\"@id\":\"https:\\\/\\\/manchacomic.es\\\/84ideas\\\/directorio\\\/#breadcrumb\",\"itemListElement\":[{\"@type\":\"ListItem\",\"position\":1,\"name\":\"Home\",\"item\":\"https:\\\/\\\/manchacomic.es\\\/84ideas\\\/\"},{\"@type\":\"ListItem\",\"position\":2,\"name\":\"Directorio\"}]},{\"@type\":\"WebSite\",\"@id\":\"https:\\\/\\\/manchacomic.es\\\/84ideas\\\/#website\",\"url\":\"https:\\\/\\\/manchacomic.es\\\/84ideas\\\/\",\"name\":\"84 Ideas\",\"description\":\"\",\"publisher\":{\"@id\":\"https:\\\/\\\/manchacomic.es\\\/84ideas\\\/#organization\"},\"potentialAction\":[{\"@type\":\"SearchAction\",\"target\":{\"@type\":\"EntryPoint\",\"urlTemplate\":\"https:\\\/\\\/manchacomic.es\\\/84ideas\\\/?s={search_term_string}\"},\"query-input\":{\"@type\":\"PropertyValueSpecification\",\"valueRequired\":true,\"valueName\":\"search_term_string\"}}],\"inLanguage\":\"es\"},{\"@type\":\"Organization\",\"@id\":\"https:\\\/\\\/manchacomic.es\\\/84ideas\\\/#organization\",\"name\":\"84 Ideas\",\"url\":\"https:\\\/\\\/manchacomic.es\\\/84ideas\\\/\",\"logo\":{\"@type\":\"ImageObject\",\"inLanguage\":\"es\",\"@id\":\"https:\\\/\\\/manchacomic.es\\\/84ideas\\\/#\\\/schema\\\/logo\\\/image\\\/\",\"url\":\"https:\\\/\\\/i0.wp.com\\\/manchacomic.es\\\/84ideas\\\/wp-content\\\/uploads\\\/2021\\\/04\\\/84_ideas_logo_version_A_png.png?fit=1818%2C484&ssl=1\",\"contentUrl\":\"https:\\\/\\\/i0.wp.com\\\/manchacomic.es\\\/84ideas\\\/wp-content\\\/uploads\\\/2021\\\/04\\\/84_ideas_logo_version_A_png.png?fit=1818%2C484&ssl=1\",\"width\":1818,\"height\":484,\"caption\":\"84 Ideas\"},\"image\":{\"@id\":\"https:\\\/\\\/manchacomic.es\\\/84ideas\\\/#\\\/schema\\\/logo\\\/image\\\/\"}}]}<\/script>\n<!-- \/ Yoast SEO plugin. -->","yoast_head_json":{"title":"Directorio - 84 Ideas","robots":{"index":"noindex","follow":"follow"},"og_locale":"es_ES","og_type":"article","og_title":"Directorio - 84 Ideas","og_description":"Directorio Autores\/as \u00bfQuieres hacer un evento, acto o presentaci\u00f3n y no sabes c\u00f3mo contactar con el\/la autor\/a? Escr\u00edbenos y te podremos en contacto con los\/as siguientes autores\/as: Editoriales de C\u00f3mic \u00bfTienes un proyecto y est\u00e1s buscando editorial para llevarlo a cabo?Te facilitamos el contacto con las siguientes editoriales: Asociaciones Profesionales y de Apoyo al C\u00f3mic ... Leer m\u00e1s","og_url":"https:\/\/manchacomic.es\/84ideas\/directorio\/","og_site_name":"84 Ideas","article_modified_time":"2024-02-01T08:11:37+00:00","twitter_card":"summary_large_image","twitter_misc":{"Tiempo de lectura":"3 minutos"},"schema":{"@context":"https:\/\/schema.org","@graph":[{"@type":"WebPage","@id":"https:\/\/manchacomic.es\/84ideas\/directorio\/","url":"https:\/\/manchacomic.es\/84ideas\/directorio\/","name":"Directorio - 84 Ideas","isPartOf":{"@id":"https:\/\/manchacomic.es\/84ideas\/#website"},"datePublished":"2021-11-21T20:00:20+00:00","dateModified":"2024-02-01T08:11:37+00:00","breadcrumb":{"@id":"https:\/\/manchacomic.es\/84ideas\/directorio\/#breadcrumb"},"inLanguage":"es","potentialAction":[{"@type":"ReadAction","target":["https:\/\/manchacomic.es\/84ideas\/directorio\/"]}]},{"@type":"BreadcrumbList","@id":"https:\/\/manchacomic.es\/84ideas\/directorio\/#breadcrumb","itemListElement":[{"@type":"ListItem","position":1,"name":"Home","item":"https:\/\/manchacomic.es\/84ideas\/"},{"@type":"ListItem","position":2,"name":"Directorio"}]},{"@type":"WebSite","@id":"https:\/\/manchacomic.es\/84ideas\/#website","url":"https:\/\/manchacomic.es\/84ideas\/","name":"84 Ideas","description":"","publisher":{"@id":"https:\/\/manchacomic.es\/84ideas\/#organization"},"potentialAction":[{"@type":"SearchAction","target":{"@type":"EntryPoint","urlTemplate":"https:\/\/manchacomic.es\/84ideas\/?s={search_term_string}"},"query-input":{"@type":"PropertyValueSpecification","valueRequired":true,"valueName":"search_term_string"}}],"inLanguage":"es"},{"@type":"Organization","@id":"https:\/\/manchacomic.es\/84ideas\/#organization","name":"84 Ideas","url":"https:\/\/manchacomic.es\/84ideas\/","logo":{"@type":"ImageObject","inLanguage":"es","@id":"https:\/\/manchacomic.es\/84ideas\/#\/schema\/logo\/image\/","url":"https:\/\/i0.wp.com\/manchacomic.es\/84ideas\/wp-content\/uploads\/2021\/04\/84_ideas_logo_version_A_png.png?fit=1818%2C484&ssl=1","contentUrl":"https:\/\/i0.wp.com\/manchacomic.es\/84ideas\/wp-content\/uploads\/2021\/04\/84_ideas_logo_version_A_png.png?fit=1818%2C484&ssl=1","width":1818,"height":484,"caption":"84 Ideas"},"image":{"@id":"https:\/\/manchacomic.es\/84ideas\/#\/schema\/logo\/image\/"}}]}},"uagb_featured_image_src":{"full":false,"thumbnail":false,"medium":false,"medium_large":false,"large":false,"1536x1536":false,"2048x2048":false},"uagb_author_info":{"display_name":false,"author_link":"https:\/\/manchacomic.es\/84ideas\/author\/"},"uagb_comment_info":0,"uagb_excerpt":"Directorio Autores\/as \u00bfQuieres hacer un evento, acto o presentaci\u00f3n y no sabes c\u00f3mo contactar con el\/la autor\/a? Escr\u00edbenos y te podremos en contacto con los\/as siguientes autores\/as: Editoriales de C\u00f3mic \u00bfTienes un proyecto y est\u00e1s buscando editorial para llevarlo a cabo?Te facilitamos el contacto con las siguientes editoriales: Asociaciones Profesionales y de Apoyo al C\u00f3mic&hellip;","jetpack_sharing_enabled":false,"_links":{"self":[{"href":"https:\/\/manchacomic.es\/84ideas\/wp-json\/wp\/v2\/pages\/914","targetHints":{"allow":["GET"]}}],"collection":[{"href":"https:\/\/manchacomic.es\/84ideas\/wp-json\/wp\/v2\/pages"}],"about":[{"href":"https:\/\/manchacomic.es\/84ideas\/wp-json\/wp\/v2\/types\/page"}],"author":[{"embeddable":true,"href":"https:\/\/manchacomic.es\/84ideas\/wp-json\/wp\/v2\/users\/2"}],"replies":[{"embeddable":true,"href":"https:\/\/manchacomic.es\/84ideas\/wp-json\/wp\/v2\/comments?post=914"}],"version-history":[{"count":0,"href":"https:\/\/manchacomic.es\/84ideas\/wp-json\/wp\/v2\/pages\/914\/revisions"}],"wp:attachment":[{"href":"https:\/\/manchacomic.es\/84ideas\/wp-json\/wp\/v2\/media?parent=914"}],"curies":[{"name":"wp","href":"https:\/\/api.w.org\/{rel}","templated":true}]}}