{"id":345,"date":"2021-05-21T11:41:55","date_gmt":"2021-05-21T11:41:55","guid":{"rendered":"https:\/\/manchacomic.es\/84ideas\/?page_id=345"},"modified":"2021-05-27T11:57:08","modified_gmt":"2021-05-27T11:57:08","slug":"fernando-tarancon","status":"publish","type":"page","link":"https:\/\/manchacomic.es\/84ideas\/fernando-tarancon\/","title":{"rendered":"Fernando Taranc\u00f3n"},"content":{"rendered":"\n<div style=\"height:10px\" aria-hidden=\"true\" class=\"wp-block-spacer\"><\/div>\n\n\n\n<div class=\"wp-block-columns is-layout-flex wp-container-core-columns-is-layout-8f761849 wp-block-columns-is-layout-flex\">\n<div class=\"wp-block-column is-layout-flow wp-block-column-is-layout-flow\" style=\"flex-basis:33.33%\">\n<div class=\"wp-block-image\"><figure class=\"aligncenter size-large\"><img data-recalc-dims=\"1\" loading=\"lazy\" decoding=\"async\" width=\"801\" height=\"942\" src=\"https:\/\/i0.wp.com\/manchacomic.es\/84ideas\/wp-content\/uploads\/2021\/05\/Fernando_Tarancon_algir_84_ideas_bocadillo.png?resize=801%2C942&#038;ssl=1\" alt=\"\" class=\"wp-image-342\" srcset=\"https:\/\/i0.wp.com\/manchacomic.es\/84ideas\/wp-content\/uploads\/2021\/05\/Fernando_Tarancon_algir_84_ideas_bocadillo.png?w=801&amp;ssl=1 801w, https:\/\/i0.wp.com\/manchacomic.es\/84ideas\/wp-content\/uploads\/2021\/05\/Fernando_Tarancon_algir_84_ideas_bocadillo.png?resize=255%2C300&amp;ssl=1 255w, https:\/\/i0.wp.com\/manchacomic.es\/84ideas\/wp-content\/uploads\/2021\/05\/Fernando_Tarancon_algir_84_ideas_bocadillo.png?resize=768%2C903&amp;ssl=1 768w\" sizes=\"auto, (max-width: 801px) 100vw, 801px\" \/><\/figure><\/div>\n\n\n\n<p class=\"has-text-align-center wp-block-paragraph\"><strong><strong>Fernando Taranc\u00f3n<\/strong><\/strong><\/p>\n\n\n\n<p class=\"has-text-align-center wp-block-paragraph\">Astiberri Ediciones<\/p>\n<\/div>\n\n\n\n<div class=\"wp-block-column is-layout-flow wp-block-column-is-layout-flow\" style=\"flex-basis:66.66%\">\n<p class=\"wp-block-paragraph\">Licenciado en periodismo, trabaja en la librer\u00eda especializada en c\u00f3mic Joker, en Bilbao, desde su fundaci\u00f3n en 1994. <\/p>\n\n\n\n<p class=\"wp-block-paragraph\">Asimismo es editor en Astiberri tambi\u00e9n desde la creaci\u00f3n de la editorial en 2001, donde ha realizado diversos desempe\u00f1os, entre otros dirigir la revista Trama durante su primera, m\u00e1s larga y floja etapa. <\/p>\n\n\n\n<p class=\"wp-block-paragraph\">Como librero ha contribuido a la creaci\u00f3n de Zona C\u00f3mic, el grupo de trabajo de librer\u00edas especializadas en c\u00f3mic integrado en CEGAL.<\/p>\n<\/div>\n<\/div>\n\n\n\n<div class=\"wp-block-columns is-layout-flex wp-container-core-columns-is-layout-8f761849 wp-block-columns-is-layout-flex\">\n<div class=\"wp-block-column is-vertically-aligned-top is-layout-flow wp-block-column-is-layout-flow\">\n<div class=\"wp-block-buttons is-content-justification-right is-layout-flex wp-block-buttons-is-layout-flex\">\n<div class=\"wp-block-button is-style-outline is-style-outline--1\"><a class=\"wp-block-button__link has-white-background-color has-text-color has-background\" href=\"https:\/\/manchacomic.es\/84ideas\/programacion\/\" style=\"color:#85275c\">VER PROGRAMACI\u00d3N 2021<\/a><\/div>\n<\/div>\n\n\n\n<p class=\"wp-block-paragraph\"><\/p>\n<\/div>\n\n\n\n<div class=\"wp-block-column is-vertically-aligned-top is-layout-flow wp-block-column-is-layout-flow\">\n<div class=\"wp-block-buttons is-content-justification-left is-layout-flex wp-block-buttons-is-layout-flex\">\n<div class=\"wp-block-button is-style-outline is-style-outline--2\"><a class=\"wp-block-button__link has-white-background-color has-text-color has-background\" href=\"https:\/\/manchacomic.es\/84ideas\/invitados-as\/\" style=\"color:#85275c\">OTROS\/AS INVITADOS\/AS<\/a><\/div>\n<\/div>\n<\/div>\n<\/div>\n","protected":false},"excerpt":{"rendered":"<p>Fernando Taranc\u00f3n Astiberri Ediciones Licenciado en periodismo, trabaja en la librer\u00eda especializada en c\u00f3mic Joker, en Bilbao, desde su fundaci\u00f3n en 1994. Asimismo es editor en Astiberri tambi\u00e9n desde la creaci\u00f3n de la editorial en 2001, donde ha realizado diversos desempe\u00f1os, entre otros dirigir la revista Trama durante su primera, m\u00e1s larga y floja etapa. &#8230; <a title=\"Fernando Taranc\u00f3n\" class=\"read-more\" href=\"https:\/\/manchacomic.es\/84ideas\/fernando-tarancon\/\" aria-label=\"Leer m\u00e1s sobre Fernando Taranc\u00f3n\">Leer m\u00e1s<\/a><\/p>\n","protected":false},"author":1,"featured_media":0,"parent":0,"menu_order":0,"comment_status":"closed","ping_status":"closed","template":"","meta":{"om_disable_all_campaigns":false,"_uag_custom_page_level_css":"","_monsterinsights_skip_tracking":false,"_uf_show_specific_survey":0,"_uf_disable_surveys":false,"footnotes":""},"class_list":["post-345","page","type-page","status-publish"],"yoast_head":"<!-- This site is optimized with the Yoast SEO plugin v28.3 - https:\/\/yoast.com\/product\/yoast-seo-wordpress\/ -->\n<title>Fernando Taranc\u00f3n - 84 Ideas<\/title>\n<meta name=\"description\" content=\"Fernando Taranc\u00f3n. Licenciado en periodismo, trabaja en la librer\u00eda especializada en c\u00f3mic Joker, en Bilbao, desde su fundaci\u00f3n en 1994.\" \/>\n<meta name=\"robots\" content=\"index, follow, max-snippet:-1, max-image-preview:large, max-video-preview:-1\" \/>\n<link rel=\"canonical\" href=\"https:\/\/manchacomic.es\/84ideas\/fernando-tarancon\/\" \/>\n<meta property=\"og:locale\" content=\"es_ES\" \/>\n<meta property=\"og:type\" content=\"article\" \/>\n<meta property=\"og:title\" content=\"Fernando Taranc\u00f3n - 84 Ideas\" \/>\n<meta property=\"og:description\" content=\"Fernando Taranc\u00f3n. Licenciado en periodismo, trabaja en la librer\u00eda especializada en c\u00f3mic Joker, en Bilbao, desde su fundaci\u00f3n en 1994.\" \/>\n<meta property=\"og:url\" content=\"https:\/\/manchacomic.es\/84ideas\/fernando-tarancon\/\" \/>\n<meta property=\"og:site_name\" content=\"84 Ideas\" \/>\n<meta property=\"article:modified_time\" content=\"2021-05-27T11:57:08+00:00\" \/>\n<meta property=\"og:image\" content=\"https:\/\/manchacomic.es\/84ideas\/wp-content\/uploads\/2021\/05\/Fernando_Tarancon_algir_84_ideas_bocadillo.png\" \/>\n<meta name=\"twitter:card\" content=\"summary_large_image\" \/>\n<meta name=\"twitter:label1\" content=\"Tiempo de lectura\" \/>\n\t<meta name=\"twitter:data1\" content=\"1 minuto\" \/>\n<script type=\"application\/ld+json\" class=\"yoast-schema-graph\">{\"@context\":\"https:\\\/\\\/schema.org\",\"@graph\":[{\"@type\":\"WebPage\",\"@id\":\"https:\\\/\\\/manchacomic.es\\\/84ideas\\\/fernando-tarancon\\\/\",\"url\":\"https:\\\/\\\/manchacomic.es\\\/84ideas\\\/fernando-tarancon\\\/\",\"name\":\"Fernando Taranc\u00f3n - 84 Ideas\",\"isPartOf\":{\"@id\":\"https:\\\/\\\/manchacomic.es\\\/84ideas\\\/#website\"},\"primaryImageOfPage\":{\"@id\":\"https:\\\/\\\/manchacomic.es\\\/84ideas\\\/fernando-tarancon\\\/#primaryimage\"},\"image\":{\"@id\":\"https:\\\/\\\/manchacomic.es\\\/84ideas\\\/fernando-tarancon\\\/#primaryimage\"},\"thumbnailUrl\":\"https:\\\/\\\/manchacomic.es\\\/84ideas\\\/wp-content\\\/uploads\\\/2021\\\/05\\\/Fernando_Tarancon_algir_84_ideas_bocadillo.png\",\"datePublished\":\"2021-05-21T11:41:55+00:00\",\"dateModified\":\"2021-05-27T11:57:08+00:00\",\"description\":\"Fernando Taranc\u00f3n. Licenciado en periodismo, trabaja en la librer\u00eda especializada en c\u00f3mic Joker, en Bilbao, desde su fundaci\u00f3n en 1994.\",\"breadcrumb\":{\"@id\":\"https:\\\/\\\/manchacomic.es\\\/84ideas\\\/fernando-tarancon\\\/#breadcrumb\"},\"inLanguage\":\"es\",\"potentialAction\":[{\"@type\":\"ReadAction\",\"target\":[\"https:\\\/\\\/manchacomic.es\\\/84ideas\\\/fernando-tarancon\\\/\"]}]},{\"@type\":\"ImageObject\",\"inLanguage\":\"es\",\"@id\":\"https:\\\/\\\/manchacomic.es\\\/84ideas\\\/fernando-tarancon\\\/#primaryimage\",\"url\":\"https:\\\/\\\/i0.wp.com\\\/manchacomic.es\\\/84ideas\\\/wp-content\\\/uploads\\\/2021\\\/05\\\/Fernando_Tarancon_algir_84_ideas_bocadillo.png?fit=801%2C942&ssl=1\",\"contentUrl\":\"https:\\\/\\\/i0.wp.com\\\/manchacomic.es\\\/84ideas\\\/wp-content\\\/uploads\\\/2021\\\/05\\\/Fernando_Tarancon_algir_84_ideas_bocadillo.png?fit=801%2C942&ssl=1\",\"width\":801,\"height\":942},{\"@type\":\"BreadcrumbList\",\"@id\":\"https:\\\/\\\/manchacomic.es\\\/84ideas\\\/fernando-tarancon\\\/#breadcrumb\",\"itemListElement\":[{\"@type\":\"ListItem\",\"position\":1,\"name\":\"Home\",\"item\":\"https:\\\/\\\/manchacomic.es\\\/84ideas\\\/\"},{\"@type\":\"ListItem\",\"position\":2,\"name\":\"Fernando Taranc\u00f3n\"}]},{\"@type\":\"WebSite\",\"@id\":\"https:\\\/\\\/manchacomic.es\\\/84ideas\\\/#website\",\"url\":\"https:\\\/\\\/manchacomic.es\\\/84ideas\\\/\",\"name\":\"84 Ideas\",\"description\":\"\",\"publisher\":{\"@id\":\"https:\\\/\\\/manchacomic.es\\\/84ideas\\\/#organization\"},\"potentialAction\":[{\"@type\":\"SearchAction\",\"target\":{\"@type\":\"EntryPoint\",\"urlTemplate\":\"https:\\\/\\\/manchacomic.es\\\/84ideas\\\/?s={search_term_string}\"},\"query-input\":{\"@type\":\"PropertyValueSpecification\",\"valueRequired\":true,\"valueName\":\"search_term_string\"}}],\"inLanguage\":\"es\"},{\"@type\":\"Organization\",\"@id\":\"https:\\\/\\\/manchacomic.es\\\/84ideas\\\/#organization\",\"name\":\"84 Ideas\",\"url\":\"https:\\\/\\\/manchacomic.es\\\/84ideas\\\/\",\"logo\":{\"@type\":\"ImageObject\",\"inLanguage\":\"es\",\"@id\":\"https:\\\/\\\/manchacomic.es\\\/84ideas\\\/#\\\/schema\\\/logo\\\/image\\\/\",\"url\":\"https:\\\/\\\/i0.wp.com\\\/manchacomic.es\\\/84ideas\\\/wp-content\\\/uploads\\\/2021\\\/04\\\/84_ideas_logo_version_A_png.png?fit=1818%2C484&ssl=1\",\"contentUrl\":\"https:\\\/\\\/i0.wp.com\\\/manchacomic.es\\\/84ideas\\\/wp-content\\\/uploads\\\/2021\\\/04\\\/84_ideas_logo_version_A_png.png?fit=1818%2C484&ssl=1\",\"width\":1818,\"height\":484,\"caption\":\"84 Ideas\"},\"image\":{\"@id\":\"https:\\\/\\\/manchacomic.es\\\/84ideas\\\/#\\\/schema\\\/logo\\\/image\\\/\"}}]}<\/script>\n<!-- \/ Yoast SEO plugin. -->","yoast_head_json":{"title":"Fernando Taranc\u00f3n - 84 Ideas","description":"Fernando Taranc\u00f3n. Licenciado en periodismo, trabaja en la librer\u00eda especializada en c\u00f3mic Joker, en Bilbao, desde su fundaci\u00f3n en 1994.","robots":{"index":"index","follow":"follow","max-snippet":"max-snippet:-1","max-image-preview":"max-image-preview:large","max-video-preview":"max-video-preview:-1"},"canonical":"https:\/\/manchacomic.es\/84ideas\/fernando-tarancon\/","og_locale":"es_ES","og_type":"article","og_title":"Fernando Taranc\u00f3n - 84 Ideas","og_description":"Fernando Taranc\u00f3n. Licenciado en periodismo, trabaja en la librer\u00eda especializada en c\u00f3mic Joker, en Bilbao, desde su fundaci\u00f3n en 1994.","og_url":"https:\/\/manchacomic.es\/84ideas\/fernando-tarancon\/","og_site_name":"84 Ideas","article_modified_time":"2021-05-27T11:57:08+00:00","og_image":[{"url":"https:\/\/manchacomic.es\/84ideas\/wp-content\/uploads\/2021\/05\/Fernando_Tarancon_algir_84_ideas_bocadillo.png","type":"","width":"","height":""}],"twitter_card":"summary_large_image","twitter_misc":{"Tiempo de lectura":"1 minuto"},"schema":{"@context":"https:\/\/schema.org","@graph":[{"@type":"WebPage","@id":"https:\/\/manchacomic.es\/84ideas\/fernando-tarancon\/","url":"https:\/\/manchacomic.es\/84ideas\/fernando-tarancon\/","name":"Fernando Taranc\u00f3n - 84 Ideas","isPartOf":{"@id":"https:\/\/manchacomic.es\/84ideas\/#website"},"primaryImageOfPage":{"@id":"https:\/\/manchacomic.es\/84ideas\/fernando-tarancon\/#primaryimage"},"image":{"@id":"https:\/\/manchacomic.es\/84ideas\/fernando-tarancon\/#primaryimage"},"thumbnailUrl":"https:\/\/manchacomic.es\/84ideas\/wp-content\/uploads\/2021\/05\/Fernando_Tarancon_algir_84_ideas_bocadillo.png","datePublished":"2021-05-21T11:41:55+00:00","dateModified":"2021-05-27T11:57:08+00:00","description":"Fernando Taranc\u00f3n. Licenciado en periodismo, trabaja en la librer\u00eda especializada en c\u00f3mic Joker, en Bilbao, desde su fundaci\u00f3n en 1994.","breadcrumb":{"@id":"https:\/\/manchacomic.es\/84ideas\/fernando-tarancon\/#breadcrumb"},"inLanguage":"es","potentialAction":[{"@type":"ReadAction","target":["https:\/\/manchacomic.es\/84ideas\/fernando-tarancon\/"]}]},{"@type":"ImageObject","inLanguage":"es","@id":"https:\/\/manchacomic.es\/84ideas\/fernando-tarancon\/#primaryimage","url":"https:\/\/i0.wp.com\/manchacomic.es\/84ideas\/wp-content\/uploads\/2021\/05\/Fernando_Tarancon_algir_84_ideas_bocadillo.png?fit=801%2C942&ssl=1","contentUrl":"https:\/\/i0.wp.com\/manchacomic.es\/84ideas\/wp-content\/uploads\/2021\/05\/Fernando_Tarancon_algir_84_ideas_bocadillo.png?fit=801%2C942&ssl=1","width":801,"height":942},{"@type":"BreadcrumbList","@id":"https:\/\/manchacomic.es\/84ideas\/fernando-tarancon\/#breadcrumb","itemListElement":[{"@type":"ListItem","position":1,"name":"Home","item":"https:\/\/manchacomic.es\/84ideas\/"},{"@type":"ListItem","position":2,"name":"Fernando Taranc\u00f3n"}]},{"@type":"WebSite","@id":"https:\/\/manchacomic.es\/84ideas\/#website","url":"https:\/\/manchacomic.es\/84ideas\/","name":"84 Ideas","description":"","publisher":{"@id":"https:\/\/manchacomic.es\/84ideas\/#organization"},"potentialAction":[{"@type":"SearchAction","target":{"@type":"EntryPoint","urlTemplate":"https:\/\/manchacomic.es\/84ideas\/?s={search_term_string}"},"query-input":{"@type":"PropertyValueSpecification","valueRequired":true,"valueName":"search_term_string"}}],"inLanguage":"es"},{"@type":"Organization","@id":"https:\/\/manchacomic.es\/84ideas\/#organization","name":"84 Ideas","url":"https:\/\/manchacomic.es\/84ideas\/","logo":{"@type":"ImageObject","inLanguage":"es","@id":"https:\/\/manchacomic.es\/84ideas\/#\/schema\/logo\/image\/","url":"https:\/\/i0.wp.com\/manchacomic.es\/84ideas\/wp-content\/uploads\/2021\/04\/84_ideas_logo_version_A_png.png?fit=1818%2C484&ssl=1","contentUrl":"https:\/\/i0.wp.com\/manchacomic.es\/84ideas\/wp-content\/uploads\/2021\/04\/84_ideas_logo_version_A_png.png?fit=1818%2C484&ssl=1","width":1818,"height":484,"caption":"84 Ideas"},"image":{"@id":"https:\/\/manchacomic.es\/84ideas\/#\/schema\/logo\/image\/"}}]}},"uagb_featured_image_src":{"full":false,"thumbnail":false,"medium":false,"medium_large":false,"large":false,"1536x1536":false,"2048x2048":false},"uagb_author_info":{"display_name":false,"author_link":"https:\/\/manchacomic.es\/84ideas\/author\/otxentaykuatro\/"},"uagb_comment_info":0,"uagb_excerpt":"Fernando Taranc\u00f3n Astiberri Ediciones Licenciado en periodismo, trabaja en la librer\u00eda especializada en c\u00f3mic Joker, en Bilbao, desde su fundaci\u00f3n en 1994. Asimismo es editor en Astiberri tambi\u00e9n desde la creaci\u00f3n de la editorial en 2001, donde ha realizado diversos desempe\u00f1os, entre otros dirigir la revista Trama durante su primera, m\u00e1s larga y floja etapa.&hellip;","jetpack_sharing_enabled":false,"_links":{"self":[{"href":"https:\/\/manchacomic.es\/84ideas\/wp-json\/wp\/v2\/pages\/345","targetHints":{"allow":["GET"]}}],"collection":[{"href":"https:\/\/manchacomic.es\/84ideas\/wp-json\/wp\/v2\/pages"}],"about":[{"href":"https:\/\/manchacomic.es\/84ideas\/wp-json\/wp\/v2\/types\/page"}],"author":[{"embeddable":true,"href":"https:\/\/manchacomic.es\/84ideas\/wp-json\/wp\/v2\/users\/1"}],"replies":[{"embeddable":true,"href":"https:\/\/manchacomic.es\/84ideas\/wp-json\/wp\/v2\/comments?post=345"}],"version-history":[{"count":0,"href":"https:\/\/manchacomic.es\/84ideas\/wp-json\/wp\/v2\/pages\/345\/revisions"}],"wp:attachment":[{"href":"https:\/\/manchacomic.es\/84ideas\/wp-json\/wp\/v2\/media?parent=345"}],"curies":[{"name":"wp","href":"https:\/\/api.w.org\/{rel}","templated":true}]}}