{"id":336,"date":"2021-05-20T13:43:01","date_gmt":"2021-05-20T13:43:01","guid":{"rendered":"https:\/\/manchacomic.es\/84ideas\/?page_id=336"},"modified":"2021-05-27T11:56:59","modified_gmt":"2021-05-27T11:56:59","slug":"jorge-argiz-reboiro","status":"publish","type":"page","link":"https:\/\/manchacomic.es\/84ideas\/jorge-argiz-reboiro\/","title":{"rendered":"Jorge Argiz Reboiro"},"content":{"rendered":"\n<div style=\"height:10px\" aria-hidden=\"true\" class=\"wp-block-spacer\"><\/div>\n\n\n\n<div class=\"wp-block-columns is-layout-flex wp-container-core-columns-is-layout-8f761849 wp-block-columns-is-layout-flex\">\n<div class=\"wp-block-column is-layout-flow wp-block-column-is-layout-flow\" style=\"flex-basis:33.33%\">\n<div class=\"wp-block-image\"><figure class=\"aligncenter size-large\"><img data-recalc-dims=\"1\" loading=\"lazy\" decoding=\"async\" width=\"801\" height=\"942\" src=\"https:\/\/i0.wp.com\/manchacomic.es\/84ideas\/wp-content\/uploads\/2021\/05\/Jorge_ivan_algir_84_ideas_bocadillo_2021.png?resize=801%2C942&#038;ssl=1\" alt=\"\" class=\"wp-image-401\" srcset=\"https:\/\/i0.wp.com\/manchacomic.es\/84ideas\/wp-content\/uploads\/2021\/05\/Jorge_ivan_algir_84_ideas_bocadillo_2021.png?w=801&amp;ssl=1 801w, https:\/\/i0.wp.com\/manchacomic.es\/84ideas\/wp-content\/uploads\/2021\/05\/Jorge_ivan_algir_84_ideas_bocadillo_2021.png?resize=255%2C300&amp;ssl=1 255w, https:\/\/i0.wp.com\/manchacomic.es\/84ideas\/wp-content\/uploads\/2021\/05\/Jorge_ivan_algir_84_ideas_bocadillo_2021.png?resize=768%2C903&amp;ssl=1 768w\" sizes=\"auto, (max-width: 801px) 100vw, 801px\" \/><\/figure><\/div>\n\n\n\n<p class=\"has-text-align-center wp-block-paragraph\"><strong><strong>Jorge Argiz Reboiro<\/strong><\/strong><\/p>\n\n\n\n<p class=\"has-text-align-center wp-block-paragraph\">Jornadas Internacionales del C\u00f3mic Villa de Avil\u00e9s<\/p>\n<\/div>\n\n\n\n<div class=\"wp-block-column is-layout-flow wp-block-column-is-layout-flow\" style=\"flex-basis:66.66%\">\n<p class=\"wp-block-paragraph\">Asturiano nacido en Galicia, Jorge Iv\u00e1n Argiz es el actual director de las Jornadas Internacionales del C\u00f3mic Villa de Avil\u00e9s y del festival Celsius 232, que este 2021 alcanzar\u00e1n su edici\u00f3n 26\u00aa y 10\u00aa respectivamente. Ha trabajado en el encuentro cultural de la Semana Negra de Gij\u00f3n m\u00e1s de quince a\u00f1os, ha sido el programador del Festival Internacional de Cine de Gij\u00f3n de 2012 a 2017, creador y director del Certamen Nacional de Cortometrajes de Avil\u00e9s en sus diez primera ediciones y, entre otros muchos eventos en los que ha colaborado, est\u00e1n la Semana de Terror de San Sebasti\u00e1n, la Mostra de Valencia, UNICOMIC, El Sal\u00f3n del C\u00f3mic de Getxo&nbsp; y un largo etc\u00e9tera\u2026<\/p>\n\n\n\n<p class=\"wp-block-paragraph\">En c\u00f3mic adem\u00e1s fue el cofundador de Dude C\u00f3mic, editorial pionera a principio de siglo (premio Emprendedor del A\u00f1o dela ciudad de Avil\u00e9s) y actualmente colabora con la editorial Dolmen coordinando varias l\u00edneas de literatura y de C\u00f3mic, adem\u00e1s de ejercer la divulgaci\u00f3n en diversos medios escritos desde su posici\u00f3n como miembro de la ACDComic. Habitual promotor de exposiciones y de otros eventos, tambi\u00e9n realiza desde hace varios a\u00f1os tiras de prensa para el diario El Comercio.<\/p>\n<\/div>\n<\/div>\n\n\n\n<div class=\"wp-block-columns is-layout-flex wp-container-core-columns-is-layout-8f761849 wp-block-columns-is-layout-flex\">\n<div class=\"wp-block-column is-vertically-aligned-top is-layout-flow wp-block-column-is-layout-flow\">\n<div class=\"wp-block-buttons is-content-justification-right is-layout-flex wp-block-buttons-is-layout-flex\">\n<div class=\"wp-block-button is-style-outline is-style-outline--1\"><a class=\"wp-block-button__link has-white-background-color has-text-color has-background\" href=\"https:\/\/manchacomic.es\/84ideas\/programacion\/\" style=\"color:#85275c\">VER PROGRAMACI\u00d3N 2021<\/a><\/div>\n<\/div>\n\n\n\n<p class=\"wp-block-paragraph\"><\/p>\n<\/div>\n\n\n\n<div class=\"wp-block-column is-vertically-aligned-top is-layout-flow wp-block-column-is-layout-flow\">\n<div class=\"wp-block-buttons is-content-justification-left is-layout-flex wp-block-buttons-is-layout-flex\">\n<div class=\"wp-block-button is-style-outline is-style-outline--2\"><a class=\"wp-block-button__link has-white-background-color has-text-color has-background\" href=\"https:\/\/manchacomic.es\/84ideas\/invitados-as\/\" style=\"color:#85275c\">OTROS\/AS INVITADOS\/AS<\/a><\/div>\n<\/div>\n<\/div>\n<\/div>\n","protected":false},"excerpt":{"rendered":"<p>Jorge Argiz Reboiro Jornadas Internacionales del C\u00f3mic Villa de Avil\u00e9s Asturiano nacido en Galicia, Jorge Iv\u00e1n Argiz es el actual director de las Jornadas Internacionales del C\u00f3mic Villa de Avil\u00e9s y del festival Celsius 232, que este 2021 alcanzar\u00e1n su edici\u00f3n 26\u00aa y 10\u00aa respectivamente. Ha trabajado en el encuentro cultural de la Semana Negra &#8230; <a title=\"Jorge Argiz Reboiro\" class=\"read-more\" href=\"https:\/\/manchacomic.es\/84ideas\/jorge-argiz-reboiro\/\" aria-label=\"Leer m\u00e1s sobre Jorge Argiz Reboiro\">Leer m\u00e1s<\/a><\/p>\n","protected":false},"author":1,"featured_media":0,"parent":0,"menu_order":0,"comment_status":"closed","ping_status":"closed","template":"","meta":{"om_disable_all_campaigns":false,"_uag_custom_page_level_css":"","_monsterinsights_skip_tracking":false,"_uf_show_specific_survey":0,"_uf_disable_surveys":false,"footnotes":""},"class_list":["post-336","page","type-page","status-publish"],"yoast_head":"<!-- This site is optimized with the Yoast SEO plugin v28.3 - https:\/\/yoast.com\/product\/yoast-seo-wordpress\/ -->\n<title>Jorge Argiz Reboiro - 84 Ideas<\/title>\n<meta name=\"description\" content=\"Jorge Argiz Reboiro. Junto a Andrea Parissi, y \u00c1ngel de la Calle fund\u00f3 las Jornadas del C\u00f3mic Villa de Avil\u00e9s en 1996.\" \/>\n<meta name=\"robots\" content=\"index, follow, max-snippet:-1, max-image-preview:large, max-video-preview:-1\" \/>\n<link rel=\"canonical\" href=\"https:\/\/manchacomic.es\/84ideas\/jorge-argiz-reboiro\/\" \/>\n<meta property=\"og:locale\" content=\"es_ES\" \/>\n<meta property=\"og:type\" content=\"article\" \/>\n<meta property=\"og:title\" content=\"Jorge Argiz Reboiro - 84 Ideas\" \/>\n<meta property=\"og:description\" content=\"Jorge Argiz Reboiro. Junto a Andrea Parissi, y \u00c1ngel de la Calle fund\u00f3 las Jornadas del C\u00f3mic Villa de Avil\u00e9s en 1996.\" \/>\n<meta property=\"og:url\" content=\"https:\/\/manchacomic.es\/84ideas\/jorge-argiz-reboiro\/\" \/>\n<meta property=\"og:site_name\" content=\"84 Ideas\" \/>\n<meta property=\"article:modified_time\" content=\"2021-05-27T11:56:59+00:00\" \/>\n<meta property=\"og:image\" content=\"https:\/\/manchacomic.es\/84ideas\/wp-content\/uploads\/2021\/05\/Jorge_ivan_algir_84_ideas_bocadillo_2021.png\" \/>\n<meta name=\"twitter:card\" content=\"summary_large_image\" \/>\n<meta name=\"twitter:label1\" content=\"Tiempo de lectura\" \/>\n\t<meta name=\"twitter:data1\" content=\"2 minutos\" \/>\n<script type=\"application\/ld+json\" class=\"yoast-schema-graph\">{\"@context\":\"https:\\\/\\\/schema.org\",\"@graph\":[{\"@type\":\"WebPage\",\"@id\":\"https:\\\/\\\/manchacomic.es\\\/84ideas\\\/jorge-argiz-reboiro\\\/\",\"url\":\"https:\\\/\\\/manchacomic.es\\\/84ideas\\\/jorge-argiz-reboiro\\\/\",\"name\":\"Jorge Argiz Reboiro - 84 Ideas\",\"isPartOf\":{\"@id\":\"https:\\\/\\\/manchacomic.es\\\/84ideas\\\/#website\"},\"primaryImageOfPage\":{\"@id\":\"https:\\\/\\\/manchacomic.es\\\/84ideas\\\/jorge-argiz-reboiro\\\/#primaryimage\"},\"image\":{\"@id\":\"https:\\\/\\\/manchacomic.es\\\/84ideas\\\/jorge-argiz-reboiro\\\/#primaryimage\"},\"thumbnailUrl\":\"https:\\\/\\\/manchacomic.es\\\/84ideas\\\/wp-content\\\/uploads\\\/2021\\\/05\\\/Jorge_ivan_algir_84_ideas_bocadillo_2021.png\",\"datePublished\":\"2021-05-20T13:43:01+00:00\",\"dateModified\":\"2021-05-27T11:56:59+00:00\",\"description\":\"Jorge Argiz Reboiro. Junto a Andrea Parissi, y \u00c1ngel de la Calle fund\u00f3 las Jornadas del C\u00f3mic Villa de Avil\u00e9s en 1996.\",\"breadcrumb\":{\"@id\":\"https:\\\/\\\/manchacomic.es\\\/84ideas\\\/jorge-argiz-reboiro\\\/#breadcrumb\"},\"inLanguage\":\"es\",\"potentialAction\":[{\"@type\":\"ReadAction\",\"target\":[\"https:\\\/\\\/manchacomic.es\\\/84ideas\\\/jorge-argiz-reboiro\\\/\"]}]},{\"@type\":\"ImageObject\",\"inLanguage\":\"es\",\"@id\":\"https:\\\/\\\/manchacomic.es\\\/84ideas\\\/jorge-argiz-reboiro\\\/#primaryimage\",\"url\":\"https:\\\/\\\/i0.wp.com\\\/manchacomic.es\\\/84ideas\\\/wp-content\\\/uploads\\\/2021\\\/05\\\/Jorge_ivan_algir_84_ideas_bocadillo_2021.png?fit=801%2C942&ssl=1\",\"contentUrl\":\"https:\\\/\\\/i0.wp.com\\\/manchacomic.es\\\/84ideas\\\/wp-content\\\/uploads\\\/2021\\\/05\\\/Jorge_ivan_algir_84_ideas_bocadillo_2021.png?fit=801%2C942&ssl=1\",\"width\":801,\"height\":942},{\"@type\":\"BreadcrumbList\",\"@id\":\"https:\\\/\\\/manchacomic.es\\\/84ideas\\\/jorge-argiz-reboiro\\\/#breadcrumb\",\"itemListElement\":[{\"@type\":\"ListItem\",\"position\":1,\"name\":\"Home\",\"item\":\"https:\\\/\\\/manchacomic.es\\\/84ideas\\\/\"},{\"@type\":\"ListItem\",\"position\":2,\"name\":\"Jorge Argiz Reboiro\"}]},{\"@type\":\"WebSite\",\"@id\":\"https:\\\/\\\/manchacomic.es\\\/84ideas\\\/#website\",\"url\":\"https:\\\/\\\/manchacomic.es\\\/84ideas\\\/\",\"name\":\"84 Ideas\",\"description\":\"\",\"publisher\":{\"@id\":\"https:\\\/\\\/manchacomic.es\\\/84ideas\\\/#organization\"},\"potentialAction\":[{\"@type\":\"SearchAction\",\"target\":{\"@type\":\"EntryPoint\",\"urlTemplate\":\"https:\\\/\\\/manchacomic.es\\\/84ideas\\\/?s={search_term_string}\"},\"query-input\":{\"@type\":\"PropertyValueSpecification\",\"valueRequired\":true,\"valueName\":\"search_term_string\"}}],\"inLanguage\":\"es\"},{\"@type\":\"Organization\",\"@id\":\"https:\\\/\\\/manchacomic.es\\\/84ideas\\\/#organization\",\"name\":\"84 Ideas\",\"url\":\"https:\\\/\\\/manchacomic.es\\\/84ideas\\\/\",\"logo\":{\"@type\":\"ImageObject\",\"inLanguage\":\"es\",\"@id\":\"https:\\\/\\\/manchacomic.es\\\/84ideas\\\/#\\\/schema\\\/logo\\\/image\\\/\",\"url\":\"https:\\\/\\\/i0.wp.com\\\/manchacomic.es\\\/84ideas\\\/wp-content\\\/uploads\\\/2021\\\/04\\\/84_ideas_logo_version_A_png.png?fit=1818%2C484&ssl=1\",\"contentUrl\":\"https:\\\/\\\/i0.wp.com\\\/manchacomic.es\\\/84ideas\\\/wp-content\\\/uploads\\\/2021\\\/04\\\/84_ideas_logo_version_A_png.png?fit=1818%2C484&ssl=1\",\"width\":1818,\"height\":484,\"caption\":\"84 Ideas\"},\"image\":{\"@id\":\"https:\\\/\\\/manchacomic.es\\\/84ideas\\\/#\\\/schema\\\/logo\\\/image\\\/\"}}]}<\/script>\n<!-- \/ Yoast SEO plugin. -->","yoast_head_json":{"title":"Jorge Argiz Reboiro - 84 Ideas","description":"Jorge Argiz Reboiro. Junto a Andrea Parissi, y \u00c1ngel de la Calle fund\u00f3 las Jornadas del C\u00f3mic Villa de Avil\u00e9s en 1996.","robots":{"index":"index","follow":"follow","max-snippet":"max-snippet:-1","max-image-preview":"max-image-preview:large","max-video-preview":"max-video-preview:-1"},"canonical":"https:\/\/manchacomic.es\/84ideas\/jorge-argiz-reboiro\/","og_locale":"es_ES","og_type":"article","og_title":"Jorge Argiz Reboiro - 84 Ideas","og_description":"Jorge Argiz Reboiro. Junto a Andrea Parissi, y \u00c1ngel de la Calle fund\u00f3 las Jornadas del C\u00f3mic Villa de Avil\u00e9s en 1996.","og_url":"https:\/\/manchacomic.es\/84ideas\/jorge-argiz-reboiro\/","og_site_name":"84 Ideas","article_modified_time":"2021-05-27T11:56:59+00:00","og_image":[{"url":"https:\/\/manchacomic.es\/84ideas\/wp-content\/uploads\/2021\/05\/Jorge_ivan_algir_84_ideas_bocadillo_2021.png","type":"","width":"","height":""}],"twitter_card":"summary_large_image","twitter_misc":{"Tiempo de lectura":"2 minutos"},"schema":{"@context":"https:\/\/schema.org","@graph":[{"@type":"WebPage","@id":"https:\/\/manchacomic.es\/84ideas\/jorge-argiz-reboiro\/","url":"https:\/\/manchacomic.es\/84ideas\/jorge-argiz-reboiro\/","name":"Jorge Argiz Reboiro - 84 Ideas","isPartOf":{"@id":"https:\/\/manchacomic.es\/84ideas\/#website"},"primaryImageOfPage":{"@id":"https:\/\/manchacomic.es\/84ideas\/jorge-argiz-reboiro\/#primaryimage"},"image":{"@id":"https:\/\/manchacomic.es\/84ideas\/jorge-argiz-reboiro\/#primaryimage"},"thumbnailUrl":"https:\/\/manchacomic.es\/84ideas\/wp-content\/uploads\/2021\/05\/Jorge_ivan_algir_84_ideas_bocadillo_2021.png","datePublished":"2021-05-20T13:43:01+00:00","dateModified":"2021-05-27T11:56:59+00:00","description":"Jorge Argiz Reboiro. Junto a Andrea Parissi, y \u00c1ngel de la Calle fund\u00f3 las Jornadas del C\u00f3mic Villa de Avil\u00e9s en 1996.","breadcrumb":{"@id":"https:\/\/manchacomic.es\/84ideas\/jorge-argiz-reboiro\/#breadcrumb"},"inLanguage":"es","potentialAction":[{"@type":"ReadAction","target":["https:\/\/manchacomic.es\/84ideas\/jorge-argiz-reboiro\/"]}]},{"@type":"ImageObject","inLanguage":"es","@id":"https:\/\/manchacomic.es\/84ideas\/jorge-argiz-reboiro\/#primaryimage","url":"https:\/\/i0.wp.com\/manchacomic.es\/84ideas\/wp-content\/uploads\/2021\/05\/Jorge_ivan_algir_84_ideas_bocadillo_2021.png?fit=801%2C942&ssl=1","contentUrl":"https:\/\/i0.wp.com\/manchacomic.es\/84ideas\/wp-content\/uploads\/2021\/05\/Jorge_ivan_algir_84_ideas_bocadillo_2021.png?fit=801%2C942&ssl=1","width":801,"height":942},{"@type":"BreadcrumbList","@id":"https:\/\/manchacomic.es\/84ideas\/jorge-argiz-reboiro\/#breadcrumb","itemListElement":[{"@type":"ListItem","position":1,"name":"Home","item":"https:\/\/manchacomic.es\/84ideas\/"},{"@type":"ListItem","position":2,"name":"Jorge Argiz Reboiro"}]},{"@type":"WebSite","@id":"https:\/\/manchacomic.es\/84ideas\/#website","url":"https:\/\/manchacomic.es\/84ideas\/","name":"84 Ideas","description":"","publisher":{"@id":"https:\/\/manchacomic.es\/84ideas\/#organization"},"potentialAction":[{"@type":"SearchAction","target":{"@type":"EntryPoint","urlTemplate":"https:\/\/manchacomic.es\/84ideas\/?s={search_term_string}"},"query-input":{"@type":"PropertyValueSpecification","valueRequired":true,"valueName":"search_term_string"}}],"inLanguage":"es"},{"@type":"Organization","@id":"https:\/\/manchacomic.es\/84ideas\/#organization","name":"84 Ideas","url":"https:\/\/manchacomic.es\/84ideas\/","logo":{"@type":"ImageObject","inLanguage":"es","@id":"https:\/\/manchacomic.es\/84ideas\/#\/schema\/logo\/image\/","url":"https:\/\/i0.wp.com\/manchacomic.es\/84ideas\/wp-content\/uploads\/2021\/04\/84_ideas_logo_version_A_png.png?fit=1818%2C484&ssl=1","contentUrl":"https:\/\/i0.wp.com\/manchacomic.es\/84ideas\/wp-content\/uploads\/2021\/04\/84_ideas_logo_version_A_png.png?fit=1818%2C484&ssl=1","width":1818,"height":484,"caption":"84 Ideas"},"image":{"@id":"https:\/\/manchacomic.es\/84ideas\/#\/schema\/logo\/image\/"}}]}},"uagb_featured_image_src":{"full":false,"thumbnail":false,"medium":false,"medium_large":false,"large":false,"1536x1536":false,"2048x2048":false},"uagb_author_info":{"display_name":false,"author_link":"https:\/\/manchacomic.es\/84ideas\/author\/otxentaykuatro\/"},"uagb_comment_info":0,"uagb_excerpt":"Jorge Argiz Reboiro Jornadas Internacionales del C\u00f3mic Villa de Avil\u00e9s Asturiano nacido en Galicia, Jorge Iv\u00e1n Argiz es el actual director de las Jornadas Internacionales del C\u00f3mic Villa de Avil\u00e9s y del festival Celsius 232, que este 2021 alcanzar\u00e1n su edici\u00f3n 26\u00aa y 10\u00aa respectivamente. Ha trabajado en el encuentro cultural de la Semana Negra&hellip;","jetpack_sharing_enabled":false,"_links":{"self":[{"href":"https:\/\/manchacomic.es\/84ideas\/wp-json\/wp\/v2\/pages\/336","targetHints":{"allow":["GET"]}}],"collection":[{"href":"https:\/\/manchacomic.es\/84ideas\/wp-json\/wp\/v2\/pages"}],"about":[{"href":"https:\/\/manchacomic.es\/84ideas\/wp-json\/wp\/v2\/types\/page"}],"author":[{"embeddable":true,"href":"https:\/\/manchacomic.es\/84ideas\/wp-json\/wp\/v2\/users\/1"}],"replies":[{"embeddable":true,"href":"https:\/\/manchacomic.es\/84ideas\/wp-json\/wp\/v2\/comments?post=336"}],"version-history":[{"count":0,"href":"https:\/\/manchacomic.es\/84ideas\/wp-json\/wp\/v2\/pages\/336\/revisions"}],"wp:attachment":[{"href":"https:\/\/manchacomic.es\/84ideas\/wp-json\/wp\/v2\/media?parent=336"}],"curies":[{"name":"wp","href":"https:\/\/api.w.org\/{rel}","templated":true}]}}