{"id":261,"date":"2021-05-17T18:39:06","date_gmt":"2021-05-17T18:39:06","guid":{"rendered":"https:\/\/manchacomic.es\/84ideas\/?page_id=261"},"modified":"2021-05-27T11:55:41","modified_gmt":"2021-05-27T11:55:41","slug":"paco-roca","status":"publish","type":"page","link":"https:\/\/manchacomic.es\/84ideas\/paco-roca\/","title":{"rendered":"Paco Roca"},"content":{"rendered":"\n<div style=\"height:10px\" aria-hidden=\"true\" class=\"wp-block-spacer\"><\/div>\n\n\n\n<div class=\"wp-block-columns is-layout-flex wp-container-core-columns-is-layout-8f761849 wp-block-columns-is-layout-flex\">\n<div class=\"wp-block-column is-layout-flow wp-block-column-is-layout-flow\" style=\"flex-basis:33.33%\">\n<div class=\"wp-block-image\"><figure class=\"aligncenter size-large\"><img data-recalc-dims=\"1\" loading=\"lazy\" decoding=\"async\" width=\"801\" height=\"942\" src=\"https:\/\/i0.wp.com\/manchacomic.es\/84ideas\/wp-content\/uploads\/2021\/05\/Paco_roca_84_ideas_bocadillo.png?resize=801%2C942&#038;ssl=1\" alt=\"\" class=\"wp-image-260\" srcset=\"https:\/\/i0.wp.com\/manchacomic.es\/84ideas\/wp-content\/uploads\/2021\/05\/Paco_roca_84_ideas_bocadillo.png?w=801&amp;ssl=1 801w, https:\/\/i0.wp.com\/manchacomic.es\/84ideas\/wp-content\/uploads\/2021\/05\/Paco_roca_84_ideas_bocadillo.png?resize=255%2C300&amp;ssl=1 255w, https:\/\/i0.wp.com\/manchacomic.es\/84ideas\/wp-content\/uploads\/2021\/05\/Paco_roca_84_ideas_bocadillo.png?resize=768%2C903&amp;ssl=1 768w\" sizes=\"auto, (max-width: 801px) 100vw, 801px\" \/><\/figure><\/div>\n\n\n\n<p class=\"has-text-align-center wp-block-paragraph\"><strong><strong><strong>Paco Roca<\/strong><\/strong><\/strong><\/p>\n\n\n\n<p class=\"has-text-align-center wp-block-paragraph\">Premio nacional del c\u00f3mic 2008<\/p>\n<\/div>\n\n\n\n<div class=\"wp-block-column is-layout-flow wp-block-column-is-layout-flow\" style=\"flex-basis:66.66%\">\n<p class=\"wp-block-paragraph\">Paco Roca estudi\u00f3 en la Escuela de Arte y Superior de Dise\u00f1o de Valencia. Aunque su trabajo se centra en los c\u00f3mics, compagina su tiempo con la ilustraci\u00f3n y las charlas y talleres.<\/p>\n\n\n\n<p class=\"wp-block-paragraph\">En el terreno de los c\u00f3mics, su obra se ha traducido a una docena de pa\u00edses. Entre su bibliograf\u00eda destaca&nbsp;<strong>El juego l\u00fagubre<\/strong>&nbsp;(2001);&nbsp;<strong>El Faro<\/strong>&nbsp;(2004) Premio Diario de avisos al mejor guion realista;&nbsp;<strong>Arrugas<\/strong>&nbsp;(2007), Premio Nacional de C\u00f3mic 2008, Premio del Sal\u00f3n del C\u00f3mic de Barcelona, Premio Dolmen de la cr\u00edtica, Premio Madrid Expoc\u00f3mic, Gran Premio Romics de Roma, Premio Gran Guinigi de Lucca, Excellence Award del Japan Media Art Festival, nominado a los premios Eisner;&nbsp;<strong>Las calles de arena<\/strong>&nbsp;(2008);<strong>&nbsp;El invierno del dibujante<\/strong>&nbsp;(2010), Premio del Sal\u00f3 del C\u00f3mic de Barcelona, Premio Madrid Expoc\u00f3mic, Premio Treviso Comic Book Festival; la trilog\u00eda&nbsp;<strong>Un hombre en pijama<\/strong>, (<strong>Memorias de un hombre en pijama<\/strong>&nbsp;(2011),&nbsp;<strong>Andanzas de un hombre en pijama<\/strong>&nbsp;(2014) y&nbsp;<strong>Confesiones de un hombre en pijama<\/strong>&nbsp;(2017), recopilaci\u00f3n de las p\u00e1ginas aparecidas en el peri\u00f3dico Las Provincias y El Pa\u00eds Semanal;&nbsp;<strong>Los surcos del azar<\/strong>&nbsp;(2013), Premio del Sal\u00f3n del C\u00f3mic de Barcelona, Premio Zona C\u00f3mic, Premio de la cr\u00edtica, Premio del Sal\u00f3n del c\u00f3mic de Zaragoza, Premio Mandarache de Cartagena, Finalista al Premio Libro del A\u00f1o, Gran Premio Romics;&nbsp;<strong>La casa<\/strong>&nbsp;(2015),&nbsp; Eisner a la mejor obra extranjera 2020, Premio Zona C\u00f3mic, Gran Premio Romics, Premio Comic Con Portugal, Estrella al c\u00f3mic m\u00e1s destacado por el peri\u00f3dico de la capital francesa Le Parisien;&nbsp;<strong>La encrucijada<\/strong>&nbsp;(2017), colaboraci\u00f3n con el m\u00fasico Jos\u00e9 Manuel Casa\u00f1 (Seguridad Social),&nbsp;<strong>El tesoro del Cisne Negro<\/strong>&nbsp;(2018) con guion de Guillermo Corral, Premio Splash Sagunt, Premio Heroes Comic de Madrid;&nbsp;<strong>El Dibuixat<\/strong>&nbsp;(2019) creado para las paredes del Instituto Valenciano de Arte Moderno, IVAM.<\/p>\n\n\n\n<p class=\"wp-block-paragraph\">En 2019 recibi\u00f3 el Inkpot Award en la Comic Con de San Diego. Tambi\u00e9n el mismo a\u00f1o el premio Gr\u00e1ffica de Valencia.<\/p>\n\n\n\n<p class=\"wp-block-paragraph\">Algunos de sus c\u00f3mics han sido llevados al cine como es el caso de&nbsp;<strong>Arrugas<\/strong>&nbsp;(Ignacio Ferreras, 2011) que obtuvo el Goya a la mejor pel\u00edcula de animaci\u00f3n y al mejor guion adaptado; o&nbsp;<strong>Memorias de un hombre en pijama<\/strong>. Y otros est\u00e1n en proyecto, como es el caso de&nbsp;<strong>El tesoro del Cisne Negro<\/strong>, dirigida por Alejandro Amenabar.<\/p>\n\n\n\n<p class=\"wp-block-paragraph\">En el \u00e1mbito de la ilustraci\u00f3n, ha realizado carteles, portadas de libros, murales y campa\u00f1as sociales, para todo tipo de eventos, publicaciones o clientes, en especial organizaciones no gubernamentales como Oxfam Interm\u00f3n, Greenpeace, Amnist\u00eda Internacional, Cruz Roja, Farmamundi\u2026<\/p>\n\n\n\n<p class=\"wp-block-paragraph\">Imparte charlas y Talleres por toda Espa\u00f1a y fuera de nuestro pa\u00eds, ha colaborado con la Fundaci\u00f3n Germ\u00e1n Ruip\u00e9rez, El placer de leer, de la Diputaci\u00f3n de Sevilla, la Fundaci\u00f3n La Caixa, El Instituto Cervantes\u2026<\/p>\n\n\n\n<p class=\"wp-block-paragraph\">Ha sido tertuliano de radio junto a Pepa Fern\u00e1ndez en RNE y colaborador del programa Abierto a mediod\u00eda de Ram\u00f3n Palomar en la emisora de Valencia 99.9.<\/p>\n\n\n\n<p class=\"wp-block-paragraph\">Se han realizado numerosas muestras e instituciones que incluyen el MuVim de Valencia, la Fundaci\u00f3n Telef\u00f3nica de Madrid, Las Naves de Valencia, el Centro de Historias de Zaragoza, el Sal\u00f3n Internacional del C\u00f3mic de Barcelona o el Festival Internacional de Bande Dessin\u00e9e de Angoul\u00eame, el IVAM de Valencia\u2026<\/p>\n\n\n\n<p class=\"wp-block-paragraph\">En 2016 fue nombrado hijo predilecto de su ciudad, Valencia.<\/p>\n<\/div>\n<\/div>\n\n\n\n<div class=\"wp-block-columns is-layout-flex wp-container-core-columns-is-layout-8f761849 wp-block-columns-is-layout-flex\">\n<div class=\"wp-block-column is-vertically-aligned-top is-layout-flow wp-block-column-is-layout-flow\">\n<div class=\"wp-block-buttons is-content-justification-right is-layout-flex wp-block-buttons-is-layout-flex\">\n<div class=\"wp-block-button is-style-outline is-style-outline--1\"><a class=\"wp-block-button__link has-white-background-color has-text-color has-background\" href=\"https:\/\/manchacomic.es\/84ideas\/programacion\/\" style=\"color:#85275c\">VER PROGRAMACI\u00d3N 2021<\/a><\/div>\n<\/div>\n\n\n\n<p class=\"wp-block-paragraph\"><\/p>\n<\/div>\n\n\n\n<div class=\"wp-block-column is-vertically-aligned-top is-layout-flow wp-block-column-is-layout-flow\">\n<div class=\"wp-block-buttons is-content-justification-left is-layout-flex wp-block-buttons-is-layout-flex\">\n<div class=\"wp-block-button is-style-outline is-style-outline--2\"><a class=\"wp-block-button__link has-white-background-color has-text-color has-background\" href=\"https:\/\/manchacomic.es\/84ideas\/invitados-as\/\" style=\"color:#85275c\">OTROS\/AS INVITADOS\/AS<\/a><\/div>\n<\/div>\n<\/div>\n<\/div>\n","protected":false},"excerpt":{"rendered":"<p>Paco Roca Premio nacional del c\u00f3mic 2008 Paco Roca estudi\u00f3 en la Escuela de Arte y Superior de Dise\u00f1o de Valencia. Aunque su trabajo se centra en los c\u00f3mics, compagina su tiempo con la ilustraci\u00f3n y las charlas y talleres. En el terreno de los c\u00f3mics, su obra se ha traducido a una docena de &#8230; <a title=\"Paco Roca\" class=\"read-more\" href=\"https:\/\/manchacomic.es\/84ideas\/paco-roca\/\" aria-label=\"Leer m\u00e1s sobre Paco Roca\">Leer m\u00e1s<\/a><\/p>\n","protected":false},"author":1,"featured_media":0,"parent":0,"menu_order":0,"comment_status":"closed","ping_status":"closed","template":"","meta":{"om_disable_all_campaigns":false,"_uag_custom_page_level_css":"","_monsterinsights_skip_tracking":false,"_uf_show_specific_survey":0,"_uf_disable_surveys":false,"footnotes":""},"class_list":["post-261","page","type-page","status-publish"],"yoast_head":"<!-- This site is optimized with the Yoast SEO plugin v28.3 - https:\/\/yoast.com\/product\/yoast-seo-wordpress\/ -->\n<title>Paco Roca - 84 Ideas<\/title>\n<meta name=\"description\" content=\"Paco Roca. Su trabajo se centra en los c\u00f3mics, compagina su tiempo con la ilustraci\u00f3n y las charlas y talleres.\" \/>\n<meta name=\"robots\" content=\"index, follow, max-snippet:-1, max-image-preview:large, max-video-preview:-1\" \/>\n<link rel=\"canonical\" href=\"https:\/\/manchacomic.es\/84ideas\/paco-roca\/\" \/>\n<meta property=\"og:locale\" content=\"es_ES\" \/>\n<meta property=\"og:type\" content=\"article\" \/>\n<meta property=\"og:title\" content=\"Paco Roca - 84 Ideas\" \/>\n<meta property=\"og:description\" content=\"Paco Roca. Su trabajo se centra en los c\u00f3mics, compagina su tiempo con la ilustraci\u00f3n y las charlas y talleres.\" \/>\n<meta property=\"og:url\" content=\"https:\/\/manchacomic.es\/84ideas\/paco-roca\/\" \/>\n<meta property=\"og:site_name\" content=\"84 Ideas\" \/>\n<meta property=\"article:modified_time\" content=\"2021-05-27T11:55:41+00:00\" \/>\n<meta property=\"og:image\" content=\"https:\/\/manchacomic.es\/84ideas\/wp-content\/uploads\/2021\/05\/Paco_roca_84_ideas_bocadillo.png\" \/>\n<meta name=\"twitter:card\" content=\"summary_large_image\" \/>\n<meta name=\"twitter:label1\" content=\"Tiempo de lectura\" \/>\n\t<meta name=\"twitter:data1\" content=\"3 minutos\" \/>\n<script type=\"application\/ld+json\" class=\"yoast-schema-graph\">{\"@context\":\"https:\\\/\\\/schema.org\",\"@graph\":[{\"@type\":\"WebPage\",\"@id\":\"https:\\\/\\\/manchacomic.es\\\/84ideas\\\/paco-roca\\\/\",\"url\":\"https:\\\/\\\/manchacomic.es\\\/84ideas\\\/paco-roca\\\/\",\"name\":\"Paco Roca - 84 Ideas\",\"isPartOf\":{\"@id\":\"https:\\\/\\\/manchacomic.es\\\/84ideas\\\/#website\"},\"primaryImageOfPage\":{\"@id\":\"https:\\\/\\\/manchacomic.es\\\/84ideas\\\/paco-roca\\\/#primaryimage\"},\"image\":{\"@id\":\"https:\\\/\\\/manchacomic.es\\\/84ideas\\\/paco-roca\\\/#primaryimage\"},\"thumbnailUrl\":\"https:\\\/\\\/manchacomic.es\\\/84ideas\\\/wp-content\\\/uploads\\\/2021\\\/05\\\/Paco_roca_84_ideas_bocadillo.png\",\"datePublished\":\"2021-05-17T18:39:06+00:00\",\"dateModified\":\"2021-05-27T11:55:41+00:00\",\"description\":\"Paco Roca. Su trabajo se centra en los c\u00f3mics, compagina su tiempo con la ilustraci\u00f3n y las charlas y talleres.\",\"breadcrumb\":{\"@id\":\"https:\\\/\\\/manchacomic.es\\\/84ideas\\\/paco-roca\\\/#breadcrumb\"},\"inLanguage\":\"es\",\"potentialAction\":[{\"@type\":\"ReadAction\",\"target\":[\"https:\\\/\\\/manchacomic.es\\\/84ideas\\\/paco-roca\\\/\"]}]},{\"@type\":\"ImageObject\",\"inLanguage\":\"es\",\"@id\":\"https:\\\/\\\/manchacomic.es\\\/84ideas\\\/paco-roca\\\/#primaryimage\",\"url\":\"https:\\\/\\\/i0.wp.com\\\/manchacomic.es\\\/84ideas\\\/wp-content\\\/uploads\\\/2021\\\/05\\\/Paco_roca_84_ideas_bocadillo.png?fit=801%2C942&ssl=1\",\"contentUrl\":\"https:\\\/\\\/i0.wp.com\\\/manchacomic.es\\\/84ideas\\\/wp-content\\\/uploads\\\/2021\\\/05\\\/Paco_roca_84_ideas_bocadillo.png?fit=801%2C942&ssl=1\",\"width\":801,\"height\":942},{\"@type\":\"BreadcrumbList\",\"@id\":\"https:\\\/\\\/manchacomic.es\\\/84ideas\\\/paco-roca\\\/#breadcrumb\",\"itemListElement\":[{\"@type\":\"ListItem\",\"position\":1,\"name\":\"Home\",\"item\":\"https:\\\/\\\/manchacomic.es\\\/84ideas\\\/\"},{\"@type\":\"ListItem\",\"position\":2,\"name\":\"Paco Roca\"}]},{\"@type\":\"WebSite\",\"@id\":\"https:\\\/\\\/manchacomic.es\\\/84ideas\\\/#website\",\"url\":\"https:\\\/\\\/manchacomic.es\\\/84ideas\\\/\",\"name\":\"84 Ideas\",\"description\":\"\",\"publisher\":{\"@id\":\"https:\\\/\\\/manchacomic.es\\\/84ideas\\\/#organization\"},\"potentialAction\":[{\"@type\":\"SearchAction\",\"target\":{\"@type\":\"EntryPoint\",\"urlTemplate\":\"https:\\\/\\\/manchacomic.es\\\/84ideas\\\/?s={search_term_string}\"},\"query-input\":{\"@type\":\"PropertyValueSpecification\",\"valueRequired\":true,\"valueName\":\"search_term_string\"}}],\"inLanguage\":\"es\"},{\"@type\":\"Organization\",\"@id\":\"https:\\\/\\\/manchacomic.es\\\/84ideas\\\/#organization\",\"name\":\"84 Ideas\",\"url\":\"https:\\\/\\\/manchacomic.es\\\/84ideas\\\/\",\"logo\":{\"@type\":\"ImageObject\",\"inLanguage\":\"es\",\"@id\":\"https:\\\/\\\/manchacomic.es\\\/84ideas\\\/#\\\/schema\\\/logo\\\/image\\\/\",\"url\":\"https:\\\/\\\/i0.wp.com\\\/manchacomic.es\\\/84ideas\\\/wp-content\\\/uploads\\\/2021\\\/04\\\/84_ideas_logo_version_A_png.png?fit=1818%2C484&ssl=1\",\"contentUrl\":\"https:\\\/\\\/i0.wp.com\\\/manchacomic.es\\\/84ideas\\\/wp-content\\\/uploads\\\/2021\\\/04\\\/84_ideas_logo_version_A_png.png?fit=1818%2C484&ssl=1\",\"width\":1818,\"height\":484,\"caption\":\"84 Ideas\"},\"image\":{\"@id\":\"https:\\\/\\\/manchacomic.es\\\/84ideas\\\/#\\\/schema\\\/logo\\\/image\\\/\"}}]}<\/script>\n<!-- \/ Yoast SEO plugin. -->","yoast_head_json":{"title":"Paco Roca - 84 Ideas","description":"Paco Roca. Su trabajo se centra en los c\u00f3mics, compagina su tiempo con la ilustraci\u00f3n y las charlas y talleres.","robots":{"index":"index","follow":"follow","max-snippet":"max-snippet:-1","max-image-preview":"max-image-preview:large","max-video-preview":"max-video-preview:-1"},"canonical":"https:\/\/manchacomic.es\/84ideas\/paco-roca\/","og_locale":"es_ES","og_type":"article","og_title":"Paco Roca - 84 Ideas","og_description":"Paco Roca. Su trabajo se centra en los c\u00f3mics, compagina su tiempo con la ilustraci\u00f3n y las charlas y talleres.","og_url":"https:\/\/manchacomic.es\/84ideas\/paco-roca\/","og_site_name":"84 Ideas","article_modified_time":"2021-05-27T11:55:41+00:00","og_image":[{"url":"https:\/\/manchacomic.es\/84ideas\/wp-content\/uploads\/2021\/05\/Paco_roca_84_ideas_bocadillo.png","type":"","width":"","height":""}],"twitter_card":"summary_large_image","twitter_misc":{"Tiempo de lectura":"3 minutos"},"schema":{"@context":"https:\/\/schema.org","@graph":[{"@type":"WebPage","@id":"https:\/\/manchacomic.es\/84ideas\/paco-roca\/","url":"https:\/\/manchacomic.es\/84ideas\/paco-roca\/","name":"Paco Roca - 84 Ideas","isPartOf":{"@id":"https:\/\/manchacomic.es\/84ideas\/#website"},"primaryImageOfPage":{"@id":"https:\/\/manchacomic.es\/84ideas\/paco-roca\/#primaryimage"},"image":{"@id":"https:\/\/manchacomic.es\/84ideas\/paco-roca\/#primaryimage"},"thumbnailUrl":"https:\/\/manchacomic.es\/84ideas\/wp-content\/uploads\/2021\/05\/Paco_roca_84_ideas_bocadillo.png","datePublished":"2021-05-17T18:39:06+00:00","dateModified":"2021-05-27T11:55:41+00:00","description":"Paco Roca. Su trabajo se centra en los c\u00f3mics, compagina su tiempo con la ilustraci\u00f3n y las charlas y talleres.","breadcrumb":{"@id":"https:\/\/manchacomic.es\/84ideas\/paco-roca\/#breadcrumb"},"inLanguage":"es","potentialAction":[{"@type":"ReadAction","target":["https:\/\/manchacomic.es\/84ideas\/paco-roca\/"]}]},{"@type":"ImageObject","inLanguage":"es","@id":"https:\/\/manchacomic.es\/84ideas\/paco-roca\/#primaryimage","url":"https:\/\/i0.wp.com\/manchacomic.es\/84ideas\/wp-content\/uploads\/2021\/05\/Paco_roca_84_ideas_bocadillo.png?fit=801%2C942&ssl=1","contentUrl":"https:\/\/i0.wp.com\/manchacomic.es\/84ideas\/wp-content\/uploads\/2021\/05\/Paco_roca_84_ideas_bocadillo.png?fit=801%2C942&ssl=1","width":801,"height":942},{"@type":"BreadcrumbList","@id":"https:\/\/manchacomic.es\/84ideas\/paco-roca\/#breadcrumb","itemListElement":[{"@type":"ListItem","position":1,"name":"Home","item":"https:\/\/manchacomic.es\/84ideas\/"},{"@type":"ListItem","position":2,"name":"Paco Roca"}]},{"@type":"WebSite","@id":"https:\/\/manchacomic.es\/84ideas\/#website","url":"https:\/\/manchacomic.es\/84ideas\/","name":"84 Ideas","description":"","publisher":{"@id":"https:\/\/manchacomic.es\/84ideas\/#organization"},"potentialAction":[{"@type":"SearchAction","target":{"@type":"EntryPoint","urlTemplate":"https:\/\/manchacomic.es\/84ideas\/?s={search_term_string}"},"query-input":{"@type":"PropertyValueSpecification","valueRequired":true,"valueName":"search_term_string"}}],"inLanguage":"es"},{"@type":"Organization","@id":"https:\/\/manchacomic.es\/84ideas\/#organization","name":"84 Ideas","url":"https:\/\/manchacomic.es\/84ideas\/","logo":{"@type":"ImageObject","inLanguage":"es","@id":"https:\/\/manchacomic.es\/84ideas\/#\/schema\/logo\/image\/","url":"https:\/\/i0.wp.com\/manchacomic.es\/84ideas\/wp-content\/uploads\/2021\/04\/84_ideas_logo_version_A_png.png?fit=1818%2C484&ssl=1","contentUrl":"https:\/\/i0.wp.com\/manchacomic.es\/84ideas\/wp-content\/uploads\/2021\/04\/84_ideas_logo_version_A_png.png?fit=1818%2C484&ssl=1","width":1818,"height":484,"caption":"84 Ideas"},"image":{"@id":"https:\/\/manchacomic.es\/84ideas\/#\/schema\/logo\/image\/"}}]}},"uagb_featured_image_src":{"full":false,"thumbnail":false,"medium":false,"medium_large":false,"large":false,"1536x1536":false,"2048x2048":false},"uagb_author_info":{"display_name":false,"author_link":"https:\/\/manchacomic.es\/84ideas\/author\/otxentaykuatro\/"},"uagb_comment_info":0,"uagb_excerpt":"Paco Roca Premio nacional del c\u00f3mic 2008 Paco Roca estudi\u00f3 en la Escuela de Arte y Superior de Dise\u00f1o de Valencia. Aunque su trabajo se centra en los c\u00f3mics, compagina su tiempo con la ilustraci\u00f3n y las charlas y talleres. En el terreno de los c\u00f3mics, su obra se ha traducido a una docena de&hellip;","jetpack_sharing_enabled":false,"_links":{"self":[{"href":"https:\/\/manchacomic.es\/84ideas\/wp-json\/wp\/v2\/pages\/261","targetHints":{"allow":["GET"]}}],"collection":[{"href":"https:\/\/manchacomic.es\/84ideas\/wp-json\/wp\/v2\/pages"}],"about":[{"href":"https:\/\/manchacomic.es\/84ideas\/wp-json\/wp\/v2\/types\/page"}],"author":[{"embeddable":true,"href":"https:\/\/manchacomic.es\/84ideas\/wp-json\/wp\/v2\/users\/1"}],"replies":[{"embeddable":true,"href":"https:\/\/manchacomic.es\/84ideas\/wp-json\/wp\/v2\/comments?post=261"}],"version-history":[{"count":0,"href":"https:\/\/manchacomic.es\/84ideas\/wp-json\/wp\/v2\/pages\/261\/revisions"}],"wp:attachment":[{"href":"https:\/\/manchacomic.es\/84ideas\/wp-json\/wp\/v2\/media?parent=261"}],"curies":[{"name":"wp","href":"https:\/\/api.w.org\/{rel}","templated":true}]}}