{"id":249,"date":"2021-05-17T18:21:34","date_gmt":"2021-05-17T18:21:34","guid":{"rendered":"https:\/\/manchacomic.es\/84ideas\/?page_id=249"},"modified":"2021-05-27T11:55:30","modified_gmt":"2021-05-27T11:55:30","slug":"jose-vte-pellicer","status":"publish","type":"page","link":"https:\/\/manchacomic.es\/84ideas\/jose-vte-pellicer\/","title":{"rendered":"Jos\u00e9 Vte. Pellicer"},"content":{"rendered":"\n<div style=\"height:10px\" aria-hidden=\"true\" class=\"wp-block-spacer\"><\/div>\n\n\n\n<div class=\"wp-block-columns is-layout-flex wp-container-core-columns-is-layout-8f761849 wp-block-columns-is-layout-flex\">\n<div class=\"wp-block-column is-layout-flow wp-block-column-is-layout-flow\" style=\"flex-basis:33.33%\">\n<div class=\"wp-block-image\"><figure class=\"aligncenter size-large\"><img data-recalc-dims=\"1\" loading=\"lazy\" decoding=\"async\" width=\"801\" height=\"942\" src=\"https:\/\/i0.wp.com\/manchacomic.es\/84ideas\/wp-content\/uploads\/2021\/05\/Jose_Vte_Pellicer_84_ideas_bocadillos.png?resize=801%2C942&#038;ssl=1\" alt=\"\" class=\"wp-image-247\" srcset=\"https:\/\/i0.wp.com\/manchacomic.es\/84ideas\/wp-content\/uploads\/2021\/05\/Jose_Vte_Pellicer_84_ideas_bocadillos.png?w=801&amp;ssl=1 801w, https:\/\/i0.wp.com\/manchacomic.es\/84ideas\/wp-content\/uploads\/2021\/05\/Jose_Vte_Pellicer_84_ideas_bocadillos.png?resize=255%2C300&amp;ssl=1 255w, https:\/\/i0.wp.com\/manchacomic.es\/84ideas\/wp-content\/uploads\/2021\/05\/Jose_Vte_Pellicer_84_ideas_bocadillos.png?resize=768%2C903&amp;ssl=1 768w\" sizes=\"auto, (max-width: 801px) 100vw, 801px\" \/><\/figure><\/div>\n\n\n\n<p class=\"has-text-align-center wp-block-paragraph\"><strong><strong>Jos\u00e9 Vte. Pellicer<\/strong><\/strong><\/p>\n\n\n\n<p class=\"has-text-align-center wp-block-paragraph\">Jornadas de C\u00f3mic de Valencia<\/p>\n<\/div>\n\n\n\n<div class=\"wp-block-column is-layout-flow wp-block-column-is-layout-flow\" style=\"flex-basis:66.66%\">\n<p class=\"wp-block-paragraph\">Se puede decir que toda mi infancia estuvo rodeada de c\u00f3mics. Mi padre trabajaba en Bruguera y todas las semanas ten\u00eda dosis comiquera, eso ayud\u00f3 mucho con mi afici\u00f3n por los c\u00f3mics y tebeos. Literalmente en mis armarios hab\u00edan m\u00e1s c\u00f3mics que ropa. Cada vez que pienso la cantidad de tebeos que se fueron a la basura!!!!<\/p>\n\n\n\n<p class=\"wp-block-paragraph\">Mi desarrollo profesional se realiz\u00f3 como top\u00f3grafo y mientras tanto intentaba que mi afici\u00f3n por los c\u00f3mics siguiera viva. En 2013 me quedo sin trabajo debido a la crisis en la construcci\u00f3n y decido que el siguiente paso tendr\u00eda que ser hac\u00eda una materia que me fuera conocida, ya que no pod\u00eda perder el tiempo en empezar desde cero. De ah\u00ed surgi\u00f3 la idea de C\u00f3mics de Colecci\u00f3n, era algo que conoc\u00eda y dominaba. La idea era hacer una tienda online de c\u00f3mic descatalogado porque ve\u00eda que cualquier otro c\u00f3mic se puede conseguir sin problemas en muchas tiendas e incluso las editoriales, pero los c\u00f3mics descatalogados son mucho m\u00e1s dif\u00edciles de encontrar. <\/p>\n\n\n\n<p class=\"wp-block-paragraph\">Despu\u00e9s de realizar unos cursos de marketing, redes sociales y venta online, el 1 de abril de 2015 naci\u00f3 la web. Empec\u00e9 con 0 c\u00f3mics adquiridos para la web y, en estos 6 a\u00f1os, he llegado a los 14000 c\u00f3mics en el cat\u00e1logo. Lo comento porque mucha gente que me conoce se cree que utilic\u00e9 parte de mi colecci\u00f3n para lanzar la web cosa que no es correcta, mi colecci\u00f3n sigue intacta.<\/p>\n\n\n\n<p class=\"wp-block-paragraph\">En 2015 encuentro ASOVALCOM y me hago socio. En 2016 me nombran vicepresidente y en septiembre de 2017, por la renuncia del presidente y parte de la junta directiva, acabo de presidente hasta la fecha.<\/p>\n<\/div>\n<\/div>\n\n\n\n<div class=\"wp-block-columns is-layout-flex wp-container-core-columns-is-layout-8f761849 wp-block-columns-is-layout-flex\">\n<div class=\"wp-block-column is-vertically-aligned-top is-layout-flow wp-block-column-is-layout-flow\">\n<div class=\"wp-block-buttons is-content-justification-right is-layout-flex wp-block-buttons-is-layout-flex\">\n<div class=\"wp-block-button is-style-outline is-style-outline--1\"><a class=\"wp-block-button__link has-white-background-color has-text-color has-background\" href=\"https:\/\/manchacomic.es\/84ideas\/programacion\/\" style=\"color:#85275c\">VER PROGRAMACI\u00d3N 2021<\/a><\/div>\n<\/div>\n\n\n\n<p class=\"wp-block-paragraph\"><\/p>\n<\/div>\n\n\n\n<div class=\"wp-block-column is-vertically-aligned-top is-layout-flow wp-block-column-is-layout-flow\">\n<div class=\"wp-block-buttons is-content-justification-left is-layout-flex wp-block-buttons-is-layout-flex\">\n<div class=\"wp-block-button is-style-outline is-style-outline--2\"><a class=\"wp-block-button__link has-white-background-color has-text-color has-background\" href=\"https:\/\/manchacomic.es\/84ideas\/invitados-as\/\" style=\"color:#85275c\">OTROS\/AS INVITADOS\/AS<\/a><\/div>\n<\/div>\n<\/div>\n<\/div>\n","protected":false},"excerpt":{"rendered":"<p>Jos\u00e9 Vte. Pellicer Jornadas de C\u00f3mic de Valencia Se puede decir que toda mi infancia estuvo rodeada de c\u00f3mics. Mi padre trabajaba en Bruguera y todas las semanas ten\u00eda dosis comiquera, eso ayud\u00f3 mucho con mi afici\u00f3n por los c\u00f3mics y tebeos. Literalmente en mis armarios hab\u00edan m\u00e1s c\u00f3mics que ropa. Cada vez que pienso &#8230; <a title=\"Jos\u00e9 Vte. Pellicer\" class=\"read-more\" href=\"https:\/\/manchacomic.es\/84ideas\/jose-vte-pellicer\/\" aria-label=\"Leer m\u00e1s sobre Jos\u00e9 Vte. Pellicer\">Leer m\u00e1s<\/a><\/p>\n","protected":false},"author":1,"featured_media":0,"parent":0,"menu_order":0,"comment_status":"closed","ping_status":"closed","template":"","meta":{"om_disable_all_campaigns":false,"_uag_custom_page_level_css":"","_monsterinsights_skip_tracking":false,"_uf_show_specific_survey":0,"_uf_disable_surveys":false,"footnotes":""},"class_list":["post-249","page","type-page","status-publish"],"yoast_head":"<!-- This site is optimized with the Yoast SEO plugin v28.3 - https:\/\/yoast.com\/product\/yoast-seo-wordpress\/ -->\n<title>Jos\u00e9 Vte. Pellicer - 84 Ideas<\/title>\n<meta name=\"description\" content=\"Jos\u00e9 Pellicer. Mi desarrollo profesional se realiz\u00f3 como top\u00f3grafo y mientras tanto intentaba que mi afici\u00f3n por los c\u00f3mics siguiera viva.\" \/>\n<meta name=\"robots\" content=\"index, follow, max-snippet:-1, max-image-preview:large, max-video-preview:-1\" \/>\n<link rel=\"canonical\" href=\"https:\/\/manchacomic.es\/84ideas\/jose-vte-pellicer\/\" \/>\n<meta property=\"og:locale\" content=\"es_ES\" \/>\n<meta property=\"og:type\" content=\"article\" \/>\n<meta property=\"og:title\" content=\"Jos\u00e9 Vte. Pellicer - 84 Ideas\" \/>\n<meta property=\"og:description\" content=\"Jos\u00e9 Pellicer. Mi desarrollo profesional se realiz\u00f3 como top\u00f3grafo y mientras tanto intentaba que mi afici\u00f3n por los c\u00f3mics siguiera viva.\" \/>\n<meta property=\"og:url\" content=\"https:\/\/manchacomic.es\/84ideas\/jose-vte-pellicer\/\" \/>\n<meta property=\"og:site_name\" content=\"84 Ideas\" \/>\n<meta property=\"article:modified_time\" content=\"2021-05-27T11:55:30+00:00\" \/>\n<meta property=\"og:image\" content=\"https:\/\/manchacomic.es\/84ideas\/wp-content\/uploads\/2021\/05\/Jose_Vte_Pellicer_84_ideas_bocadillos.png\" \/>\n<meta name=\"twitter:card\" content=\"summary_large_image\" \/>\n<meta name=\"twitter:label1\" content=\"Tiempo de lectura\" \/>\n\t<meta name=\"twitter:data1\" content=\"2 minutos\" \/>\n<script type=\"application\/ld+json\" class=\"yoast-schema-graph\">{\"@context\":\"https:\\\/\\\/schema.org\",\"@graph\":[{\"@type\":\"WebPage\",\"@id\":\"https:\\\/\\\/manchacomic.es\\\/84ideas\\\/jose-vte-pellicer\\\/\",\"url\":\"https:\\\/\\\/manchacomic.es\\\/84ideas\\\/jose-vte-pellicer\\\/\",\"name\":\"Jos\u00e9 Vte. Pellicer - 84 Ideas\",\"isPartOf\":{\"@id\":\"https:\\\/\\\/manchacomic.es\\\/84ideas\\\/#website\"},\"primaryImageOfPage\":{\"@id\":\"https:\\\/\\\/manchacomic.es\\\/84ideas\\\/jose-vte-pellicer\\\/#primaryimage\"},\"image\":{\"@id\":\"https:\\\/\\\/manchacomic.es\\\/84ideas\\\/jose-vte-pellicer\\\/#primaryimage\"},\"thumbnailUrl\":\"https:\\\/\\\/manchacomic.es\\\/84ideas\\\/wp-content\\\/uploads\\\/2021\\\/05\\\/Jose_Vte_Pellicer_84_ideas_bocadillos.png\",\"datePublished\":\"2021-05-17T18:21:34+00:00\",\"dateModified\":\"2021-05-27T11:55:30+00:00\",\"description\":\"Jos\u00e9 Pellicer. Mi desarrollo profesional se realiz\u00f3 como top\u00f3grafo y mientras tanto intentaba que mi afici\u00f3n por los c\u00f3mics siguiera viva.\",\"breadcrumb\":{\"@id\":\"https:\\\/\\\/manchacomic.es\\\/84ideas\\\/jose-vte-pellicer\\\/#breadcrumb\"},\"inLanguage\":\"es\",\"potentialAction\":[{\"@type\":\"ReadAction\",\"target\":[\"https:\\\/\\\/manchacomic.es\\\/84ideas\\\/jose-vte-pellicer\\\/\"]}]},{\"@type\":\"ImageObject\",\"inLanguage\":\"es\",\"@id\":\"https:\\\/\\\/manchacomic.es\\\/84ideas\\\/jose-vte-pellicer\\\/#primaryimage\",\"url\":\"https:\\\/\\\/i0.wp.com\\\/manchacomic.es\\\/84ideas\\\/wp-content\\\/uploads\\\/2021\\\/05\\\/Jose_Vte_Pellicer_84_ideas_bocadillos.png?fit=801%2C942&ssl=1\",\"contentUrl\":\"https:\\\/\\\/i0.wp.com\\\/manchacomic.es\\\/84ideas\\\/wp-content\\\/uploads\\\/2021\\\/05\\\/Jose_Vte_Pellicer_84_ideas_bocadillos.png?fit=801%2C942&ssl=1\",\"width\":801,\"height\":942},{\"@type\":\"BreadcrumbList\",\"@id\":\"https:\\\/\\\/manchacomic.es\\\/84ideas\\\/jose-vte-pellicer\\\/#breadcrumb\",\"itemListElement\":[{\"@type\":\"ListItem\",\"position\":1,\"name\":\"Home\",\"item\":\"https:\\\/\\\/manchacomic.es\\\/84ideas\\\/\"},{\"@type\":\"ListItem\",\"position\":2,\"name\":\"Jos\u00e9 Vte. Pellicer\"}]},{\"@type\":\"WebSite\",\"@id\":\"https:\\\/\\\/manchacomic.es\\\/84ideas\\\/#website\",\"url\":\"https:\\\/\\\/manchacomic.es\\\/84ideas\\\/\",\"name\":\"84 Ideas\",\"description\":\"\",\"publisher\":{\"@id\":\"https:\\\/\\\/manchacomic.es\\\/84ideas\\\/#organization\"},\"potentialAction\":[{\"@type\":\"SearchAction\",\"target\":{\"@type\":\"EntryPoint\",\"urlTemplate\":\"https:\\\/\\\/manchacomic.es\\\/84ideas\\\/?s={search_term_string}\"},\"query-input\":{\"@type\":\"PropertyValueSpecification\",\"valueRequired\":true,\"valueName\":\"search_term_string\"}}],\"inLanguage\":\"es\"},{\"@type\":\"Organization\",\"@id\":\"https:\\\/\\\/manchacomic.es\\\/84ideas\\\/#organization\",\"name\":\"84 Ideas\",\"url\":\"https:\\\/\\\/manchacomic.es\\\/84ideas\\\/\",\"logo\":{\"@type\":\"ImageObject\",\"inLanguage\":\"es\",\"@id\":\"https:\\\/\\\/manchacomic.es\\\/84ideas\\\/#\\\/schema\\\/logo\\\/image\\\/\",\"url\":\"https:\\\/\\\/i0.wp.com\\\/manchacomic.es\\\/84ideas\\\/wp-content\\\/uploads\\\/2021\\\/04\\\/84_ideas_logo_version_A_png.png?fit=1818%2C484&ssl=1\",\"contentUrl\":\"https:\\\/\\\/i0.wp.com\\\/manchacomic.es\\\/84ideas\\\/wp-content\\\/uploads\\\/2021\\\/04\\\/84_ideas_logo_version_A_png.png?fit=1818%2C484&ssl=1\",\"width\":1818,\"height\":484,\"caption\":\"84 Ideas\"},\"image\":{\"@id\":\"https:\\\/\\\/manchacomic.es\\\/84ideas\\\/#\\\/schema\\\/logo\\\/image\\\/\"}}]}<\/script>\n<!-- \/ Yoast SEO plugin. -->","yoast_head_json":{"title":"Jos\u00e9 Vte. Pellicer - 84 Ideas","description":"Jos\u00e9 Pellicer. Mi desarrollo profesional se realiz\u00f3 como top\u00f3grafo y mientras tanto intentaba que mi afici\u00f3n por los c\u00f3mics siguiera viva.","robots":{"index":"index","follow":"follow","max-snippet":"max-snippet:-1","max-image-preview":"max-image-preview:large","max-video-preview":"max-video-preview:-1"},"canonical":"https:\/\/manchacomic.es\/84ideas\/jose-vte-pellicer\/","og_locale":"es_ES","og_type":"article","og_title":"Jos\u00e9 Vte. Pellicer - 84 Ideas","og_description":"Jos\u00e9 Pellicer. Mi desarrollo profesional se realiz\u00f3 como top\u00f3grafo y mientras tanto intentaba que mi afici\u00f3n por los c\u00f3mics siguiera viva.","og_url":"https:\/\/manchacomic.es\/84ideas\/jose-vte-pellicer\/","og_site_name":"84 Ideas","article_modified_time":"2021-05-27T11:55:30+00:00","og_image":[{"url":"https:\/\/manchacomic.es\/84ideas\/wp-content\/uploads\/2021\/05\/Jose_Vte_Pellicer_84_ideas_bocadillos.png","type":"","width":"","height":""}],"twitter_card":"summary_large_image","twitter_misc":{"Tiempo de lectura":"2 minutos"},"schema":{"@context":"https:\/\/schema.org","@graph":[{"@type":"WebPage","@id":"https:\/\/manchacomic.es\/84ideas\/jose-vte-pellicer\/","url":"https:\/\/manchacomic.es\/84ideas\/jose-vte-pellicer\/","name":"Jos\u00e9 Vte. Pellicer - 84 Ideas","isPartOf":{"@id":"https:\/\/manchacomic.es\/84ideas\/#website"},"primaryImageOfPage":{"@id":"https:\/\/manchacomic.es\/84ideas\/jose-vte-pellicer\/#primaryimage"},"image":{"@id":"https:\/\/manchacomic.es\/84ideas\/jose-vte-pellicer\/#primaryimage"},"thumbnailUrl":"https:\/\/manchacomic.es\/84ideas\/wp-content\/uploads\/2021\/05\/Jose_Vte_Pellicer_84_ideas_bocadillos.png","datePublished":"2021-05-17T18:21:34+00:00","dateModified":"2021-05-27T11:55:30+00:00","description":"Jos\u00e9 Pellicer. Mi desarrollo profesional se realiz\u00f3 como top\u00f3grafo y mientras tanto intentaba que mi afici\u00f3n por los c\u00f3mics siguiera viva.","breadcrumb":{"@id":"https:\/\/manchacomic.es\/84ideas\/jose-vte-pellicer\/#breadcrumb"},"inLanguage":"es","potentialAction":[{"@type":"ReadAction","target":["https:\/\/manchacomic.es\/84ideas\/jose-vte-pellicer\/"]}]},{"@type":"ImageObject","inLanguage":"es","@id":"https:\/\/manchacomic.es\/84ideas\/jose-vte-pellicer\/#primaryimage","url":"https:\/\/i0.wp.com\/manchacomic.es\/84ideas\/wp-content\/uploads\/2021\/05\/Jose_Vte_Pellicer_84_ideas_bocadillos.png?fit=801%2C942&ssl=1","contentUrl":"https:\/\/i0.wp.com\/manchacomic.es\/84ideas\/wp-content\/uploads\/2021\/05\/Jose_Vte_Pellicer_84_ideas_bocadillos.png?fit=801%2C942&ssl=1","width":801,"height":942},{"@type":"BreadcrumbList","@id":"https:\/\/manchacomic.es\/84ideas\/jose-vte-pellicer\/#breadcrumb","itemListElement":[{"@type":"ListItem","position":1,"name":"Home","item":"https:\/\/manchacomic.es\/84ideas\/"},{"@type":"ListItem","position":2,"name":"Jos\u00e9 Vte. Pellicer"}]},{"@type":"WebSite","@id":"https:\/\/manchacomic.es\/84ideas\/#website","url":"https:\/\/manchacomic.es\/84ideas\/","name":"84 Ideas","description":"","publisher":{"@id":"https:\/\/manchacomic.es\/84ideas\/#organization"},"potentialAction":[{"@type":"SearchAction","target":{"@type":"EntryPoint","urlTemplate":"https:\/\/manchacomic.es\/84ideas\/?s={search_term_string}"},"query-input":{"@type":"PropertyValueSpecification","valueRequired":true,"valueName":"search_term_string"}}],"inLanguage":"es"},{"@type":"Organization","@id":"https:\/\/manchacomic.es\/84ideas\/#organization","name":"84 Ideas","url":"https:\/\/manchacomic.es\/84ideas\/","logo":{"@type":"ImageObject","inLanguage":"es","@id":"https:\/\/manchacomic.es\/84ideas\/#\/schema\/logo\/image\/","url":"https:\/\/i0.wp.com\/manchacomic.es\/84ideas\/wp-content\/uploads\/2021\/04\/84_ideas_logo_version_A_png.png?fit=1818%2C484&ssl=1","contentUrl":"https:\/\/i0.wp.com\/manchacomic.es\/84ideas\/wp-content\/uploads\/2021\/04\/84_ideas_logo_version_A_png.png?fit=1818%2C484&ssl=1","width":1818,"height":484,"caption":"84 Ideas"},"image":{"@id":"https:\/\/manchacomic.es\/84ideas\/#\/schema\/logo\/image\/"}}]}},"uagb_featured_image_src":{"full":false,"thumbnail":false,"medium":false,"medium_large":false,"large":false,"1536x1536":false,"2048x2048":false},"uagb_author_info":{"display_name":false,"author_link":"https:\/\/manchacomic.es\/84ideas\/author\/otxentaykuatro\/"},"uagb_comment_info":0,"uagb_excerpt":"Jos\u00e9 Vte. Pellicer Jornadas de C\u00f3mic de Valencia Se puede decir que toda mi infancia estuvo rodeada de c\u00f3mics. Mi padre trabajaba en Bruguera y todas las semanas ten\u00eda dosis comiquera, eso ayud\u00f3 mucho con mi afici\u00f3n por los c\u00f3mics y tebeos. Literalmente en mis armarios hab\u00edan m\u00e1s c\u00f3mics que ropa. Cada vez que pienso&hellip;","jetpack_sharing_enabled":false,"_links":{"self":[{"href":"https:\/\/manchacomic.es\/84ideas\/wp-json\/wp\/v2\/pages\/249","targetHints":{"allow":["GET"]}}],"collection":[{"href":"https:\/\/manchacomic.es\/84ideas\/wp-json\/wp\/v2\/pages"}],"about":[{"href":"https:\/\/manchacomic.es\/84ideas\/wp-json\/wp\/v2\/types\/page"}],"author":[{"embeddable":true,"href":"https:\/\/manchacomic.es\/84ideas\/wp-json\/wp\/v2\/users\/1"}],"replies":[{"embeddable":true,"href":"https:\/\/manchacomic.es\/84ideas\/wp-json\/wp\/v2\/comments?post=249"}],"version-history":[{"count":0,"href":"https:\/\/manchacomic.es\/84ideas\/wp-json\/wp\/v2\/pages\/249\/revisions"}],"wp:attachment":[{"href":"https:\/\/manchacomic.es\/84ideas\/wp-json\/wp\/v2\/media?parent=249"}],"curies":[{"name":"wp","href":"https:\/\/api.w.org\/{rel}","templated":true}]}}