{"id":1933,"date":"2022-03-23T17:44:40","date_gmt":"2022-03-23T17:44:40","guid":{"rendered":"https:\/\/manchacomic.es\/84ideas\/?page_id=1933"},"modified":"2022-07-01T10:31:56","modified_gmt":"2022-07-01T10:31:56","slug":"salva-del-viso","status":"publish","type":"page","link":"https:\/\/manchacomic.es\/84ideas\/salva-del-viso\/","title":{"rendered":"Salva del Viso"},"content":{"rendered":"\n<div style=\"height:10px\" aria-hidden=\"true\" class=\"wp-block-spacer\"><\/div>\n\n\n\n<div class=\"wp-block-columns is-layout-flex wp-container-core-columns-is-layout-8f761849 wp-block-columns-is-layout-flex\">\n<div class=\"wp-block-column is-layout-flow wp-block-column-is-layout-flow\" style=\"flex-basis:33.33%\"><div class=\"wp-block-image\">\n<figure class=\"aligncenter size-full\"><img data-recalc-dims=\"1\" loading=\"lazy\" decoding=\"async\" width=\"801\" height=\"942\" src=\"https:\/\/i0.wp.com\/manchacomic.es\/84ideas\/wp-content\/uploads\/2022\/03\/Salva_del_Viso_84_ideas_bocadillos.png?resize=801%2C942&#038;ssl=1\" alt=\"\" class=\"wp-image-1932\" srcset=\"https:\/\/i0.wp.com\/manchacomic.es\/84ideas\/wp-content\/uploads\/2022\/03\/Salva_del_Viso_84_ideas_bocadillos.png?w=801&amp;ssl=1 801w, https:\/\/i0.wp.com\/manchacomic.es\/84ideas\/wp-content\/uploads\/2022\/03\/Salva_del_Viso_84_ideas_bocadillos.png?resize=255%2C300&amp;ssl=1 255w, https:\/\/i0.wp.com\/manchacomic.es\/84ideas\/wp-content\/uploads\/2022\/03\/Salva_del_Viso_84_ideas_bocadillos.png?resize=768%2C903&amp;ssl=1 768w\" sizes=\"auto, (max-width: 801px) 100vw, 801px\" \/><\/figure>\n<\/div>\n\n\n<p class=\"has-text-align-center wp-block-paragraph\"><strong><strong><strong>Salva del Viso<\/strong><\/strong><\/strong><\/p>\n\n\n\n<p class=\"has-text-align-center wp-block-paragraph\">Guionista<\/p>\n\n\n\n<p class=\"has-text-align-center has-small-font-size wp-block-paragraph\">Sc\u00e9nariste<\/p>\n<\/div>\n\n\n\n<div class=\"wp-block-column is-layout-flow wp-block-column-is-layout-flow\" style=\"flex-basis:66.66%\">\n<p class=\"wp-block-paragraph\">Madrid 1968 \u2013 Vive en Toledo desde 1985. Estudi\u00f3 en la Escuela de Artes Aplicadas y Oficios Art\u00edsticos de Toledo.<\/p>\n\n\n\n<p class=\"wp-block-paragraph\">Colaborador de \u201cZocoociover\u201d, \u201cLa Gu\u00eda Toledo\u201d y \u201cArco\u00edris Radio\u201d.<br>Seleccionado en el \u201cCinema Jove\u201d Valencia (1994), Secci\u00f3n Informativa con la obra de animaci\u00f3n \u201cEl Hedor\u201d. 2\u00ba Premio en el \u201cCertamen de J\u00f3venes Artistas de Castilla -La Mancha\u201d (1998) en el apartado V\u00eddeo con la obra \u201cLos mares de cemento\u201d.<\/p>\n\n\n\n<p class=\"wp-block-paragraph\">Dise\u00f1o y ejecuci\u00f3n de murales decorativos en la planta infantil del Hospital Nacional de Parapl\u00e9jicos de Toledo (2005).<\/p>\n\n\n\n<p class=\"wp-block-paragraph\">En los \u00faltimos a\u00f1os ha realizado algunas maquetaciones y portadas para libros y revistas.<\/p>\n\n\n\n<p class=\"wp-block-paragraph\">Las ilustraciones y portada para el libro infantil \u201cEl rescate de la princesa Galiana\u201d escrito por Faustino Lara, ha sido uno de sus \u00faltimos trabajos.<\/p>\n\n\n\n<p class=\"has-small-font-size wp-block-paragraph\"><em>Madrid 1968 &#8211; Vit \u00e0 Tol\u00e8de depuis 1985. A \u00e9tudi\u00e9 \u00e0 l&#8217;Escuela de Artes Aplicadas y Oficios Art\u00edsticos de Toledo.<\/em><\/p>\n\n\n\n<p class=\"has-small-font-size wp-block-paragraph\"><em>Collaborateur de \u00abZocoociover\u00bb, \u00abLa Gu\u00eda Toledo\u00bb et \u00abArco\u00edris Radio\u00bb.<\/em><\/p>\n\n\n\n<p class=\"has-small-font-size wp-block-paragraph\"><em>S\u00e9lectionn\u00e9 dans le \u00abCinema Jove\u00bb Valencia (1994), Section informative avec l&#8217;\u0153uvre d&#8217;animation \u00abEl Hedor\u00bb. 2\u00e8me Prix au \u00abCertamen de J\u00f3venes Artistas de Castilla -La Mancha\u00bb (1998) dans la section Vid\u00e9o avec l&#8217;\u0153uvre \u00abLos mares de cemento\u00bb.<\/em><\/p>\n\n\n\n<p class=\"has-small-font-size wp-block-paragraph\"><em>Conception et ex\u00e9cution de peintures murales d\u00e9coratives dans le service pour enfants de l&#8217;h\u00f4pital national pour parapl\u00e9giques de Tol\u00e8de (2005).<\/em><\/p>\n\n\n\n<p class=\"has-small-font-size wp-block-paragraph\"><em>Ces derni\u00e8res ann\u00e9es, il a r\u00e9alis\u00e9 des mises en page et des couvertures pour des livres et des magazines.<\/em><\/p>\n\n\n\n<p class=\"has-small-font-size wp-block-paragraph\"><em>Les illustrations et la couverture du livre pour enfants \u00abEl rescate de la princesa Galiana\u00bb \u00e9crit par Faustino Lara, ont \u00e9t\u00e9 l&#8217;un de ses derniers travaux.<\/em><\/p>\n<\/div>\n<\/div>\n\n\n\n<p class=\"wp-block-paragraph\"><\/p>\n","protected":false},"excerpt":{"rendered":"<p>Salva del Viso Guionista Sc\u00e9nariste Madrid 1968 \u2013 Vive en Toledo desde 1985. Estudi\u00f3 en la Escuela de Artes Aplicadas y Oficios Art\u00edsticos de Toledo. Colaborador de \u201cZocoociover\u201d, \u201cLa Gu\u00eda Toledo\u201d y \u201cArco\u00edris Radio\u201d.Seleccionado en el \u201cCinema Jove\u201d Valencia (1994), Secci\u00f3n Informativa con la obra de animaci\u00f3n \u201cEl Hedor\u201d. 2\u00ba Premio en el \u201cCertamen de &#8230; <a title=\"Salva del Viso\" class=\"read-more\" href=\"https:\/\/manchacomic.es\/84ideas\/salva-del-viso\/\" aria-label=\"Leer m\u00e1s sobre Salva del Viso\">Leer m\u00e1s<\/a><\/p>\n","protected":false},"author":1,"featured_media":0,"parent":0,"menu_order":0,"comment_status":"closed","ping_status":"closed","template":"","meta":{"om_disable_all_campaigns":false,"_uag_custom_page_level_css":"","_monsterinsights_skip_tracking":false,"_uf_show_specific_survey":0,"_uf_disable_surveys":false,"footnotes":""},"class_list":["post-1933","page","type-page","status-publish"],"yoast_head":"<!-- This site is optimized with the Yoast SEO plugin v28.3 - https:\/\/yoast.com\/product\/yoast-seo-wordpress\/ -->\n<title>Salva del Viso - 84 Ideas<\/title>\n<meta name=\"description\" content=\"Madrid 1968 \u2013 Vive en Toledo desde 1985. Estudi\u00f3 en la Escuela de Artes Aplicadas y Oficios Art\u00edsticos de Toledo.\" \/>\n<meta name=\"robots\" content=\"index, follow, max-snippet:-1, max-image-preview:large, max-video-preview:-1\" \/>\n<link rel=\"canonical\" href=\"https:\/\/manchacomic.es\/84ideas\/salva-del-viso\/\" \/>\n<meta property=\"og:locale\" content=\"es_ES\" \/>\n<meta property=\"og:type\" content=\"article\" \/>\n<meta property=\"og:title\" content=\"Salva del Viso - 84 Ideas\" \/>\n<meta property=\"og:description\" content=\"Madrid 1968 \u2013 Vive en Toledo desde 1985. Estudi\u00f3 en la Escuela de Artes Aplicadas y Oficios Art\u00edsticos de Toledo.\" \/>\n<meta property=\"og:url\" content=\"https:\/\/manchacomic.es\/84ideas\/salva-del-viso\/\" \/>\n<meta property=\"og:site_name\" content=\"84 Ideas\" \/>\n<meta property=\"article:modified_time\" content=\"2022-07-01T10:31:56+00:00\" \/>\n<meta property=\"og:image\" content=\"https:\/\/manchacomic.es\/84ideas\/wp-content\/uploads\/2022\/03\/Salva_del_Viso_84_ideas_bocadillos.png\" \/>\n<meta name=\"twitter:card\" content=\"summary_large_image\" \/>\n<meta name=\"twitter:label1\" content=\"Tiempo de lectura\" \/>\n\t<meta name=\"twitter:data1\" content=\"2 minutos\" \/>\n<script type=\"application\/ld+json\" class=\"yoast-schema-graph\">{\"@context\":\"https:\\\/\\\/schema.org\",\"@graph\":[{\"@type\":\"WebPage\",\"@id\":\"https:\\\/\\\/manchacomic.es\\\/84ideas\\\/salva-del-viso\\\/\",\"url\":\"https:\\\/\\\/manchacomic.es\\\/84ideas\\\/salva-del-viso\\\/\",\"name\":\"Salva del Viso - 84 Ideas\",\"isPartOf\":{\"@id\":\"https:\\\/\\\/manchacomic.es\\\/84ideas\\\/#website\"},\"primaryImageOfPage\":{\"@id\":\"https:\\\/\\\/manchacomic.es\\\/84ideas\\\/salva-del-viso\\\/#primaryimage\"},\"image\":{\"@id\":\"https:\\\/\\\/manchacomic.es\\\/84ideas\\\/salva-del-viso\\\/#primaryimage\"},\"thumbnailUrl\":\"https:\\\/\\\/manchacomic.es\\\/84ideas\\\/wp-content\\\/uploads\\\/2022\\\/03\\\/Salva_del_Viso_84_ideas_bocadillos.png\",\"datePublished\":\"2022-03-23T17:44:40+00:00\",\"dateModified\":\"2022-07-01T10:31:56+00:00\",\"description\":\"Madrid 1968 \u2013 Vive en Toledo desde 1985. Estudi\u00f3 en la Escuela de Artes Aplicadas y Oficios Art\u00edsticos de Toledo.\",\"breadcrumb\":{\"@id\":\"https:\\\/\\\/manchacomic.es\\\/84ideas\\\/salva-del-viso\\\/#breadcrumb\"},\"inLanguage\":\"es\",\"potentialAction\":[{\"@type\":\"ReadAction\",\"target\":[\"https:\\\/\\\/manchacomic.es\\\/84ideas\\\/salva-del-viso\\\/\"]}]},{\"@type\":\"ImageObject\",\"inLanguage\":\"es\",\"@id\":\"https:\\\/\\\/manchacomic.es\\\/84ideas\\\/salva-del-viso\\\/#primaryimage\",\"url\":\"https:\\\/\\\/i0.wp.com\\\/manchacomic.es\\\/84ideas\\\/wp-content\\\/uploads\\\/2022\\\/03\\\/Salva_del_Viso_84_ideas_bocadillos.png?fit=801%2C942&ssl=1\",\"contentUrl\":\"https:\\\/\\\/i0.wp.com\\\/manchacomic.es\\\/84ideas\\\/wp-content\\\/uploads\\\/2022\\\/03\\\/Salva_del_Viso_84_ideas_bocadillos.png?fit=801%2C942&ssl=1\",\"width\":801,\"height\":942},{\"@type\":\"BreadcrumbList\",\"@id\":\"https:\\\/\\\/manchacomic.es\\\/84ideas\\\/salva-del-viso\\\/#breadcrumb\",\"itemListElement\":[{\"@type\":\"ListItem\",\"position\":1,\"name\":\"Home\",\"item\":\"https:\\\/\\\/manchacomic.es\\\/84ideas\\\/\"},{\"@type\":\"ListItem\",\"position\":2,\"name\":\"Salva del Viso\"}]},{\"@type\":\"WebSite\",\"@id\":\"https:\\\/\\\/manchacomic.es\\\/84ideas\\\/#website\",\"url\":\"https:\\\/\\\/manchacomic.es\\\/84ideas\\\/\",\"name\":\"84 Ideas\",\"description\":\"\",\"publisher\":{\"@id\":\"https:\\\/\\\/manchacomic.es\\\/84ideas\\\/#organization\"},\"potentialAction\":[{\"@type\":\"SearchAction\",\"target\":{\"@type\":\"EntryPoint\",\"urlTemplate\":\"https:\\\/\\\/manchacomic.es\\\/84ideas\\\/?s={search_term_string}\"},\"query-input\":{\"@type\":\"PropertyValueSpecification\",\"valueRequired\":true,\"valueName\":\"search_term_string\"}}],\"inLanguage\":\"es\"},{\"@type\":\"Organization\",\"@id\":\"https:\\\/\\\/manchacomic.es\\\/84ideas\\\/#organization\",\"name\":\"84 Ideas\",\"url\":\"https:\\\/\\\/manchacomic.es\\\/84ideas\\\/\",\"logo\":{\"@type\":\"ImageObject\",\"inLanguage\":\"es\",\"@id\":\"https:\\\/\\\/manchacomic.es\\\/84ideas\\\/#\\\/schema\\\/logo\\\/image\\\/\",\"url\":\"https:\\\/\\\/i0.wp.com\\\/manchacomic.es\\\/84ideas\\\/wp-content\\\/uploads\\\/2021\\\/04\\\/84_ideas_logo_version_A_png.png?fit=1818%2C484&ssl=1\",\"contentUrl\":\"https:\\\/\\\/i0.wp.com\\\/manchacomic.es\\\/84ideas\\\/wp-content\\\/uploads\\\/2021\\\/04\\\/84_ideas_logo_version_A_png.png?fit=1818%2C484&ssl=1\",\"width\":1818,\"height\":484,\"caption\":\"84 Ideas\"},\"image\":{\"@id\":\"https:\\\/\\\/manchacomic.es\\\/84ideas\\\/#\\\/schema\\\/logo\\\/image\\\/\"}}]}<\/script>\n<!-- \/ Yoast SEO plugin. -->","yoast_head_json":{"title":"Salva del Viso - 84 Ideas","description":"Madrid 1968 \u2013 Vive en Toledo desde 1985. Estudi\u00f3 en la Escuela de Artes Aplicadas y Oficios Art\u00edsticos de Toledo.","robots":{"index":"index","follow":"follow","max-snippet":"max-snippet:-1","max-image-preview":"max-image-preview:large","max-video-preview":"max-video-preview:-1"},"canonical":"https:\/\/manchacomic.es\/84ideas\/salva-del-viso\/","og_locale":"es_ES","og_type":"article","og_title":"Salva del Viso - 84 Ideas","og_description":"Madrid 1968 \u2013 Vive en Toledo desde 1985. Estudi\u00f3 en la Escuela de Artes Aplicadas y Oficios Art\u00edsticos de Toledo.","og_url":"https:\/\/manchacomic.es\/84ideas\/salva-del-viso\/","og_site_name":"84 Ideas","article_modified_time":"2022-07-01T10:31:56+00:00","og_image":[{"url":"https:\/\/manchacomic.es\/84ideas\/wp-content\/uploads\/2022\/03\/Salva_del_Viso_84_ideas_bocadillos.png","type":"","width":"","height":""}],"twitter_card":"summary_large_image","twitter_misc":{"Tiempo de lectura":"2 minutos"},"schema":{"@context":"https:\/\/schema.org","@graph":[{"@type":"WebPage","@id":"https:\/\/manchacomic.es\/84ideas\/salva-del-viso\/","url":"https:\/\/manchacomic.es\/84ideas\/salva-del-viso\/","name":"Salva del Viso - 84 Ideas","isPartOf":{"@id":"https:\/\/manchacomic.es\/84ideas\/#website"},"primaryImageOfPage":{"@id":"https:\/\/manchacomic.es\/84ideas\/salva-del-viso\/#primaryimage"},"image":{"@id":"https:\/\/manchacomic.es\/84ideas\/salva-del-viso\/#primaryimage"},"thumbnailUrl":"https:\/\/manchacomic.es\/84ideas\/wp-content\/uploads\/2022\/03\/Salva_del_Viso_84_ideas_bocadillos.png","datePublished":"2022-03-23T17:44:40+00:00","dateModified":"2022-07-01T10:31:56+00:00","description":"Madrid 1968 \u2013 Vive en Toledo desde 1985. Estudi\u00f3 en la Escuela de Artes Aplicadas y Oficios Art\u00edsticos de Toledo.","breadcrumb":{"@id":"https:\/\/manchacomic.es\/84ideas\/salva-del-viso\/#breadcrumb"},"inLanguage":"es","potentialAction":[{"@type":"ReadAction","target":["https:\/\/manchacomic.es\/84ideas\/salva-del-viso\/"]}]},{"@type":"ImageObject","inLanguage":"es","@id":"https:\/\/manchacomic.es\/84ideas\/salva-del-viso\/#primaryimage","url":"https:\/\/i0.wp.com\/manchacomic.es\/84ideas\/wp-content\/uploads\/2022\/03\/Salva_del_Viso_84_ideas_bocadillos.png?fit=801%2C942&ssl=1","contentUrl":"https:\/\/i0.wp.com\/manchacomic.es\/84ideas\/wp-content\/uploads\/2022\/03\/Salva_del_Viso_84_ideas_bocadillos.png?fit=801%2C942&ssl=1","width":801,"height":942},{"@type":"BreadcrumbList","@id":"https:\/\/manchacomic.es\/84ideas\/salva-del-viso\/#breadcrumb","itemListElement":[{"@type":"ListItem","position":1,"name":"Home","item":"https:\/\/manchacomic.es\/84ideas\/"},{"@type":"ListItem","position":2,"name":"Salva del Viso"}]},{"@type":"WebSite","@id":"https:\/\/manchacomic.es\/84ideas\/#website","url":"https:\/\/manchacomic.es\/84ideas\/","name":"84 Ideas","description":"","publisher":{"@id":"https:\/\/manchacomic.es\/84ideas\/#organization"},"potentialAction":[{"@type":"SearchAction","target":{"@type":"EntryPoint","urlTemplate":"https:\/\/manchacomic.es\/84ideas\/?s={search_term_string}"},"query-input":{"@type":"PropertyValueSpecification","valueRequired":true,"valueName":"search_term_string"}}],"inLanguage":"es"},{"@type":"Organization","@id":"https:\/\/manchacomic.es\/84ideas\/#organization","name":"84 Ideas","url":"https:\/\/manchacomic.es\/84ideas\/","logo":{"@type":"ImageObject","inLanguage":"es","@id":"https:\/\/manchacomic.es\/84ideas\/#\/schema\/logo\/image\/","url":"https:\/\/i0.wp.com\/manchacomic.es\/84ideas\/wp-content\/uploads\/2021\/04\/84_ideas_logo_version_A_png.png?fit=1818%2C484&ssl=1","contentUrl":"https:\/\/i0.wp.com\/manchacomic.es\/84ideas\/wp-content\/uploads\/2021\/04\/84_ideas_logo_version_A_png.png?fit=1818%2C484&ssl=1","width":1818,"height":484,"caption":"84 Ideas"},"image":{"@id":"https:\/\/manchacomic.es\/84ideas\/#\/schema\/logo\/image\/"}}]}},"uagb_featured_image_src":{"full":false,"thumbnail":false,"medium":false,"medium_large":false,"large":false,"1536x1536":false,"2048x2048":false},"uagb_author_info":{"display_name":false,"author_link":"https:\/\/manchacomic.es\/84ideas\/author\/otxentaykuatro\/"},"uagb_comment_info":0,"uagb_excerpt":"Salva del Viso Guionista Sc\u00e9nariste Madrid 1968 \u2013 Vive en Toledo desde 1985. Estudi\u00f3 en la Escuela de Artes Aplicadas y Oficios Art\u00edsticos de Toledo. Colaborador de \u201cZocoociover\u201d, \u201cLa Gu\u00eda Toledo\u201d y \u201cArco\u00edris Radio\u201d.Seleccionado en el \u201cCinema Jove\u201d Valencia (1994), Secci\u00f3n Informativa con la obra de animaci\u00f3n \u201cEl Hedor\u201d. 2\u00ba Premio en el \u201cCertamen de&hellip;","jetpack_sharing_enabled":false,"_links":{"self":[{"href":"https:\/\/manchacomic.es\/84ideas\/wp-json\/wp\/v2\/pages\/1933","targetHints":{"allow":["GET"]}}],"collection":[{"href":"https:\/\/manchacomic.es\/84ideas\/wp-json\/wp\/v2\/pages"}],"about":[{"href":"https:\/\/manchacomic.es\/84ideas\/wp-json\/wp\/v2\/types\/page"}],"author":[{"embeddable":true,"href":"https:\/\/manchacomic.es\/84ideas\/wp-json\/wp\/v2\/users\/1"}],"replies":[{"embeddable":true,"href":"https:\/\/manchacomic.es\/84ideas\/wp-json\/wp\/v2\/comments?post=1933"}],"version-history":[{"count":0,"href":"https:\/\/manchacomic.es\/84ideas\/wp-json\/wp\/v2\/pages\/1933\/revisions"}],"wp:attachment":[{"href":"https:\/\/manchacomic.es\/84ideas\/wp-json\/wp\/v2\/media?parent=1933"}],"curies":[{"name":"wp","href":"https:\/\/api.w.org\/{rel}","templated":true}]}}