{"id":1892,"date":"2022-03-17T09:36:58","date_gmt":"2022-03-17T09:36:58","guid":{"rendered":"https:\/\/manchacomic.es\/84ideas\/?page_id=1892"},"modified":"2022-07-01T10:16:41","modified_gmt":"2022-07-01T10:16:41","slug":"gerardo-macias","status":"publish","type":"page","link":"https:\/\/manchacomic.es\/84ideas\/gerardo-macias\/","title":{"rendered":"Gerardo Mac\u00edas"},"content":{"rendered":"\n<div style=\"height:10px\" aria-hidden=\"true\" class=\"wp-block-spacer\"><\/div>\n\n\n\n<div class=\"wp-block-columns is-layout-flex wp-container-core-columns-is-layout-8f761849 wp-block-columns-is-layout-flex\">\n<div class=\"wp-block-column is-layout-flow wp-block-column-is-layout-flow\" style=\"flex-basis:33.33%\"><div class=\"wp-block-image\">\n<figure class=\"aligncenter size-full\"><img data-recalc-dims=\"1\" loading=\"lazy\" decoding=\"async\" width=\"801\" height=\"942\" src=\"https:\/\/i0.wp.com\/manchacomic.es\/84ideas\/wp-content\/uploads\/2022\/03\/Gerardo_Macias_84_ideas_bocadillo.png?resize=801%2C942&#038;ssl=1\" alt=\"\" class=\"wp-image-1891\" srcset=\"https:\/\/i0.wp.com\/manchacomic.es\/84ideas\/wp-content\/uploads\/2022\/03\/Gerardo_Macias_84_ideas_bocadillo.png?w=801&amp;ssl=1 801w, https:\/\/i0.wp.com\/manchacomic.es\/84ideas\/wp-content\/uploads\/2022\/03\/Gerardo_Macias_84_ideas_bocadillo.png?resize=255%2C300&amp;ssl=1 255w, https:\/\/i0.wp.com\/manchacomic.es\/84ideas\/wp-content\/uploads\/2022\/03\/Gerardo_Macias_84_ideas_bocadillo.png?resize=768%2C903&amp;ssl=1 768w\" sizes=\"auto, (max-width: 801px) 100vw, 801px\" \/><\/figure>\n<\/div>\n\n\n<p class=\"has-text-align-center wp-block-paragraph\"><strong><strong><strong>Gerardo Mac\u00edas<\/strong><\/strong><\/strong><\/p>\n\n\n\n<p class=\"has-text-align-center wp-block-paragraph\">Sal\u00f3n Internacional del C\u00f3mic de Huelva.<\/p>\n\n\n\n<p class=\"has-text-align-center has-small-font-size wp-block-paragraph\"><em>Salon International de la BD de Huelva<\/em><\/p>\n<\/div>\n\n\n\n<div class=\"wp-block-column is-layout-flow wp-block-column-is-layout-flow\" style=\"flex-basis:66.66%\">\n<p class=\"wp-block-paragraph\">Periodista, humorista gr\u00e1fico, guionista y dibujante de tebeos, con experiencia en prensa y televisi\u00f3n. Coordinador del Sal\u00f3n Internacional del C\u00f3mic de Huelva que nace en 2007. Miembro de la Asociaci\u00f3n de la Prensa de Huelva y el Colegio de Periodistas de Andaluc\u00eda. <\/p>\n\n\n\n<p class=\"wp-block-paragraph\">A los 12 a\u00f1os de edad debuta como humorista de prensa (actividad que realiza durante m\u00e1s de 15 a\u00f1os) y a los 18 comienza a trabajar en equipo en los campos del audiovisual y del c\u00f3mic con sus hermanos Marco (Huelva, 1973-2016) y Ciro (Huelva, 1974), alianza que perdura tras el fallecimiento del segundo. <\/p>\n\n\n\n<p class=\"wp-block-paragraph\">En 2009 debuta su c\u00f3mic m\u00e1s celebrado en la actualidad: Biblos Superh\u00e9roe de Biblioteca, con una trilog\u00eda, y la siguiente en preparaci\u00f3n.<\/p>\n\n\n\n<p class=\"has-small-font-size wp-block-paragraph\"><em>Journaliste, caricaturiste, sc\u00e9nariste et dessinateur de bandes dessin\u00e9es, avec une exp\u00e9rience dans la presse et la t\u00e9l\u00e9vision. Coordinateur du Salon international de la bande dessin\u00e9e de Huelva, qui a d\u00e9but\u00e9 en 2007. Membre de l&#8217;Association de la presse de Huelva et du Coll\u00e8ge andalou des journalistes.<\/em><\/p>\n\n\n\n<p class=\"has-small-font-size wp-block-paragraph\"><em>\u00c0 l&#8217;\u00e2ge de 12 ans, il fait ses d\u00e9buts comme humoriste de presse (activit\u00e9 qu&#8217;il exercera pendant plus de 15 ans) et \u00e0 18 ans, il commence \u00e0 travailler en \u00e9quipe dans le domaine audiovisuel et comique avec ses fr\u00e8res Marco (Huelva, 1973-2016) et Ciro (Huelva, 1974), une alliance qui perdurera apr\u00e8s la mort de ce dernier.<\/em><\/p>\n\n\n\n<p class=\"has-small-font-size wp-block-paragraph\"><em>En 2009, il a lanc\u00e9 sa bande dessin\u00e9e la plus c\u00e9l\u00e8bre aujourd&#8217;hui : Biblos Superhero Library, avec une trilogie, et la suivante en pr\u00e9paration.<\/em><\/p>\n<\/div>\n<\/div>\n\n\n\n<p class=\"wp-block-paragraph\"><\/p>\n","protected":false},"excerpt":{"rendered":"<p>Gerardo Mac\u00edas Sal\u00f3n Internacional del C\u00f3mic de Huelva. Salon International de la BD de Huelva Periodista, humorista gr\u00e1fico, guionista y dibujante de tebeos, con experiencia en prensa y televisi\u00f3n. Coordinador del Sal\u00f3n Internacional del C\u00f3mic de Huelva que nace en 2007. Miembro de la Asociaci\u00f3n de la Prensa de Huelva y el Colegio de Periodistas &#8230; <a title=\"Gerardo Mac\u00edas\" class=\"read-more\" href=\"https:\/\/manchacomic.es\/84ideas\/gerardo-macias\/\" aria-label=\"Leer m\u00e1s sobre Gerardo Mac\u00edas\">Leer m\u00e1s<\/a><\/p>\n","protected":false},"author":1,"featured_media":0,"parent":0,"menu_order":0,"comment_status":"closed","ping_status":"closed","template":"","meta":{"om_disable_all_campaigns":false,"_uag_custom_page_level_css":"","_monsterinsights_skip_tracking":false,"_uf_show_specific_survey":0,"_uf_disable_surveys":false,"footnotes":""},"class_list":["post-1892","page","type-page","status-publish"],"yoast_head":"<!-- This site is optimized with the Yoast SEO plugin v28.3 - https:\/\/yoast.com\/product\/yoast-seo-wordpress\/ -->\n<title>Gerardo Mac\u00edas - 84 Ideas<\/title>\n<meta name=\"description\" content=\"Gerardo Mac\u00edas. Periodista, humorista gr\u00e1fico, guionista y dibujante de tebeos, con experiencia en prensa y televisi\u00f3n.\" \/>\n<meta name=\"robots\" content=\"index, follow, max-snippet:-1, max-image-preview:large, max-video-preview:-1\" \/>\n<link rel=\"canonical\" href=\"https:\/\/manchacomic.es\/84ideas\/gerardo-macias\/\" \/>\n<meta property=\"og:locale\" content=\"es_ES\" \/>\n<meta property=\"og:type\" content=\"article\" \/>\n<meta property=\"og:title\" content=\"Gerardo Mac\u00edas - 84 Ideas\" \/>\n<meta property=\"og:description\" content=\"Gerardo Mac\u00edas. Periodista, humorista gr\u00e1fico, guionista y dibujante de tebeos, con experiencia en prensa y televisi\u00f3n.\" \/>\n<meta property=\"og:url\" content=\"https:\/\/manchacomic.es\/84ideas\/gerardo-macias\/\" \/>\n<meta property=\"og:site_name\" content=\"84 Ideas\" \/>\n<meta property=\"article:modified_time\" content=\"2022-07-01T10:16:41+00:00\" \/>\n<meta property=\"og:image\" content=\"https:\/\/manchacomic.es\/84ideas\/wp-content\/uploads\/2022\/03\/Gerardo_Macias_84_ideas_bocadillo.png\" \/>\n<meta name=\"twitter:card\" content=\"summary_large_image\" \/>\n<meta name=\"twitter:label1\" content=\"Tiempo de lectura\" \/>\n\t<meta name=\"twitter:data1\" content=\"2 minutos\" \/>\n<script type=\"application\/ld+json\" class=\"yoast-schema-graph\">{\"@context\":\"https:\\\/\\\/schema.org\",\"@graph\":[{\"@type\":\"WebPage\",\"@id\":\"https:\\\/\\\/manchacomic.es\\\/84ideas\\\/gerardo-macias\\\/\",\"url\":\"https:\\\/\\\/manchacomic.es\\\/84ideas\\\/gerardo-macias\\\/\",\"name\":\"Gerardo Mac\u00edas - 84 Ideas\",\"isPartOf\":{\"@id\":\"https:\\\/\\\/manchacomic.es\\\/84ideas\\\/#website\"},\"primaryImageOfPage\":{\"@id\":\"https:\\\/\\\/manchacomic.es\\\/84ideas\\\/gerardo-macias\\\/#primaryimage\"},\"image\":{\"@id\":\"https:\\\/\\\/manchacomic.es\\\/84ideas\\\/gerardo-macias\\\/#primaryimage\"},\"thumbnailUrl\":\"https:\\\/\\\/manchacomic.es\\\/84ideas\\\/wp-content\\\/uploads\\\/2022\\\/03\\\/Gerardo_Macias_84_ideas_bocadillo.png\",\"datePublished\":\"2022-03-17T09:36:58+00:00\",\"dateModified\":\"2022-07-01T10:16:41+00:00\",\"description\":\"Gerardo Mac\u00edas. Periodista, humorista gr\u00e1fico, guionista y dibujante de tebeos, con experiencia en prensa y televisi\u00f3n.\",\"breadcrumb\":{\"@id\":\"https:\\\/\\\/manchacomic.es\\\/84ideas\\\/gerardo-macias\\\/#breadcrumb\"},\"inLanguage\":\"es\",\"potentialAction\":[{\"@type\":\"ReadAction\",\"target\":[\"https:\\\/\\\/manchacomic.es\\\/84ideas\\\/gerardo-macias\\\/\"]}]},{\"@type\":\"ImageObject\",\"inLanguage\":\"es\",\"@id\":\"https:\\\/\\\/manchacomic.es\\\/84ideas\\\/gerardo-macias\\\/#primaryimage\",\"url\":\"https:\\\/\\\/i0.wp.com\\\/manchacomic.es\\\/84ideas\\\/wp-content\\\/uploads\\\/2022\\\/03\\\/Gerardo_Macias_84_ideas_bocadillo.png?fit=801%2C942&ssl=1\",\"contentUrl\":\"https:\\\/\\\/i0.wp.com\\\/manchacomic.es\\\/84ideas\\\/wp-content\\\/uploads\\\/2022\\\/03\\\/Gerardo_Macias_84_ideas_bocadillo.png?fit=801%2C942&ssl=1\",\"width\":801,\"height\":942},{\"@type\":\"BreadcrumbList\",\"@id\":\"https:\\\/\\\/manchacomic.es\\\/84ideas\\\/gerardo-macias\\\/#breadcrumb\",\"itemListElement\":[{\"@type\":\"ListItem\",\"position\":1,\"name\":\"Home\",\"item\":\"https:\\\/\\\/manchacomic.es\\\/84ideas\\\/\"},{\"@type\":\"ListItem\",\"position\":2,\"name\":\"Gerardo Mac\u00edas\"}]},{\"@type\":\"WebSite\",\"@id\":\"https:\\\/\\\/manchacomic.es\\\/84ideas\\\/#website\",\"url\":\"https:\\\/\\\/manchacomic.es\\\/84ideas\\\/\",\"name\":\"84 Ideas\",\"description\":\"\",\"publisher\":{\"@id\":\"https:\\\/\\\/manchacomic.es\\\/84ideas\\\/#organization\"},\"potentialAction\":[{\"@type\":\"SearchAction\",\"target\":{\"@type\":\"EntryPoint\",\"urlTemplate\":\"https:\\\/\\\/manchacomic.es\\\/84ideas\\\/?s={search_term_string}\"},\"query-input\":{\"@type\":\"PropertyValueSpecification\",\"valueRequired\":true,\"valueName\":\"search_term_string\"}}],\"inLanguage\":\"es\"},{\"@type\":\"Organization\",\"@id\":\"https:\\\/\\\/manchacomic.es\\\/84ideas\\\/#organization\",\"name\":\"84 Ideas\",\"url\":\"https:\\\/\\\/manchacomic.es\\\/84ideas\\\/\",\"logo\":{\"@type\":\"ImageObject\",\"inLanguage\":\"es\",\"@id\":\"https:\\\/\\\/manchacomic.es\\\/84ideas\\\/#\\\/schema\\\/logo\\\/image\\\/\",\"url\":\"https:\\\/\\\/i0.wp.com\\\/manchacomic.es\\\/84ideas\\\/wp-content\\\/uploads\\\/2021\\\/04\\\/84_ideas_logo_version_A_png.png?fit=1818%2C484&ssl=1\",\"contentUrl\":\"https:\\\/\\\/i0.wp.com\\\/manchacomic.es\\\/84ideas\\\/wp-content\\\/uploads\\\/2021\\\/04\\\/84_ideas_logo_version_A_png.png?fit=1818%2C484&ssl=1\",\"width\":1818,\"height\":484,\"caption\":\"84 Ideas\"},\"image\":{\"@id\":\"https:\\\/\\\/manchacomic.es\\\/84ideas\\\/#\\\/schema\\\/logo\\\/image\\\/\"}}]}<\/script>\n<!-- \/ Yoast SEO plugin. -->","yoast_head_json":{"title":"Gerardo Mac\u00edas - 84 Ideas","description":"Gerardo Mac\u00edas. Periodista, humorista gr\u00e1fico, guionista y dibujante de tebeos, con experiencia en prensa y televisi\u00f3n.","robots":{"index":"index","follow":"follow","max-snippet":"max-snippet:-1","max-image-preview":"max-image-preview:large","max-video-preview":"max-video-preview:-1"},"canonical":"https:\/\/manchacomic.es\/84ideas\/gerardo-macias\/","og_locale":"es_ES","og_type":"article","og_title":"Gerardo Mac\u00edas - 84 Ideas","og_description":"Gerardo Mac\u00edas. Periodista, humorista gr\u00e1fico, guionista y dibujante de tebeos, con experiencia en prensa y televisi\u00f3n.","og_url":"https:\/\/manchacomic.es\/84ideas\/gerardo-macias\/","og_site_name":"84 Ideas","article_modified_time":"2022-07-01T10:16:41+00:00","og_image":[{"url":"https:\/\/manchacomic.es\/84ideas\/wp-content\/uploads\/2022\/03\/Gerardo_Macias_84_ideas_bocadillo.png","type":"","width":"","height":""}],"twitter_card":"summary_large_image","twitter_misc":{"Tiempo de lectura":"2 minutos"},"schema":{"@context":"https:\/\/schema.org","@graph":[{"@type":"WebPage","@id":"https:\/\/manchacomic.es\/84ideas\/gerardo-macias\/","url":"https:\/\/manchacomic.es\/84ideas\/gerardo-macias\/","name":"Gerardo Mac\u00edas - 84 Ideas","isPartOf":{"@id":"https:\/\/manchacomic.es\/84ideas\/#website"},"primaryImageOfPage":{"@id":"https:\/\/manchacomic.es\/84ideas\/gerardo-macias\/#primaryimage"},"image":{"@id":"https:\/\/manchacomic.es\/84ideas\/gerardo-macias\/#primaryimage"},"thumbnailUrl":"https:\/\/manchacomic.es\/84ideas\/wp-content\/uploads\/2022\/03\/Gerardo_Macias_84_ideas_bocadillo.png","datePublished":"2022-03-17T09:36:58+00:00","dateModified":"2022-07-01T10:16:41+00:00","description":"Gerardo Mac\u00edas. Periodista, humorista gr\u00e1fico, guionista y dibujante de tebeos, con experiencia en prensa y televisi\u00f3n.","breadcrumb":{"@id":"https:\/\/manchacomic.es\/84ideas\/gerardo-macias\/#breadcrumb"},"inLanguage":"es","potentialAction":[{"@type":"ReadAction","target":["https:\/\/manchacomic.es\/84ideas\/gerardo-macias\/"]}]},{"@type":"ImageObject","inLanguage":"es","@id":"https:\/\/manchacomic.es\/84ideas\/gerardo-macias\/#primaryimage","url":"https:\/\/i0.wp.com\/manchacomic.es\/84ideas\/wp-content\/uploads\/2022\/03\/Gerardo_Macias_84_ideas_bocadillo.png?fit=801%2C942&ssl=1","contentUrl":"https:\/\/i0.wp.com\/manchacomic.es\/84ideas\/wp-content\/uploads\/2022\/03\/Gerardo_Macias_84_ideas_bocadillo.png?fit=801%2C942&ssl=1","width":801,"height":942},{"@type":"BreadcrumbList","@id":"https:\/\/manchacomic.es\/84ideas\/gerardo-macias\/#breadcrumb","itemListElement":[{"@type":"ListItem","position":1,"name":"Home","item":"https:\/\/manchacomic.es\/84ideas\/"},{"@type":"ListItem","position":2,"name":"Gerardo Mac\u00edas"}]},{"@type":"WebSite","@id":"https:\/\/manchacomic.es\/84ideas\/#website","url":"https:\/\/manchacomic.es\/84ideas\/","name":"84 Ideas","description":"","publisher":{"@id":"https:\/\/manchacomic.es\/84ideas\/#organization"},"potentialAction":[{"@type":"SearchAction","target":{"@type":"EntryPoint","urlTemplate":"https:\/\/manchacomic.es\/84ideas\/?s={search_term_string}"},"query-input":{"@type":"PropertyValueSpecification","valueRequired":true,"valueName":"search_term_string"}}],"inLanguage":"es"},{"@type":"Organization","@id":"https:\/\/manchacomic.es\/84ideas\/#organization","name":"84 Ideas","url":"https:\/\/manchacomic.es\/84ideas\/","logo":{"@type":"ImageObject","inLanguage":"es","@id":"https:\/\/manchacomic.es\/84ideas\/#\/schema\/logo\/image\/","url":"https:\/\/i0.wp.com\/manchacomic.es\/84ideas\/wp-content\/uploads\/2021\/04\/84_ideas_logo_version_A_png.png?fit=1818%2C484&ssl=1","contentUrl":"https:\/\/i0.wp.com\/manchacomic.es\/84ideas\/wp-content\/uploads\/2021\/04\/84_ideas_logo_version_A_png.png?fit=1818%2C484&ssl=1","width":1818,"height":484,"caption":"84 Ideas"},"image":{"@id":"https:\/\/manchacomic.es\/84ideas\/#\/schema\/logo\/image\/"}}]}},"uagb_featured_image_src":{"full":false,"thumbnail":false,"medium":false,"medium_large":false,"large":false,"1536x1536":false,"2048x2048":false},"uagb_author_info":{"display_name":false,"author_link":"https:\/\/manchacomic.es\/84ideas\/author\/otxentaykuatro\/"},"uagb_comment_info":0,"uagb_excerpt":"Gerardo Mac\u00edas Sal\u00f3n Internacional del C\u00f3mic de Huelva. Salon International de la BD de Huelva Periodista, humorista gr\u00e1fico, guionista y dibujante de tebeos, con experiencia en prensa y televisi\u00f3n. Coordinador del Sal\u00f3n Internacional del C\u00f3mic de Huelva que nace en 2007. Miembro de la Asociaci\u00f3n de la Prensa de Huelva y el Colegio de Periodistas&hellip;","jetpack_sharing_enabled":false,"_links":{"self":[{"href":"https:\/\/manchacomic.es\/84ideas\/wp-json\/wp\/v2\/pages\/1892","targetHints":{"allow":["GET"]}}],"collection":[{"href":"https:\/\/manchacomic.es\/84ideas\/wp-json\/wp\/v2\/pages"}],"about":[{"href":"https:\/\/manchacomic.es\/84ideas\/wp-json\/wp\/v2\/types\/page"}],"author":[{"embeddable":true,"href":"https:\/\/manchacomic.es\/84ideas\/wp-json\/wp\/v2\/users\/1"}],"replies":[{"embeddable":true,"href":"https:\/\/manchacomic.es\/84ideas\/wp-json\/wp\/v2\/comments?post=1892"}],"version-history":[{"count":0,"href":"https:\/\/manchacomic.es\/84ideas\/wp-json\/wp\/v2\/pages\/1892\/revisions"}],"wp:attachment":[{"href":"https:\/\/manchacomic.es\/84ideas\/wp-json\/wp\/v2\/media?parent=1892"}],"curies":[{"name":"wp","href":"https:\/\/api.w.org\/{rel}","templated":true}]}}