{"id":1865,"date":"2022-03-14T18:46:00","date_gmt":"2022-03-14T18:46:00","guid":{"rendered":"https:\/\/manchacomic.es\/84ideas\/?page_id=1865"},"modified":"2024-02-05T13:21:40","modified_gmt":"2024-02-05T13:21:40","slug":"juanra-fernandez","status":"publish","type":"page","link":"https:\/\/manchacomic.es\/84ideas\/juanra-fernandez\/","title":{"rendered":"Juanra Fern\u00e1ndez"},"content":{"rendered":"\n<div style=\"height:10px\" aria-hidden=\"true\" class=\"wp-block-spacer\"><\/div>\n\n\n\n<div class=\"wp-block-columns is-layout-flex wp-container-core-columns-is-layout-8f761849 wp-block-columns-is-layout-flex\">\n<div class=\"wp-block-column is-layout-flow wp-block-column-is-layout-flow\" style=\"flex-basis:33.33%\"><div class=\"wp-block-image\">\n<figure class=\"aligncenter size-full\"><img data-recalc-dims=\"1\" loading=\"lazy\" decoding=\"async\" width=\"801\" height=\"942\" src=\"https:\/\/i0.wp.com\/manchacomic.es\/84ideas\/wp-content\/uploads\/2022\/03\/JUANRA_FERNANDEZ_84_ideas_bocadillo.png?resize=801%2C942&#038;ssl=1\" alt=\"\" class=\"wp-image-1864\" srcset=\"https:\/\/i0.wp.com\/manchacomic.es\/84ideas\/wp-content\/uploads\/2022\/03\/JUANRA_FERNANDEZ_84_ideas_bocadillo.png?w=801&amp;ssl=1 801w, https:\/\/i0.wp.com\/manchacomic.es\/84ideas\/wp-content\/uploads\/2022\/03\/JUANRA_FERNANDEZ_84_ideas_bocadillo.png?resize=255%2C300&amp;ssl=1 255w, https:\/\/i0.wp.com\/manchacomic.es\/84ideas\/wp-content\/uploads\/2022\/03\/JUANRA_FERNANDEZ_84_ideas_bocadillo.png?resize=768%2C903&amp;ssl=1 768w\" sizes=\"auto, (max-width: 801px) 100vw, 801px\" \/><\/figure>\n<\/div>\n\n\n<p class=\"has-text-align-center wp-block-paragraph\"><strong><strong><strong>Juanra Fern\u00e1ndez<\/strong><\/strong><\/strong><\/p>\n\n\n\n<p class=\"has-text-align-center wp-block-paragraph\">Guionista<\/p>\n\n\n\n<p class=\"has-text-align-center has-small-font-size wp-block-paragraph\"><em>Sc\u00e9nariste<\/em><\/p>\n<\/div>\n\n\n\n<div class=\"wp-block-column is-layout-flow wp-block-column-is-layout-flow\" style=\"flex-basis:66.66%\">\n<p class=\"wp-block-paragraph\">Actualmente est\u00e1 preparando dos proyectos audiovisuales, su pr\u00f3ximo largometraje, <strong>\u2018La escalera\u2019<\/strong> y la serie para plataformas <strong>\u2018El virtuoso\u2019<\/strong>, mientras sigue inmerso en la promoci\u00f3n internacional de su largometraje estrenado con el t\u00edtulo de <strong>\u2018Rocambola\u2019<\/strong>, que hasta la fecha ha cosechado varios premios internacionales en diferentes festivales de todo el mundo. Destacando la menci\u00f3n especial del jurado en Bombay, India; los premios a la interpretaci\u00f3n a los tres actores principales del film en la misma ciudad; el premio en Nueva York a mejor actor para Juan Diego Botto y el premio a la mejor pel\u00edcula internacional en Colombia.<\/p>\n\n\n\n<p class=\"wp-block-paragraph\">Su primer largometraje, <strong>&#8216;Para Elisa&#8217;<\/strong>, consigui\u00f3 el aplauso de la cr\u00edtica nacional e internacional, al tiempo que fue reconocido y premiado en importantes festivales del g\u00e9nero, como el Frightfest de Londres o el BARS de Buenos Aires.<\/p>\n\n\n\n<p class=\"wp-block-paragraph\">Su segundo trabajo: <strong>\u2018De p\u00farpura y escarlata\u2019<\/strong>, se estren\u00f3 a finales de verano del 2019 en televisi\u00f3n.<\/p>\n\n\n\n<p class=\"wp-block-paragraph\">En el 2017 recibi\u00f3 la <strong>Medalla de las Artes<\/strong> por su carrera en su ciudad natal, Cuenca.<\/p>\n\n\n\n<p class=\"wp-block-paragraph\">Tambi\u00e9n ha sido nombrado recientemente Miembro de la Academia de las Artes y las Ciencias Cinematogr\u00e1ficas de Espa\u00f1a.<\/p>\n\n\n\n<p class=\"wp-block-paragraph\">Juanra Fern\u00e1ndez naci\u00f3 en Cuenca en 1970. Tras estudiar Historia, inici\u00f3 su trayecto cinematogr\u00e1fico en la Facultad de Bellas Artes de la UCLM, donde estudi\u00f3 y trabaj\u00f3 en varios proyectos conjuntos, despu\u00e9s realiz\u00f3 cursos de direcci\u00f3n en la UQAM de Montr\u00e9al, Canad\u00e1 y de guion cinematogr\u00e1fico en Madrid, as\u00ed como un master en &#8216;Experto en direcci\u00f3n cinematogr\u00e1fica&#8217;.<\/p>\n\n\n\n<p class=\"wp-block-paragraph\">Es director de la Escuela Municipal de Cine y profesor de Guion y Producci\u00f3n en el Grado de Comunicaci\u00f3n Audiovisual de la Facultad de Periodismo de la UCLM.<\/p>\n\n\n\n<p class=\"wp-block-paragraph\">En el \u00e1mbito literario tiene publicadas cuatro novelas:<strong> &#8216;Quinto&#8217;<\/strong>, <strong>&#8216;M\u00e1s all\u00e1 del Eliseo&#8217;<\/strong> (Premio Ciudad de Valeria de novela hist\u00f3rica), <strong>&#8216;Yo mat\u00e9 a Cristo&#8217;<\/strong> y <strong>\u2018Caracalla y yo\u2019<\/strong>.<\/p>\n\n\n\n<p class=\"wp-block-paragraph\">Como guionista de c\u00f3mic ha escrito la serie <strong>\u2018Gloria Victis\u2019<\/strong>, editada por la editorial francesa Dargaud-Le lombard y con la que ha conseguido el premio al mejor guion de c\u00f3mic hist\u00f3rico en el festival de N\u00eemes, Francia.<\/p>\n\n\n\n<p class=\"wp-block-paragraph\">Curr\u00edculo cinematogr\u00e1fico.<\/p>\n\n\n\n<ul class=\"wp-block-list\">\n<li>2018. Director y guionista del largometraje: \u201c<strong>Rocambola<\/strong>\u201d. Producido por Marcianetes Films. Circuito internacional de festivales.<\/li>\n\n\n\n<li>2017. Director y guionista del largometraje: \u201c<strong>De p\u00farpura y escarlata<\/strong>\u201d. Producido por Buen Paso Films producciones. Pendiente de estreno.<\/li>\n\n\n\n<li>2016. Director y guionista del cortometraje musical: \u201c<strong>La cena<\/strong>\u201d. Protagonizado por Pablo Carbonell.<\/li>\n\n\n\n<li>2013. Director y guionista del largometraje \u201c<strong>Para Elisa<\/strong>\u201d producido por Produccions del Primer Cinquena S.L.<\/li>\n\n\n\n<li>2007. Guion y direcci\u00f3n del cortometraje \u201c<strong>Misericordiam tuam<\/strong>\u201d, protagonizado por \u00c1lvaro de Luna y Javier Pereira.<\/li>\n<\/ul>\n\n\n\n<p class=\"wp-block-paragraph\">C\u00d3MIC:<\/p>\n\n\n\n<p class=\"wp-block-paragraph\"><strong>GLORIA VICTIS<\/strong><\/p>\n\n\n\n<p class=\"wp-block-paragraph\">La ambientaci\u00f3n del mejor p\u00e9plum, un dibujo fant\u00e1stico donde destaca la composici\u00f3n arm\u00f3nica. Una serie prometedora<br><br>Han pasado ya doce a\u00f1os desde el fat\u00eddico d\u00eda que vio morir al padre de Aelio en plena carrera de aurigas. Aquel d\u00eda, el joven muchacho se hizo una promesa: que no iba a sufrir el mismo destino. Pero el destino distribuye las cartas a placer\u2026 Lo quiera o no, Aelio ha heredado el don de su padre para comprender los caballos y manejar sus riendas. Ese talento lo conducir\u00e1 hasta el Coliseo romano. Todo con tal de honrar a quien le dio la vida. En memoria de los vencidos.<br><br>El guionista y director de cine Juanra Fern\u00e1ndez nos trae esta historia dibujada por Mateo Guerrero (Beast, Turo) inspirada en hechos reales.<\/p>\n\n\n\n<figure class=\"wp-block-embed\"><div class=\"wp-block-embed__wrapper\">\nhttps:\/\/www.rtve.es\/noticias\/20150511\/gloria-victis-comic-tan-espectacular-como-ben-hur\/1139622.shtml\n<\/div><\/figure>\n\n\n\n<figure class=\"wp-block-embed\"><div class=\"wp-block-embed__wrapper\">\nhttps:\/\/www.normaeditorial.com\/catalogo\/comic-europeo\/serie\/gloria-victis\n<\/div><\/figure>\n\n\n\n<p class=\"wp-block-paragraph\">LARGOMETRAJES:<\/p>\n\n\n\n<p class=\"wp-block-paragraph\"><strong>PARA ELISA<\/strong> (2013)<\/p>\n\n\n\n<p class=\"wp-block-paragraph\">Cuando se parte de un guion inspirado en los escenarios donde el autor imagina la acci\u00f3n, es dif\u00edcil trasladarlo a otro lugar. Ese fue el planteamiento inicial de esta pel\u00edcula, rodarse \u00edntegramente en Cuenca, y esa fue la lucha de su director y guionista desde el inicio, ya que los productores quer\u00edan situar el rodaje en la localidad leridana de T\u00e1rrega. Al final bastaron dos o tres visitas a las localizaciones planteadas para convencer a los productores de la idoneidad esc\u00e9nica de Cuenca, a pesar de los inconvenientes propios de un lugar poco habituado a rodajes cinematogr\u00e1ficos.<\/p>\n\n\n\n<p class=\"wp-block-paragraph\">Las calles de Cuenca albergan la historia de Ana, una joven estudiante que necesitada de dinero acude a una demanda de empleo, aunque se encuentra con una oferta poco habitual y muy extra\u00f1a. Para rodar el hogar de la exc\u00e9ntrica Diamantina se utiliz\u00f3 el interior de un edificio emblem\u00e1tico de la arquitectura paisaj\u00edstica conquense, la casa Catalina, cuya familia prest\u00f3 desinteresadamente para su utilizaci\u00f3n.<\/p>\n\n\n\n<p class=\"wp-block-paragraph\">En este inmueble de varias plantas que se alza en la c\u00e9ntrica calle de Jos\u00e9 Cobo, se habilitaron los plat\u00f3s para dar cabida a la prisi\u00f3n de Ana, la casa de la ya citada Diamantina y su hija Elisa.<\/p>\n\n\n\n<p class=\"wp-block-paragraph\">El rodaje transcurri\u00f3 repleto de an\u00e9cdotas sobre el ambiente misterioso que ya de por s\u00ed posee el edificio y finalmente, con una cuidada fotograf\u00eda y excelente trabajo de decoraci\u00f3n, los personajes cobraron vida bajo la batuta de Juanra Fern\u00e1ndez, inmortalizando a esa Elisa y convirti\u00e9ndola en alguien a quien nunca nos querr\u00edamos cruzar en nuestras vidas.<\/p>\n\n\n\n<p class=\"wp-block-paragraph\">La pel\u00edcula, tras su estreno en salas nacionales, ha tenido un recorrido universal, participando y ganando premios en festivales de todo el mundo, desde Londres a Buenos Aires, pasando por Los \u00c1ngeles, Oporto o Bruselas entre otras ciudades. En el a\u00f1o 2016 una publicaci\u00f3n especializada de Estados Unidos la recomendaba entre las cinco mejores pel\u00edculas de terror para ver en el canal Netflix**.<\/p>\n\n\n\n<p class=\"wp-block-paragraph\">**(Enlace adjunto)<\/p>\n\n\n\n<p class=\"wp-block-paragraph\"><strong>DE P\u00daRPURA Y ESCARLATA<\/strong> (2017)<\/p>\n\n\n\n<p class=\"wp-block-paragraph\">El segundo largometraje de Juanra Fern\u00e1ndez tambi\u00e9n traslad\u00f3 su rodaje a Cuenca. La hoz del r\u00edo J\u00facar es la localizaci\u00f3n principal en la trama de la pel\u00edcula, en la que una ni\u00f1a aparece mal herida y amn\u00e9sica junto al r\u00edo. Ella, junto a dos de sus compa\u00f1eras, hab\u00edan desaparecido de un internado religioso d\u00edas antes.<\/p>\n\n\n\n<p class=\"wp-block-paragraph\">La polic\u00eda inicia la investigaci\u00f3n apoyados por un inspector que llega desde Madrid y es experto en sectas. El rastreo empezar\u00e1 a desenmara\u00f1ar ciertos aspectos que complican lo que en principio parec\u00eda un caso f\u00e1cil.<\/p>\n\n\n\n<p class=\"wp-block-paragraph\">Para el desarrollo de esta trama, el rodaje se instal\u00f3 en nuestra ciudad durante dos meses, encerr\u00e1ndose todo el equipo t\u00e9cnico para filmar interiores en las instalaciones del Colegio P\u00fablico San Juli\u00e1n, a las afueras de la ciudad en la antigua carretera Nacional a Madrid. All\u00ed se habilitaron las estancias del internado, ya que este colegio anteriormente fue Escuela Hogar. Se dispusieron de varias plantas superiores del edificio y del entorno paisaj\u00edstico del mismo. Tambi\u00e9n, tras un excelente trabajo de arte se convirti\u00f3 en un hospital, contando con mobiliario antiguo cedido por el Hospital Virgen de la Luz. All\u00ed, tras cambiar colores de paredes y cortinajes, nadie podr\u00eda adivinar que se trataba de los mismos decorados de otras varias escenas.<\/p>\n\n\n\n<p class=\"wp-block-paragraph\">Los exteriores, al igual que en Para Elisa, se centraron en el Casco Hist\u00f3rico conquense, simulando en la ficci\u00f3n lo que aparentemente deb\u00eda ser una tranquila ciudad, convirti\u00e9ndose de este modo Cuenca, su arquitectura y paisaje, en uno m\u00e1s de los protagonistas de esta historia.<\/p>\n\n\n\n<p class=\"wp-block-paragraph\">En el r\u00edo J\u00facar, a la altura de la piedra del caballo, se filmaron varias escenas de las desapariciones y posterior b\u00fasqueda de las v\u00edctimas. Incluso se emplearon barcas y caballos para enfatizar el dramatismo f\u00edlmico. Y la noche conquense se ilumin\u00f3 tenuemente para recrear un ambiente fr\u00edo y solitario, acentuando el misterio de las escenas.<\/p>\n\n\n\n<p class=\"wp-block-paragraph\">Una de las tomas m\u00e1s dif\u00edciles de la pel\u00edcula se rod\u00f3 en el emblem\u00e1tico puente de san Pablo, para esa escena se recurri\u00f3 a la participaci\u00f3n de un especialista, que tras asegurarse con todos los medios de anclaje necesarios, experiment\u00f3 en primera persona la sensaci\u00f3n de vac\u00edo que se genera al sobrepasar la seguridad de la baranda f\u00e9rrea que resguarda el paseo colgante de la estructura. Sin duda ese plano acentuar\u00e1 el respeto al elevado puente para los visitantes que acudan a nuestra ciudad despu\u00e9s de haber visto la pel\u00edcula.<\/p>\n\n\n\n<p class=\"wp-block-paragraph\"><strong>ROCAMBOLA<\/strong> (2018)<\/p>\n\n\n\n<p class=\"wp-block-paragraph\">El tercer largometraje de Juanra Fern\u00e1ndez se rod\u00f3 en las localidades castellano manchegas de Cuenca y Toledo.<\/p>\n\n\n\n<p class=\"wp-block-paragraph\">Protagonizado por Juan Diego Botto, Jan Cornet, Sheila Ponce, Elisa Matilla y Ana \u00c1lvarez. La pel\u00edcula relata en tono de thriller como Dante, un ladr\u00f3n profesional que subsiste a base de peque\u00f1os trabajos muy bien escogidos, se adentra en un caser\u00f3n aislado y que \u00e9l cree que estar\u00e1 vac\u00edo para desbalijar la caja fuerte.<\/p>\n\n\n\n<p class=\"wp-block-paragraph\">Pero en esa incursi\u00f3n va a descubrir que no est\u00e1 solo en el interior de la casa. Repentinamente se encuentra de frente a una extra\u00f1a pareja cuya reacci\u00f3n no es otra que invitarle a desayunar.<\/p>\n\n\n\n<p class=\"wp-block-paragraph\">El sorprendido ladr\u00f3n acepta la an\u00f3mala invitaci\u00f3n con el fin de evitar que avisen a la polic\u00eda, y de ese modo se convierte en part\u00edcipe activo del extra\u00f1o juego. Saeta, el supuesto propietario de la casa, le sugiere que le demuestre su capacidad para abrir una caja fuerte, a cambio le recompensar\u00e1 con diez mil euros si lo logra.<\/p>\n\n\n\n<p class=\"wp-block-paragraph\">Dante acepta sin saber cual es el contenido de la caja, ni la vinculaci\u00f3n de la pareja anfitriona con el inmueble.<\/p>\n\n\n\n<p class=\"wp-block-paragraph\">En el momento que logra descubrir el contenido, su prioridad cambia radicalmente, ya no le interesa el dinero, ahora lo m\u00e1s importante es sobrevivir.<\/p>\n\n\n\n<p class=\"wp-block-paragraph\">Partiendo de una idea original, el guion de \u2018Rocambola\u2019 crece en base a una premisa b\u00e1sica, la necesidad de dinero y lo que estar\u00edamos dispuestos a hacer por \u00e9l. La narraci\u00f3n se desarrolla en un ambiente extra\u00f1o que mantiene al espectador en ese suspense inevitable sobre lo que va a acontecer.<\/p>\n\n\n\n<p class=\"has-small-font-size wp-block-paragraph\"><em>Il pr\u00e9pare actuellement deux projets audiovisuels, son prochain long m\u00e9trage, \u00abLa escalera\u00bb, et la s\u00e9rie pour plateformes \u00abEl virtuoso\u00bb, tout en continuant \u00e0 se consacrer \u00e0 la promotion internationale de son long m\u00e9trage \u00abRocambola\u00bb, qui a d\u00e9j\u00e0 remport\u00e9 plusieurs prix internationaux dans diff\u00e9rents festivals du monde entier. Parmi les faits marquants, citons une mention sp\u00e9ciale du jury \u00e0 Bombay, en Inde ; les prix d&#8217;interpr\u00e9tation des trois acteurs principaux du film dans la m\u00eame ville ; le prix du meilleur acteur \u00e0 New York pour Juan Diego Botto et le prix du meilleur film international en Colombie.<\/em><\/p>\n\n\n\n<p class=\"has-small-font-size wp-block-paragraph\"><em>Son premier long m\u00e9trage, \u00abPara Elisa\u00bb, a \u00e9t\u00e9 acclam\u00e9 par la critique nationale et internationale, et a \u00e9t\u00e9 reconnu et r\u00e9compens\u00e9 lors de festivals de genre importants, tels que le Frightfest \u00e0 Londres et le BARS \u00e0 Buenos Aires.<\/em><\/p>\n\n\n\n<p class=\"has-small-font-size wp-block-paragraph\"><em>Sa deuxi\u00e8me \u0153uvre : \u00bb De p\u00farpura y escarlata \u00ab, a \u00e9t\u00e9 cr\u00e9\u00e9e \u00e0 la fin de l&#8217;\u00e9t\u00e9 2019 \u00e0 la t\u00e9l\u00e9vision.<\/em><\/p>\n\n\n\n<p class=\"has-small-font-size wp-block-paragraph\"><em>En 2017, il a re\u00e7u la m\u00e9daille des arts pour sa carri\u00e8re dans sa ville natale, Cuenca.<\/em><\/p>\n\n\n\n<p class=\"has-small-font-size wp-block-paragraph\"><em>Il a \u00e9galement \u00e9t\u00e9 r\u00e9cemment nomm\u00e9 membre de l&#8217;Acad\u00e9mie des arts et des sciences du cin\u00e9ma d&#8217;Espagne.<\/em><\/p>\n\n\n\n<p class=\"has-small-font-size wp-block-paragraph\"><em>Juanra Fern\u00e1ndez est n\u00e9 \u00e0 Cuenca en 1970. Apr\u00e8s des \u00e9tudes d&#8217;histoire, il a commenc\u00e9 son parcours cin\u00e9matographique \u00e0 la facult\u00e9 des beaux-arts de l&#8217;UCLM, o\u00f9 il a \u00e9tudi\u00e9 et travaill\u00e9 sur plusieurs projets communs, puis a suivi des cours de r\u00e9alisation \u00e0 l&#8217;UQAM \u00e0 Montr\u00e9al, au Canada, et des cours d&#8217;\u00e9criture de sc\u00e9narios de films \u00e0 Madrid, ainsi qu&#8217;un master d'\u00bbExpert en r\u00e9alisation de films\u00bb.<\/em><\/p>\n\n\n\n<p class=\"has-small-font-size wp-block-paragraph\"><em>Il est directeur de l&#8217;\u00e9cole municipale de cin\u00e9ma et professeur de sc\u00e9nario et de production dans le cadre de la licence en communication audiovisuelle de la facult\u00e9 de journalisme de l&#8217;UCLM.<\/em><\/p>\n\n\n\n<p class=\"has-small-font-size wp-block-paragraph\"><em>Dans le domaine litt\u00e9raire, il a publi\u00e9 quatre romans : \u00abQuinto\u00bb, \u00abM\u00e1s all\u00e1 del Eliseo\u00bb (prix du roman historique de la ville de Valeria), \u00abYo mat\u00e9 a Cristo\u00bb et \u00abCaracalla y yo\u00bb.<\/em><\/p>\n\n\n\n<p class=\"has-small-font-size wp-block-paragraph\"><em>En tant que sc\u00e9nariste de bande dessin\u00e9e, il a \u00e9crit la s\u00e9rie \u00abGloria Victis\u00bb, publi\u00e9e par la maison d&#8217;\u00e9dition fran\u00e7aise Dargaud-Le Lombard, qui a remport\u00e9 le prix du meilleur sc\u00e9nario de bande dessin\u00e9e historique au festival de N\u00eemes en France.<\/em><\/p>\n\n\n\n<p class=\"has-small-font-size wp-block-paragraph\"><em>Cin\u00e9matographie.<\/em><\/p>\n\n\n\n<p class=\"has-small-font-size wp-block-paragraph\"><em>2018. R\u00e9alisateur et sc\u00e9nariste du long m\u00e9trage : \u00abRocambola\u00bb. Produit par Marcianetes Films. Circuit international des festivals.<\/em><\/p>\n\n\n\n<p class=\"has-small-font-size wp-block-paragraph\"><em>2017. R\u00e9alisateur et sc\u00e9nariste du long m\u00e9trage : \u00abDe p\u00farpura y escarlata\u00bb. Produit par Buen Paso Films productions. En attente de publication.<\/em><\/p>\n\n\n\n<p class=\"has-small-font-size wp-block-paragraph\"><em>2016. R\u00e9alisateur et sc\u00e9nariste du court-m\u00e9trage musical : \u00abLa cena\u00bb. Avec Pablo Carbonell.<\/em><\/p>\n\n\n\n<p class=\"has-small-font-size wp-block-paragraph\"><em>2013. R\u00e9alisateur et sc\u00e9nariste du long m\u00e9trage \u00abPara Elisa\u00bb produit par Produccions del Primer Cinquena S.L.<\/em><\/p>\n\n\n\n<p class=\"has-small-font-size wp-block-paragraph\"><em>2007. Sc\u00e9nario et r\u00e9alisation du court-m\u00e9trage \u00abMisericordiam tuam\u00bb, avec \u00c1lvaro de Luna et Javier Pereira.<\/em><\/p>\n\n\n\n<p class=\"has-small-font-size wp-block-paragraph\"><em>COMIC :<\/em><\/p>\n\n\n\n<p class=\"has-small-font-size wp-block-paragraph\"><em>GLORIA VICTIS<\/em><\/p>\n\n\n\n<p class=\"has-small-font-size wp-block-paragraph\"><em>Mise en sc\u00e8ne du meilleur p\u00e9plum, un dessin fantastique o\u00f9 la composition harmonique ressort. Une s\u00e9rie prometteuse.<\/em><\/p>\n\n\n\n<p class=\"has-small-font-size wp-block-paragraph\"><em>Douze ans se sont \u00e9coul\u00e9s depuis le jour fatidique qui a vu le p\u00e8re d&#8217;Aelio mourir au milieu d&#8217;une course de chars. Ce jour-l\u00e0, le jeune gar\u00e7on s&#8217;est fait une promesse : celle de ne pas subir le m\u00eame sort. Mais le destin distribue les cartes comme il l&#8217;entend&#8230; Qu&#8217;il le veuille ou non, Aelio a h\u00e9rit\u00e9 du don de son p\u00e8re pour comprendre les chevaux et manier leurs r\u00eanes. Ce talent le m\u00e8nera au Colis\u00e9e romain. Tout cela afin d&#8217;honorer celui qui lui a donn\u00e9 la vie. En m\u00e9moire des vaincus.<\/em><\/p>\n\n\n\n<p class=\"has-small-font-size wp-block-paragraph\"><em>Le sc\u00e9nariste et r\u00e9alisateur Juanra Fern\u00e1ndez nous livre cette histoire dessin\u00e9e par Mateo Guerrero (Beast, Turo) inspir\u00e9e de faits r\u00e9els.<\/em><\/p>\n\n\n\n<figure class=\"wp-block-embed\"><div class=\"wp-block-embed__wrapper\">\nhttps:\/\/www.rtve.es\/noticias\/20150511\/gloria-victis-comic-tan-espectacular-como-ben-hur\/1139622.shtml\n<\/div><\/figure>\n\n\n\n<figure class=\"wp-block-embed\"><div class=\"wp-block-embed__wrapper\">\nhttps:\/\/www.normaeditorial.com\/catalogo\/comic-europeo\/serie\/gloria-victis\n<\/div><\/figure>\n\n\n\n<p class=\"has-small-font-size wp-block-paragraph\"><em>LONGS M\u00c9TRAGES :<\/em><\/p>\n\n\n\n<p class=\"has-small-font-size wp-block-paragraph\"><em>POUR ELISA (2013)<\/em><\/p>\n\n\n\n<p class=\"has-small-font-size wp-block-paragraph\"><em>Lorsque l&#8217;on part d&#8217;un sc\u00e9nario inspir\u00e9 de sc\u00e9narios o\u00f9 l&#8217;auteur imagine l&#8217;action, il est difficile de le transf\u00e9rer dans un autre lieu. C&#8217;\u00e9tait l&#8217;approche initiale de ce film, qui devait \u00eatre tourn\u00e9 enti\u00e8rement \u00e0 Cuenca, et ce fut le combat de son r\u00e9alisateur et de son sc\u00e9nariste d\u00e8s le d\u00e9but, car les producteurs voulaient situer le tournage dans la ville de T\u00e1rrega, \u00e0 Lleida. En fin de compte, deux ou trois visites des lieux propos\u00e9s ont suffi \u00e0 convaincre les producteurs de la pertinence du paysage de Cuenca, malgr\u00e9 les inconv\u00e9nients d&#8217;un endroit peu habitu\u00e9 aux tournages de films.<\/em><\/p>\n\n\n\n<p class=\"has-small-font-size wp-block-paragraph\"><em>Les rues de Cuenca servent de cadre \u00e0 l&#8217;histoire d&#8217;Ana, une jeune \u00e9tudiante qui, ayant besoin d&#8217;argent, postule un emploi, mais se trouve confront\u00e9e \u00e0 une offre inhabituelle et tr\u00e8s \u00e9trange. Pour filmer la maison de l&#8217;excentrique Diamantina, on a utilis\u00e9 l&#8217;int\u00e9rieur d&#8217;un b\u00e2timent embl\u00e9matique de l&#8217;architecture paysag\u00e8re de Cuenca, la maison Catalina, que la famille a pr\u00eat\u00e9e de mani\u00e8re d\u00e9sint\u00e9ress\u00e9e pour son utilisation.<\/em><\/p>\n\n\n\n<p class=\"has-small-font-size wp-block-paragraph\"><em>Dans ce b\u00e2timent \u00e0 plusieurs \u00e9tages de la rue centrale de Jos\u00e9 Cobo, les d\u00e9cors ont \u00e9t\u00e9 install\u00e9s pour abriter la prison d&#8217;Ana, la maison de la susdite Diamantina et de sa fille Elisa.<\/em><\/p>\n\n\n\n<p class=\"has-small-font-size wp-block-paragraph\"><em>Le tournage a \u00e9t\u00e9 riche en anecdotes sur l&#8217;atmosph\u00e8re myst\u00e9rieuse que poss\u00e8de d\u00e9j\u00e0 le b\u00e2timent et finalement, avec une photographie soign\u00e9e et un excellent travail de d\u00e9coration, les personnages ont pris vie sous la baguette de Juanra Fern\u00e1ndez, immortalisant cette Elisa et la transformant en une personne que nous ne voudrions jamais croiser dans notre vie.<\/em><\/p>\n\n\n\n<p class=\"has-small-font-size wp-block-paragraph\"><em>Le film, apr\u00e8s sa premi\u00e8re dans les cin\u00e9mas nationaux, a fait une tourn\u00e9e universelle, participant et remportant des prix dans des festivals du monde entier, de Londres \u00e0 Buenos Aires, en passant par Los Angeles, Porto ou Bruxelles, entre autres villes. En 2016, une publication sp\u00e9cialis\u00e9e des \u00c9tats-Unis l&#8217;a recommand\u00e9 comme l&#8217;un des cinq meilleurs films d&#8217;horreur \u00e0 regarder sur Netflix**.<\/em><\/p>\n\n\n\n<p class=\"has-small-font-size wp-block-paragraph\"><em>**(Lien ci-joint)<\/em><\/p>\n\n\n\n<p class=\"has-small-font-size wp-block-paragraph\"><em>DE POURPRE ET D&#8217;\u00c9CARLATE (2017)<\/em><\/p>\n\n\n\n<p class=\"has-small-font-size wp-block-paragraph\"><em>Le deuxi\u00e8me long m\u00e9trage de Juanra Fern\u00e1ndez a \u00e9galement d\u00e9plac\u00e9 son tournage \u00e0 Cuenca. La faucille du fleuve J\u00facar est le lieu principal de l&#8217;intrigue du film, dans lequel une jeune fille appara\u00eet gravement bless\u00e9e et amn\u00e9sique \u00e0 c\u00f4t\u00e9 du fleuve. Elle avait disparu, ainsi que deux de ses camarades de classe, d&#8217;un pensionnat religieux quelques jours plus t\u00f4t.<\/em><\/p>\n\n\n\n<p class=\"has-small-font-size wp-block-paragraph\"><em>La police commence l&#8217;enqu\u00eate soutenue par un inspecteur qui arrive de Madrid, expert des sectes. L\u2019enqu\u00eate commence \u00e0 d\u00e9voiler certains aspects qui compliquent ce qui semblait au d\u00e9part \u00eatre une affaire facile.<\/em><\/p>\n\n\n\n<p class=\"has-small-font-size wp-block-paragraph\"><em>Pour le d\u00e9veloppement de cette intrigue, le tournage s&#8217;est d\u00e9roul\u00e9 dans notre ville pendant deux mois, toute l&#8217;\u00e9quipe technique \u00e9tant enferm\u00e9e pour filmer les int\u00e9rieurs dans les locaux de l&#8217;\u00e9cole publique San Juli\u00e1n, \u00e0 la p\u00e9riph\u00e9rie de la ville, sur l&#8217;ancienne route nationale de Madrid. Les chambres de l&#8217;internat y ont \u00e9t\u00e9 am\u00e9nag\u00e9es, car cette \u00e9cole \u00e9tait auparavant un foyer scolaire. Plusieurs \u00e9tages sup\u00e9rieurs du b\u00e2timent et son environnement paysager ont \u00e9t\u00e9 mis \u00e0 disposition. De plus, apr\u00e8s avoir \u00e9t\u00e9 une excellente \u0153uvre d&#8217;art, il a \u00e9t\u00e9 transform\u00e9 en h\u00f4pital, avec des meubles anciens donn\u00e9s par l&#8217;h\u00f4pital Virgen de la Luz. L\u00e0, apr\u00e8s avoir chang\u00e9 les couleurs des murs et des rideaux, personne ne pouvait deviner qu&#8217;il s&#8217;agissait des m\u00eames d\u00e9cors de plusieurs autres sc\u00e8nes.<\/em><\/p>\n\n\n\n<p class=\"has-small-font-size wp-block-paragraph\"><em>Les ext\u00e9rieurs, comme dans Para Elisa, \u00e9taient centr\u00e9s sur le centre historique de Cuenca, simulant dans la fiction ce qui \u00e9tait apparemment cens\u00e9 \u00eatre une ville tranquille, transformant ainsi Cuenca, son architecture et son paysage, en un autre des personnages de cette histoire.<\/em><\/p>\n\n\n\n<p class=\"has-small-font-size wp-block-paragraph\"><em>Plusieurs sc\u00e8nes des disparitions et de la recherche ult\u00e9rieure des victimes ont \u00e9t\u00e9 film\u00e9es sur la rivi\u00e8re J\u00facar, \u00e0 la hauteur de la pierre du cheval. Des bateaux et des chevaux ont m\u00eame \u00e9t\u00e9 utilis\u00e9s pour souligner le caract\u00e8re dramatique du film. Et la nuit de Cuenca \u00e9tait faiblement \u00e9clair\u00e9e pour recr\u00e9er une atmosph\u00e8re froide et solitaire, accentuant le myst\u00e8re des sc\u00e8nes.<\/em><\/p>\n\n\n\n<p class=\"has-small-font-size wp-block-paragraph\"><em>L&#8217;un des plans les plus difficiles du film a \u00e9t\u00e9 tourn\u00e9 sur l&#8217;embl\u00e9matique pont de San Pablo. Pour cette sc\u00e8ne, il a \u00e9t\u00e9 fait appel \u00e0 un sp\u00e9cialiste qui, apr\u00e8s avoir assur\u00e9 tous les moyens d&#8217;ancrage n\u00e9cessaires, a ressenti le vide g\u00e9n\u00e9r\u00e9 par le passage au-dessus de la s\u00e9curit\u00e9 de la balustrade ferroviaire qui prot\u00e8ge la passerelle suspendue de la structure. Nul doute que ce plan accentuera l\u2019admiration pour le pont sur\u00e9lev\u00e9 des visiteurs qui viendront dans notre ville apr\u00e8s avoir vu le film.<\/em><\/p>\n\n\n\n<p class=\"has-small-font-size wp-block-paragraph\"><em>ROCAMBOLE (2018)<\/em><\/p>\n\n\n\n<p class=\"has-small-font-size wp-block-paragraph\"><em>Le troisi\u00e8me long m\u00e9trage de Juanra Fern\u00e1ndez a \u00e9t\u00e9 tourn\u00e9 dans les villes castillanes de Cuenca et de Tol\u00e8de.<\/em><\/p>\n\n\n\n<p class=\"has-small-font-size wp-block-paragraph\"><em>Il met en vedette Juan Diego Botto, Jan Cornet, Sheila Ponce, Elisa Matilla et Ana \u00c1lvarez. Sur le ton du thriller, le film raconte l&#8217;histoire de Dante, un voleur professionnel qui subsiste gr\u00e2ce \u00e0 de petits boulots bien choisis, qui se rend dans une maison isol\u00e9e qu&#8217;il croit vide pour en percer le coffre.<\/em><\/p>\n\n\n\n<p class=\"has-small-font-size wp-block-paragraph\"><em>Mais lors de cette incursion, il d\u00e9couvre qu&#8217;il n&#8217;est pas seul \u00e0 l&#8217;int\u00e9rieur de la maison. Soudain, il est confront\u00e9 \u00e0 un \u00e9trange couple dont la r\u00e9action n&#8217;est autre que de l&#8217;inviter \u00e0 prendre le petit-d\u00e9jeuner.<\/em><\/p>\n\n\n\n<p class=\"has-small-font-size wp-block-paragraph\"><em>Le voleur surpris accepte l&#8217;\u00e9tonnante invitation afin d&#8217;\u00e9viter qu&#8217;ils n&#8217;alertent la police, et devient ainsi un participant actif de cet \u00e9trange jeu. Saeta, le suppos\u00e9 propri\u00e9taire de la maison, lui propose de d\u00e9montrer sa capacit\u00e9 \u00e0 ouvrir un coffre-fort, en \u00e9change d&#8217;une r\u00e9compense de dix mille euros s&#8217;il y parvient.<\/em><\/p>\n\n\n\n<p class=\"has-small-font-size wp-block-paragraph\"><em>Dante accepte sans conna\u00eetre le contenu de la bo\u00eete, ni le lien du couple h\u00f4te avec la propri\u00e9t\u00e9.<\/em><\/p>\n\n\n\n<p class=\"has-small-font-size wp-block-paragraph\"><em>D\u00e8s qu&#8217;il parvient \u00e0 en d\u00e9couvrir le contenu, sa priorit\u00e9 change radicalement, l&#8217;argent ne l&#8217;int\u00e9resse plus, le plus important est d\u00e9sormais de survivre.<\/em><\/p>\n\n\n\n<p class=\"has-small-font-size wp-block-paragraph\"><em>Partant d&#8217;une id\u00e9e originale, le sc\u00e9nario de \u00abRocambola\u00bb se d\u00e9veloppe \u00e0 partir d&#8217;une pr\u00e9misse de base, le besoin d&#8217;argent et ce que nous serions pr\u00eats \u00e0 faire pour l&#8217;obtenir. Le r\u00e9cit se d\u00e9roule dans une atmosph\u00e8re \u00e9trange qui maintient le spectateur dans un suspense in\u00e9vitable.<\/em><\/p>\n<\/div>\n<\/div>\n\n\n\n<p class=\"wp-block-paragraph\"><\/p>\n","protected":false},"excerpt":{"rendered":"<p>Juanra Fern\u00e1ndez Guionista Sc\u00e9nariste Actualmente est\u00e1 preparando dos proyectos audiovisuales, su pr\u00f3ximo largometraje, \u2018La escalera\u2019 y la serie para plataformas \u2018El virtuoso\u2019, mientras sigue inmerso en la promoci\u00f3n internacional de su largometraje estrenado con el t\u00edtulo de \u2018Rocambola\u2019, que hasta la fecha ha cosechado varios premios internacionales en diferentes festivales de todo el mundo. Destacando &#8230; <a title=\"Juanra Fern\u00e1ndez\" class=\"read-more\" href=\"https:\/\/manchacomic.es\/84ideas\/juanra-fernandez\/\" aria-label=\"Leer m\u00e1s sobre Juanra Fern\u00e1ndez\">Leer m\u00e1s<\/a><\/p>\n","protected":false},"author":1,"featured_media":0,"parent":0,"menu_order":0,"comment_status":"closed","ping_status":"closed","template":"","meta":{"om_disable_all_campaigns":false,"_uag_custom_page_level_css":"","_monsterinsights_skip_tracking":false,"_uf_show_specific_survey":0,"_uf_disable_surveys":false,"footnotes":""},"class_list":["post-1865","page","type-page","status-publish"],"yoast_head":"<!-- This site is optimized with the Yoast SEO plugin v28.3 - https:\/\/yoast.com\/product\/yoast-seo-wordpress\/ -->\n<title>Juanra Fern\u00e1ndez - 84 Ideas<\/title>\n<meta name=\"description\" content=\"Actualmente est\u00e1 preparando dos proyectos audiovisuales, su pr\u00f3ximo largometraje, \u2018La escalera\u2019 y la serie para plataformas\" \/>\n<meta name=\"robots\" content=\"index, follow, max-snippet:-1, max-image-preview:large, max-video-preview:-1\" \/>\n<link rel=\"canonical\" href=\"https:\/\/manchacomic.es\/84ideas\/juanra-fernandez\/\" \/>\n<meta property=\"og:locale\" content=\"es_ES\" \/>\n<meta property=\"og:type\" content=\"article\" \/>\n<meta property=\"og:title\" content=\"Juanra Fern\u00e1ndez - 84 Ideas\" \/>\n<meta property=\"og:description\" content=\"Actualmente est\u00e1 preparando dos proyectos audiovisuales, su pr\u00f3ximo largometraje, \u2018La escalera\u2019 y la serie para plataformas\" \/>\n<meta property=\"og:url\" content=\"https:\/\/manchacomic.es\/84ideas\/juanra-fernandez\/\" \/>\n<meta property=\"og:site_name\" content=\"84 Ideas\" \/>\n<meta property=\"article:modified_time\" content=\"2024-02-05T13:21:40+00:00\" \/>\n<meta property=\"og:image\" content=\"https:\/\/manchacomic.es\/84ideas\/wp-content\/uploads\/2022\/03\/JUANRA_FERNANDEZ_84_ideas_bocadillo.png\" \/>\n<meta name=\"twitter:card\" content=\"summary_large_image\" \/>\n<script type=\"application\/ld+json\" class=\"yoast-schema-graph\">{\"@context\":\"https:\\\/\\\/schema.org\",\"@graph\":[{\"@type\":\"WebPage\",\"@id\":\"https:\\\/\\\/manchacomic.es\\\/84ideas\\\/juanra-fernandez\\\/\",\"url\":\"https:\\\/\\\/manchacomic.es\\\/84ideas\\\/juanra-fernandez\\\/\",\"name\":\"Juanra Fern\u00e1ndez - 84 Ideas\",\"isPartOf\":{\"@id\":\"https:\\\/\\\/manchacomic.es\\\/84ideas\\\/#website\"},\"primaryImageOfPage\":{\"@id\":\"https:\\\/\\\/manchacomic.es\\\/84ideas\\\/juanra-fernandez\\\/#primaryimage\"},\"image\":{\"@id\":\"https:\\\/\\\/manchacomic.es\\\/84ideas\\\/juanra-fernandez\\\/#primaryimage\"},\"thumbnailUrl\":\"https:\\\/\\\/manchacomic.es\\\/84ideas\\\/wp-content\\\/uploads\\\/2022\\\/03\\\/JUANRA_FERNANDEZ_84_ideas_bocadillo.png\",\"datePublished\":\"2022-03-14T18:46:00+00:00\",\"dateModified\":\"2024-02-05T13:21:40+00:00\",\"description\":\"Actualmente est\u00e1 preparando dos proyectos audiovisuales, su pr\u00f3ximo largometraje, \u2018La escalera\u2019 y la serie para plataformas\",\"breadcrumb\":{\"@id\":\"https:\\\/\\\/manchacomic.es\\\/84ideas\\\/juanra-fernandez\\\/#breadcrumb\"},\"inLanguage\":\"es\",\"potentialAction\":[{\"@type\":\"ReadAction\",\"target\":[\"https:\\\/\\\/manchacomic.es\\\/84ideas\\\/juanra-fernandez\\\/\"]}]},{\"@type\":\"ImageObject\",\"inLanguage\":\"es\",\"@id\":\"https:\\\/\\\/manchacomic.es\\\/84ideas\\\/juanra-fernandez\\\/#primaryimage\",\"url\":\"https:\\\/\\\/i0.wp.com\\\/manchacomic.es\\\/84ideas\\\/wp-content\\\/uploads\\\/2022\\\/03\\\/JUANRA_FERNANDEZ_84_ideas_bocadillo.png?fit=801%2C942&ssl=1\",\"contentUrl\":\"https:\\\/\\\/i0.wp.com\\\/manchacomic.es\\\/84ideas\\\/wp-content\\\/uploads\\\/2022\\\/03\\\/JUANRA_FERNANDEZ_84_ideas_bocadillo.png?fit=801%2C942&ssl=1\",\"width\":801,\"height\":942},{\"@type\":\"BreadcrumbList\",\"@id\":\"https:\\\/\\\/manchacomic.es\\\/84ideas\\\/juanra-fernandez\\\/#breadcrumb\",\"itemListElement\":[{\"@type\":\"ListItem\",\"position\":1,\"name\":\"Home\",\"item\":\"https:\\\/\\\/manchacomic.es\\\/84ideas\\\/\"},{\"@type\":\"ListItem\",\"position\":2,\"name\":\"Juanra Fern\u00e1ndez\"}]},{\"@type\":\"WebSite\",\"@id\":\"https:\\\/\\\/manchacomic.es\\\/84ideas\\\/#website\",\"url\":\"https:\\\/\\\/manchacomic.es\\\/84ideas\\\/\",\"name\":\"84 Ideas\",\"description\":\"\",\"publisher\":{\"@id\":\"https:\\\/\\\/manchacomic.es\\\/84ideas\\\/#organization\"},\"potentialAction\":[{\"@type\":\"SearchAction\",\"target\":{\"@type\":\"EntryPoint\",\"urlTemplate\":\"https:\\\/\\\/manchacomic.es\\\/84ideas\\\/?s={search_term_string}\"},\"query-input\":{\"@type\":\"PropertyValueSpecification\",\"valueRequired\":true,\"valueName\":\"search_term_string\"}}],\"inLanguage\":\"es\"},{\"@type\":\"Organization\",\"@id\":\"https:\\\/\\\/manchacomic.es\\\/84ideas\\\/#organization\",\"name\":\"84 Ideas\",\"url\":\"https:\\\/\\\/manchacomic.es\\\/84ideas\\\/\",\"logo\":{\"@type\":\"ImageObject\",\"inLanguage\":\"es\",\"@id\":\"https:\\\/\\\/manchacomic.es\\\/84ideas\\\/#\\\/schema\\\/logo\\\/image\\\/\",\"url\":\"https:\\\/\\\/i0.wp.com\\\/manchacomic.es\\\/84ideas\\\/wp-content\\\/uploads\\\/2021\\\/04\\\/84_ideas_logo_version_A_png.png?fit=1818%2C484&ssl=1\",\"contentUrl\":\"https:\\\/\\\/i0.wp.com\\\/manchacomic.es\\\/84ideas\\\/wp-content\\\/uploads\\\/2021\\\/04\\\/84_ideas_logo_version_A_png.png?fit=1818%2C484&ssl=1\",\"width\":1818,\"height\":484,\"caption\":\"84 Ideas\"},\"image\":{\"@id\":\"https:\\\/\\\/manchacomic.es\\\/84ideas\\\/#\\\/schema\\\/logo\\\/image\\\/\"}}]}<\/script>\n<!-- \/ Yoast SEO plugin. -->","yoast_head_json":{"title":"Juanra Fern\u00e1ndez - 84 Ideas","description":"Actualmente est\u00e1 preparando dos proyectos audiovisuales, su pr\u00f3ximo largometraje, \u2018La escalera\u2019 y la serie para plataformas","robots":{"index":"index","follow":"follow","max-snippet":"max-snippet:-1","max-image-preview":"max-image-preview:large","max-video-preview":"max-video-preview:-1"},"canonical":"https:\/\/manchacomic.es\/84ideas\/juanra-fernandez\/","og_locale":"es_ES","og_type":"article","og_title":"Juanra Fern\u00e1ndez - 84 Ideas","og_description":"Actualmente est\u00e1 preparando dos proyectos audiovisuales, su pr\u00f3ximo largometraje, \u2018La escalera\u2019 y la serie para plataformas","og_url":"https:\/\/manchacomic.es\/84ideas\/juanra-fernandez\/","og_site_name":"84 Ideas","article_modified_time":"2024-02-05T13:21:40+00:00","og_image":[{"url":"https:\/\/manchacomic.es\/84ideas\/wp-content\/uploads\/2022\/03\/JUANRA_FERNANDEZ_84_ideas_bocadillo.png","type":"","width":"","height":""}],"twitter_card":"summary_large_image","schema":{"@context":"https:\/\/schema.org","@graph":[{"@type":"WebPage","@id":"https:\/\/manchacomic.es\/84ideas\/juanra-fernandez\/","url":"https:\/\/manchacomic.es\/84ideas\/juanra-fernandez\/","name":"Juanra Fern\u00e1ndez - 84 Ideas","isPartOf":{"@id":"https:\/\/manchacomic.es\/84ideas\/#website"},"primaryImageOfPage":{"@id":"https:\/\/manchacomic.es\/84ideas\/juanra-fernandez\/#primaryimage"},"image":{"@id":"https:\/\/manchacomic.es\/84ideas\/juanra-fernandez\/#primaryimage"},"thumbnailUrl":"https:\/\/manchacomic.es\/84ideas\/wp-content\/uploads\/2022\/03\/JUANRA_FERNANDEZ_84_ideas_bocadillo.png","datePublished":"2022-03-14T18:46:00+00:00","dateModified":"2024-02-05T13:21:40+00:00","description":"Actualmente est\u00e1 preparando dos proyectos audiovisuales, su pr\u00f3ximo largometraje, \u2018La escalera\u2019 y la serie para plataformas","breadcrumb":{"@id":"https:\/\/manchacomic.es\/84ideas\/juanra-fernandez\/#breadcrumb"},"inLanguage":"es","potentialAction":[{"@type":"ReadAction","target":["https:\/\/manchacomic.es\/84ideas\/juanra-fernandez\/"]}]},{"@type":"ImageObject","inLanguage":"es","@id":"https:\/\/manchacomic.es\/84ideas\/juanra-fernandez\/#primaryimage","url":"https:\/\/i0.wp.com\/manchacomic.es\/84ideas\/wp-content\/uploads\/2022\/03\/JUANRA_FERNANDEZ_84_ideas_bocadillo.png?fit=801%2C942&ssl=1","contentUrl":"https:\/\/i0.wp.com\/manchacomic.es\/84ideas\/wp-content\/uploads\/2022\/03\/JUANRA_FERNANDEZ_84_ideas_bocadillo.png?fit=801%2C942&ssl=1","width":801,"height":942},{"@type":"BreadcrumbList","@id":"https:\/\/manchacomic.es\/84ideas\/juanra-fernandez\/#breadcrumb","itemListElement":[{"@type":"ListItem","position":1,"name":"Home","item":"https:\/\/manchacomic.es\/84ideas\/"},{"@type":"ListItem","position":2,"name":"Juanra Fern\u00e1ndez"}]},{"@type":"WebSite","@id":"https:\/\/manchacomic.es\/84ideas\/#website","url":"https:\/\/manchacomic.es\/84ideas\/","name":"84 Ideas","description":"","publisher":{"@id":"https:\/\/manchacomic.es\/84ideas\/#organization"},"potentialAction":[{"@type":"SearchAction","target":{"@type":"EntryPoint","urlTemplate":"https:\/\/manchacomic.es\/84ideas\/?s={search_term_string}"},"query-input":{"@type":"PropertyValueSpecification","valueRequired":true,"valueName":"search_term_string"}}],"inLanguage":"es"},{"@type":"Organization","@id":"https:\/\/manchacomic.es\/84ideas\/#organization","name":"84 Ideas","url":"https:\/\/manchacomic.es\/84ideas\/","logo":{"@type":"ImageObject","inLanguage":"es","@id":"https:\/\/manchacomic.es\/84ideas\/#\/schema\/logo\/image\/","url":"https:\/\/i0.wp.com\/manchacomic.es\/84ideas\/wp-content\/uploads\/2021\/04\/84_ideas_logo_version_A_png.png?fit=1818%2C484&ssl=1","contentUrl":"https:\/\/i0.wp.com\/manchacomic.es\/84ideas\/wp-content\/uploads\/2021\/04\/84_ideas_logo_version_A_png.png?fit=1818%2C484&ssl=1","width":1818,"height":484,"caption":"84 Ideas"},"image":{"@id":"https:\/\/manchacomic.es\/84ideas\/#\/schema\/logo\/image\/"}}]}},"uagb_featured_image_src":{"full":false,"thumbnail":false,"medium":false,"medium_large":false,"large":false,"1536x1536":false,"2048x2048":false},"uagb_author_info":{"display_name":false,"author_link":"https:\/\/manchacomic.es\/84ideas\/author\/otxentaykuatro\/"},"uagb_comment_info":0,"uagb_excerpt":"Juanra Fern\u00e1ndez Guionista Sc\u00e9nariste Actualmente est\u00e1 preparando dos proyectos audiovisuales, su pr\u00f3ximo largometraje, \u2018La escalera\u2019 y la serie para plataformas \u2018El virtuoso\u2019, mientras sigue inmerso en la promoci\u00f3n internacional de su largometraje estrenado con el t\u00edtulo de \u2018Rocambola\u2019, que hasta la fecha ha cosechado varios premios internacionales en diferentes festivales de todo el mundo. Destacando&hellip;","jetpack_sharing_enabled":false,"_links":{"self":[{"href":"https:\/\/manchacomic.es\/84ideas\/wp-json\/wp\/v2\/pages\/1865","targetHints":{"allow":["GET"]}}],"collection":[{"href":"https:\/\/manchacomic.es\/84ideas\/wp-json\/wp\/v2\/pages"}],"about":[{"href":"https:\/\/manchacomic.es\/84ideas\/wp-json\/wp\/v2\/types\/page"}],"author":[{"embeddable":true,"href":"https:\/\/manchacomic.es\/84ideas\/wp-json\/wp\/v2\/users\/1"}],"replies":[{"embeddable":true,"href":"https:\/\/manchacomic.es\/84ideas\/wp-json\/wp\/v2\/comments?post=1865"}],"version-history":[{"count":0,"href":"https:\/\/manchacomic.es\/84ideas\/wp-json\/wp\/v2\/pages\/1865\/revisions"}],"wp:attachment":[{"href":"https:\/\/manchacomic.es\/84ideas\/wp-json\/wp\/v2\/media?parent=1865"}],"curies":[{"name":"wp","href":"https:\/\/api.w.org\/{rel}","templated":true}]}}