{"id":1731,"date":"2022-03-02T11:07:08","date_gmt":"2022-03-02T11:07:08","guid":{"rendered":"https:\/\/manchacomic.es\/84ideas\/?page_id=1731"},"modified":"2022-06-30T12:26:49","modified_gmt":"2022-06-30T12:26:49","slug":"laura-perez-vernetti","status":"publish","type":"page","link":"https:\/\/manchacomic.es\/84ideas\/laura-perez-vernetti\/","title":{"rendered":"Laura P\u00e9rez Vernetti"},"content":{"rendered":"\n<div style=\"height:10px\" aria-hidden=\"true\" class=\"wp-block-spacer\"><\/div>\n\n\n\n<div class=\"wp-block-columns is-layout-flex wp-container-core-columns-is-layout-8f761849 wp-block-columns-is-layout-flex\">\n<div class=\"wp-block-column is-layout-flow wp-block-column-is-layout-flow\" style=\"flex-basis:33.33%\"><div class=\"wp-block-image\">\n<figure class=\"aligncenter size-full\"><img data-recalc-dims=\"1\" loading=\"lazy\" decoding=\"async\" width=\"801\" height=\"942\" src=\"https:\/\/i0.wp.com\/manchacomic.es\/84ideas\/wp-content\/uploads\/2022\/02\/Laura_Perez_Vernetti-_84_ideas_bocadillo.png?resize=801%2C942&#038;ssl=1\" alt=\"\" class=\"wp-image-1648\" srcset=\"https:\/\/i0.wp.com\/manchacomic.es\/84ideas\/wp-content\/uploads\/2022\/02\/Laura_Perez_Vernetti-_84_ideas_bocadillo.png?w=801&amp;ssl=1 801w, https:\/\/i0.wp.com\/manchacomic.es\/84ideas\/wp-content\/uploads\/2022\/02\/Laura_Perez_Vernetti-_84_ideas_bocadillo.png?resize=255%2C300&amp;ssl=1 255w, https:\/\/i0.wp.com\/manchacomic.es\/84ideas\/wp-content\/uploads\/2022\/02\/Laura_Perez_Vernetti-_84_ideas_bocadillo.png?resize=768%2C903&amp;ssl=1 768w\" sizes=\"auto, (max-width: 801px) 100vw, 801px\" \/><\/figure>\n<\/div>\n\n\n<p class=\"has-text-align-center wp-block-paragraph\"><span style=\"\"><b>Laura <\/b><\/span><strong><strong><strong>P\u00e9rez Vernetti<\/strong><\/strong><\/strong><\/p>\n\n\n\n<p class=\"has-text-align-center wp-block-paragraph\">APC\u00f3mic<\/p>\n<\/div>\n\n\n\n<div class=\"wp-block-column is-layout-flow wp-block-column-is-layout-flow\" style=\"flex-basis:66.66%\">\n<p class=\"wp-block-paragraph\">Laura P\u00e9rez Vernetti (Barcelona 1958) es licenciada en Bellas Artes, autora de c\u00f3mics e ilustradora. Como autora de c\u00f3mics ha dibujado historias con sus propios guiones y ha trabajado con guionistas como Onliy\u00fa, Joseph Marie Lo Duca, Antonio Altarriba ( Premio Nacional de Comic) y, sobre todo, Felipe Hern\u00e1ndez Cava (Premio Nacional de C\u00f3mic).<\/p>\n\n\n\n<p class=\"wp-block-paragraph\">En 2018 recibe el GRAN PREMIO A UNA TRAYECTORIA en el Sal\u00f3n Internacional del C\u00f3mic de Barcelona.<\/p>\n\n\n\n<p class=\"wp-block-paragraph\">Ha publicado, entre otros \u00e1lbumes, EL TORO BLANCO (1989), con guion de J.M. Lo Duca, editado por Ediciones La C\u00fapula, MARKHEIM (1996), MACAND\u00c9 (2000), con guion de Felipe Hern\u00e1ndez Cava, publicado por Ikusager Ediciones, LAS HABITACIONES DESMANTELADAS (1999) en Edicions de Ponent, LAS MIL Y UNA NOCHES (2002), adaptadas por J.M. Lo Duca en Edicions de Ponent, NO BALLENA ( 2002), SUSANA ( 2004), publicado por Aman\u00edaco Ediciones, AMORES LOCOS ( 2005) y EL BRILLO DEL GATO NEGRO (2008), ambos con guion de Antonio Altarriba y publicados por Edicions de Ponent, y SAR\u00c0 SERVITO (2010), con guion de Felipe Hern\u00e1ndez Cava.<\/p>\n\n\n\n<p class=\"wp-block-paragraph\">Desde hace varios a\u00f1os ha publicado siete libros del nuevo g\u00e9nero de la POES\u00cdA GR\u00c1FICA con los t\u00edtulos :\u00a0 PESSOA &amp; CIA (2011), EL CASO MAIAKOVSKI (2014), PO\u00c9MIC (2015), sobre poemas de Ferran Fern\u00e1ndez, y YO, RILKE (2016), todos publicados por Luces de G\u00e1libo y, por otro lado, OCHO POEMAS. NOVELA GR\u00c1FICA (2016), publicado por el Centro Cultural Generaci\u00f3n del 27, con la adaptaci\u00f3n al c\u00f3mic de poemas de Isabel Bono, Jes\u00fas Aguado, Menchu Guti\u00e9rrez, Luis Alberto de Cuenca, Julia Otxoa, Jos\u00e9 \u00c1ngel Cilleruelo, Miriam Reyes, y Jos\u00e9 Luis Piquero.<\/p>\n\n\n\n<p class=\"wp-block-paragraph\">Publica VI\u00d1ETAS DE PLATA con poemas del poeta Luis Alberto de Cuenca ( Reino de Cordelia, 2017).<\/p>\n\n\n\n<p class=\"wp-block-paragraph\">En 2019 publica la novela gr\u00e1fica \u201cLAS VIDAS IMAGINARIAS DE SCHWOB\u201d en la editorial Luces de G\u00e1libo sobre el famoso libro de Marcel Schwob.<\/p>\n\n\n\n<p class=\"wp-block-paragraph\">En 2020 publica el c\u00f3mic de poes\u00eda gr\u00e1fica \u201cLA C\u00d3LERA DE BAUDELAIRE\u201d en Luces de G\u00e1libo con poemas de LAS FLORES DEL MAL de CHARLES BAUDELAIRE.<\/p>\n\n\n\n<p class=\"wp-block-paragraph\">En 2021 publica \u201cARRABAL\u201d en Luces de G\u00e1libo en un c\u00f3mic de poes\u00eda gr\u00e1fica y en este febrero 2022 ha publicado \u201cVIVE LA VIDA\u201d con la obra po\u00e9tica m\u00e1s reciente del poeta LUIS ALBERTO DE CUENCA en Reino de Cordelia.<\/p>\n\n\n\n<p class=\"has-small-font-size wp-block-paragraph\"><em>Laura P\u00e9rez Vernetti (Barcelone 1958), dipl\u00f4m\u00e9e des Beaux-Arts, est auteure et illustratrice de bandes dessin\u00e9es. En tant qu&#8217;auteure de bande dessin\u00e9e, elle a dessin\u00e9 des histoires avec ses propres sc\u00e9narios et a travaill\u00e9 avec des sc\u00e9naristes tels que Onliy\u00fa, Joseph Marie Lo Duca, Antonio Altarriba (Prix national de la bande dessin\u00e9e) et, surtout, Felipe Hern\u00e1ndez Cava (Prix national de la bande dessin\u00e9e).<\/em><\/p>\n\n\n\n<p class=\"has-small-font-size wp-block-paragraph\"><em>En 2018, elle a re\u00e7u le GRAN PREMIO A UNA TRAYECTORIA (GRAND PRIX POUR UNE R\u00c9ALISATION DE TOUTE UNE VIE) au Salon International de la BD de Barcelone.<\/em><\/p>\n\n\n\n<p class=\"has-small-font-size wp-block-paragraph\"><em>Elle a publi\u00e9, entre autres, EL TORO BLANCO (1989), avec un sc\u00e9nario de J.M. Lo Duca, publi\u00e9 par Les \u00c9ditions La C\u00fapula, MARKHEIM (1996), MACAND\u00c9 (2000), avec un sc\u00e9nario de Felipe Hern\u00e1ndez Cava, publi\u00e9 par Ikusager les \u00c9ditions, LAS HABITACIONES DESMANTELADAS (1999) aux \u00c9ditions de Ponent, LAS MIL Y UNA NOCHES (2002), adapt\u00e9 par J. M. Lo Duca dans les \u00c9ditions de Ponent, NO BALLENA ( 2002), SUSANA ( 2004), publi\u00e9 par Aman\u00edaco \u00c9ditions, AMORES LOCOS ( 2005) et EL BRILLO DEL GATO NEGRO (2008), tous deux avec un sc\u00e9nario d&#8217;Antonio Altarriba et publi\u00e9s par les \u00c9ditions de Ponent, et SAR\u00c0 SERVITO (2010), avec un sc\u00e9nario de Felipe Hern\u00e1ndez Cava.<\/em><\/p>\n\n\n\n<p class=\"has-small-font-size wp-block-paragraph\"><em>Depuis plusieurs ann\u00e9es, elle a publi\u00e9 sept livres dans le nouveau genre de la PO\u00c9SIE GRAPHIQUE avec les titres : PESSOA &amp; CIA (2011), EL CASO MAIAKOVSKI (2014), PO\u00c9MIC (2015), sur des po\u00e8mes de Ferran Fern\u00e1ndez, et YO, RILKE (2016), tous publi\u00e9s par Luces de G\u00e1libo et, d&#8217;autre part, OCHO POEMAS. NOVELA GR\u00c1FICA (2016), publi\u00e9 par le Centro Cultural Generaci\u00f3n del 27 (Centre culturel g\u00e9n\u00e9ration du 27), avec l&#8217;adaptation en bande dessin\u00e9e de po\u00e8mes d&#8217;Isabel Bono, Jes\u00fas Aguado, Menchu Guti\u00e9rrez, Luis Alberto de Cuenca, Julia Otxoa, Jos\u00e9 \u00c1ngel Cilleruelo, Miriam Reyes et Jos\u00e9 Luis Piquero.<\/em><\/p>\n\n\n\n<p class=\"has-small-font-size wp-block-paragraph\"><em>Elle publie VI\u00d1ETAS DE PLATA avec des po\u00e8mes du po\u00e8te Luis Alberto de Cuenca (Reino de Cordelia, 2017).<\/em><\/p>\n\n\n\n<p class=\"has-small-font-size wp-block-paragraph\"><em>En 2019, elle publie le roman graphique \u00abLAS VIDAS IMAGINARIAS DE SCHWOB\u00bb (LES VIES IMAGINAIRES DE SCHWOB) avec la maison d&#8217;\u00e9dition Luces de G\u00e1libo sur le c\u00e9l\u00e8bre livre de Marcel Schwob.<\/em><\/p>\n\n\n\n<p class=\"has-small-font-size wp-block-paragraph\"><em>En 2020, elle publie la bande dessin\u00e9e de po\u00e9sie graphique \u00abLA C\u00d3LERA DE BAUDELAIRE\u00bb \u00e0 Luces de G\u00e1libo avec des po\u00e8mes de FLEURS DU MAL de CHARLES BAUDELAIRE.<\/em><\/p>\n\n\n\n<p class=\"has-small-font-size wp-block-paragraph\"><em>En 2021 elle publie \u00abARRABAL\u00bb dans Luces de G\u00e1libo dans une bande dessin\u00e9e de po\u00e9sie graphique et en f\u00e9vrier 2022 elle publie \u00ab\u00a0VIVE LA VIDA\u00a0\u00bb avec l&#8217;\u0153uvre po\u00e9tique la plus r\u00e9cente du po\u00e8te LUIS ALBERTO DE CUENCA dans Reino de Cordelia.<\/em><\/p>\n\n\n\n<p class=\"has-small-font-size wp-block-paragraph\"><em>Laura P\u00e9rez Vernetti est une auteure pionni\u00e8re de la nouvelle voie de la bande dessin\u00e9e en ce XXIe si\u00e8cle de la po\u00e9sie graphique.<\/em><\/p>\n\n\n\n<p class=\"has-small-font-size wp-block-paragraph\"><em>Laura P\u00e9rez Vernetti es una autora pionera de la nueva v\u00eda en el C\u00f3mic en este siglo XXI de la Poes\u00eda Gr\u00e1fica.<\/em><\/p>\n<\/div>\n<\/div>\n","protected":false},"excerpt":{"rendered":"<p>Laura P\u00e9rez Vernetti APC\u00f3mic Laura P\u00e9rez Vernetti (Barcelona 1958) es licenciada en Bellas Artes, autora de c\u00f3mics e ilustradora. Como autora de c\u00f3mics ha dibujado historias con sus propios guiones y ha trabajado con guionistas como Onliy\u00fa, Joseph Marie Lo Duca, Antonio Altarriba ( Premio Nacional de Comic) y, sobre todo, Felipe Hern\u00e1ndez Cava (Premio &#8230; <a title=\"Laura P\u00e9rez Vernetti\" class=\"read-more\" href=\"https:\/\/manchacomic.es\/84ideas\/laura-perez-vernetti\/\" aria-label=\"Leer m\u00e1s sobre Laura P\u00e9rez Vernetti\">Leer m\u00e1s<\/a><\/p>\n","protected":false},"author":1,"featured_media":0,"parent":0,"menu_order":0,"comment_status":"closed","ping_status":"closed","template":"","meta":{"om_disable_all_campaigns":false,"_uag_custom_page_level_css":"","_monsterinsights_skip_tracking":false,"_uf_show_specific_survey":0,"_uf_disable_surveys":false,"footnotes":""},"class_list":["post-1731","page","type-page","status-publish"],"yoast_head":"<!-- This site is optimized with the Yoast SEO plugin v28.3 - https:\/\/yoast.com\/product\/yoast-seo-wordpress\/ -->\n<title>Laura P\u00e9rez Vernetti - 84 Ideas<\/title>\n<meta name=\"description\" content=\"Laura P\u00e9rez Vernetti es licenciada en Bellas Artes, autora de c\u00f3mics e ilustradora. Ha dibujado historias con sus propios guiones\" \/>\n<meta name=\"robots\" content=\"index, follow, max-snippet:-1, max-image-preview:large, max-video-preview:-1\" \/>\n<link rel=\"canonical\" href=\"https:\/\/manchacomic.es\/84ideas\/laura-perez-vernetti\/\" \/>\n<meta property=\"og:locale\" content=\"es_ES\" \/>\n<meta property=\"og:type\" content=\"article\" \/>\n<meta property=\"og:title\" content=\"Laura P\u00e9rez Vernetti - 84 Ideas\" \/>\n<meta property=\"og:description\" content=\"Laura P\u00e9rez Vernetti es licenciada en Bellas Artes, autora de c\u00f3mics e ilustradora. Ha dibujado historias con sus propios guiones\" \/>\n<meta property=\"og:url\" content=\"https:\/\/manchacomic.es\/84ideas\/laura-perez-vernetti\/\" \/>\n<meta property=\"og:site_name\" content=\"84 Ideas\" \/>\n<meta property=\"article:modified_time\" content=\"2022-06-30T12:26:49+00:00\" \/>\n<meta property=\"og:image\" content=\"https:\/\/manchacomic.es\/84ideas\/wp-content\/uploads\/2022\/02\/Laura_Perez_Vernetti-_84_ideas_bocadillo.png\" \/>\n<meta name=\"twitter:card\" content=\"summary_large_image\" \/>\n<meta name=\"twitter:label1\" content=\"Tiempo de lectura\" \/>\n\t<meta name=\"twitter:data1\" content=\"4 minutos\" \/>\n<script type=\"application\/ld+json\" class=\"yoast-schema-graph\">{\"@context\":\"https:\\\/\\\/schema.org\",\"@graph\":[{\"@type\":\"WebPage\",\"@id\":\"https:\\\/\\\/manchacomic.es\\\/84ideas\\\/laura-perez-vernetti\\\/\",\"url\":\"https:\\\/\\\/manchacomic.es\\\/84ideas\\\/laura-perez-vernetti\\\/\",\"name\":\"Laura P\u00e9rez Vernetti - 84 Ideas\",\"isPartOf\":{\"@id\":\"https:\\\/\\\/manchacomic.es\\\/84ideas\\\/#website\"},\"primaryImageOfPage\":{\"@id\":\"https:\\\/\\\/manchacomic.es\\\/84ideas\\\/laura-perez-vernetti\\\/#primaryimage\"},\"image\":{\"@id\":\"https:\\\/\\\/manchacomic.es\\\/84ideas\\\/laura-perez-vernetti\\\/#primaryimage\"},\"thumbnailUrl\":\"https:\\\/\\\/manchacomic.es\\\/84ideas\\\/wp-content\\\/uploads\\\/2022\\\/02\\\/Laura_Perez_Vernetti-_84_ideas_bocadillo.png\",\"datePublished\":\"2022-03-02T11:07:08+00:00\",\"dateModified\":\"2022-06-30T12:26:49+00:00\",\"description\":\"Laura P\u00e9rez Vernetti es licenciada en Bellas Artes, autora de c\u00f3mics e ilustradora. Ha dibujado historias con sus propios guiones\",\"breadcrumb\":{\"@id\":\"https:\\\/\\\/manchacomic.es\\\/84ideas\\\/laura-perez-vernetti\\\/#breadcrumb\"},\"inLanguage\":\"es\",\"potentialAction\":[{\"@type\":\"ReadAction\",\"target\":[\"https:\\\/\\\/manchacomic.es\\\/84ideas\\\/laura-perez-vernetti\\\/\"]}]},{\"@type\":\"ImageObject\",\"inLanguage\":\"es\",\"@id\":\"https:\\\/\\\/manchacomic.es\\\/84ideas\\\/laura-perez-vernetti\\\/#primaryimage\",\"url\":\"https:\\\/\\\/i0.wp.com\\\/manchacomic.es\\\/84ideas\\\/wp-content\\\/uploads\\\/2022\\\/02\\\/Laura_Perez_Vernetti-_84_ideas_bocadillo.png?fit=801%2C942&ssl=1\",\"contentUrl\":\"https:\\\/\\\/i0.wp.com\\\/manchacomic.es\\\/84ideas\\\/wp-content\\\/uploads\\\/2022\\\/02\\\/Laura_Perez_Vernetti-_84_ideas_bocadillo.png?fit=801%2C942&ssl=1\",\"width\":801,\"height\":942},{\"@type\":\"BreadcrumbList\",\"@id\":\"https:\\\/\\\/manchacomic.es\\\/84ideas\\\/laura-perez-vernetti\\\/#breadcrumb\",\"itemListElement\":[{\"@type\":\"ListItem\",\"position\":1,\"name\":\"Home\",\"item\":\"https:\\\/\\\/manchacomic.es\\\/84ideas\\\/\"},{\"@type\":\"ListItem\",\"position\":2,\"name\":\"Laura P\u00e9rez Vernetti\"}]},{\"@type\":\"WebSite\",\"@id\":\"https:\\\/\\\/manchacomic.es\\\/84ideas\\\/#website\",\"url\":\"https:\\\/\\\/manchacomic.es\\\/84ideas\\\/\",\"name\":\"84 Ideas\",\"description\":\"\",\"publisher\":{\"@id\":\"https:\\\/\\\/manchacomic.es\\\/84ideas\\\/#organization\"},\"potentialAction\":[{\"@type\":\"SearchAction\",\"target\":{\"@type\":\"EntryPoint\",\"urlTemplate\":\"https:\\\/\\\/manchacomic.es\\\/84ideas\\\/?s={search_term_string}\"},\"query-input\":{\"@type\":\"PropertyValueSpecification\",\"valueRequired\":true,\"valueName\":\"search_term_string\"}}],\"inLanguage\":\"es\"},{\"@type\":\"Organization\",\"@id\":\"https:\\\/\\\/manchacomic.es\\\/84ideas\\\/#organization\",\"name\":\"84 Ideas\",\"url\":\"https:\\\/\\\/manchacomic.es\\\/84ideas\\\/\",\"logo\":{\"@type\":\"ImageObject\",\"inLanguage\":\"es\",\"@id\":\"https:\\\/\\\/manchacomic.es\\\/84ideas\\\/#\\\/schema\\\/logo\\\/image\\\/\",\"url\":\"https:\\\/\\\/i0.wp.com\\\/manchacomic.es\\\/84ideas\\\/wp-content\\\/uploads\\\/2021\\\/04\\\/84_ideas_logo_version_A_png.png?fit=1818%2C484&ssl=1\",\"contentUrl\":\"https:\\\/\\\/i0.wp.com\\\/manchacomic.es\\\/84ideas\\\/wp-content\\\/uploads\\\/2021\\\/04\\\/84_ideas_logo_version_A_png.png?fit=1818%2C484&ssl=1\",\"width\":1818,\"height\":484,\"caption\":\"84 Ideas\"},\"image\":{\"@id\":\"https:\\\/\\\/manchacomic.es\\\/84ideas\\\/#\\\/schema\\\/logo\\\/image\\\/\"}}]}<\/script>\n<!-- \/ Yoast SEO plugin. -->","yoast_head_json":{"title":"Laura P\u00e9rez Vernetti - 84 Ideas","description":"Laura P\u00e9rez Vernetti es licenciada en Bellas Artes, autora de c\u00f3mics e ilustradora. Ha dibujado historias con sus propios guiones","robots":{"index":"index","follow":"follow","max-snippet":"max-snippet:-1","max-image-preview":"max-image-preview:large","max-video-preview":"max-video-preview:-1"},"canonical":"https:\/\/manchacomic.es\/84ideas\/laura-perez-vernetti\/","og_locale":"es_ES","og_type":"article","og_title":"Laura P\u00e9rez Vernetti - 84 Ideas","og_description":"Laura P\u00e9rez Vernetti es licenciada en Bellas Artes, autora de c\u00f3mics e ilustradora. Ha dibujado historias con sus propios guiones","og_url":"https:\/\/manchacomic.es\/84ideas\/laura-perez-vernetti\/","og_site_name":"84 Ideas","article_modified_time":"2022-06-30T12:26:49+00:00","og_image":[{"url":"https:\/\/manchacomic.es\/84ideas\/wp-content\/uploads\/2022\/02\/Laura_Perez_Vernetti-_84_ideas_bocadillo.png","type":"","width":"","height":""}],"twitter_card":"summary_large_image","twitter_misc":{"Tiempo de lectura":"4 minutos"},"schema":{"@context":"https:\/\/schema.org","@graph":[{"@type":"WebPage","@id":"https:\/\/manchacomic.es\/84ideas\/laura-perez-vernetti\/","url":"https:\/\/manchacomic.es\/84ideas\/laura-perez-vernetti\/","name":"Laura P\u00e9rez Vernetti - 84 Ideas","isPartOf":{"@id":"https:\/\/manchacomic.es\/84ideas\/#website"},"primaryImageOfPage":{"@id":"https:\/\/manchacomic.es\/84ideas\/laura-perez-vernetti\/#primaryimage"},"image":{"@id":"https:\/\/manchacomic.es\/84ideas\/laura-perez-vernetti\/#primaryimage"},"thumbnailUrl":"https:\/\/manchacomic.es\/84ideas\/wp-content\/uploads\/2022\/02\/Laura_Perez_Vernetti-_84_ideas_bocadillo.png","datePublished":"2022-03-02T11:07:08+00:00","dateModified":"2022-06-30T12:26:49+00:00","description":"Laura P\u00e9rez Vernetti es licenciada en Bellas Artes, autora de c\u00f3mics e ilustradora. Ha dibujado historias con sus propios guiones","breadcrumb":{"@id":"https:\/\/manchacomic.es\/84ideas\/laura-perez-vernetti\/#breadcrumb"},"inLanguage":"es","potentialAction":[{"@type":"ReadAction","target":["https:\/\/manchacomic.es\/84ideas\/laura-perez-vernetti\/"]}]},{"@type":"ImageObject","inLanguage":"es","@id":"https:\/\/manchacomic.es\/84ideas\/laura-perez-vernetti\/#primaryimage","url":"https:\/\/i0.wp.com\/manchacomic.es\/84ideas\/wp-content\/uploads\/2022\/02\/Laura_Perez_Vernetti-_84_ideas_bocadillo.png?fit=801%2C942&ssl=1","contentUrl":"https:\/\/i0.wp.com\/manchacomic.es\/84ideas\/wp-content\/uploads\/2022\/02\/Laura_Perez_Vernetti-_84_ideas_bocadillo.png?fit=801%2C942&ssl=1","width":801,"height":942},{"@type":"BreadcrumbList","@id":"https:\/\/manchacomic.es\/84ideas\/laura-perez-vernetti\/#breadcrumb","itemListElement":[{"@type":"ListItem","position":1,"name":"Home","item":"https:\/\/manchacomic.es\/84ideas\/"},{"@type":"ListItem","position":2,"name":"Laura P\u00e9rez Vernetti"}]},{"@type":"WebSite","@id":"https:\/\/manchacomic.es\/84ideas\/#website","url":"https:\/\/manchacomic.es\/84ideas\/","name":"84 Ideas","description":"","publisher":{"@id":"https:\/\/manchacomic.es\/84ideas\/#organization"},"potentialAction":[{"@type":"SearchAction","target":{"@type":"EntryPoint","urlTemplate":"https:\/\/manchacomic.es\/84ideas\/?s={search_term_string}"},"query-input":{"@type":"PropertyValueSpecification","valueRequired":true,"valueName":"search_term_string"}}],"inLanguage":"es"},{"@type":"Organization","@id":"https:\/\/manchacomic.es\/84ideas\/#organization","name":"84 Ideas","url":"https:\/\/manchacomic.es\/84ideas\/","logo":{"@type":"ImageObject","inLanguage":"es","@id":"https:\/\/manchacomic.es\/84ideas\/#\/schema\/logo\/image\/","url":"https:\/\/i0.wp.com\/manchacomic.es\/84ideas\/wp-content\/uploads\/2021\/04\/84_ideas_logo_version_A_png.png?fit=1818%2C484&ssl=1","contentUrl":"https:\/\/i0.wp.com\/manchacomic.es\/84ideas\/wp-content\/uploads\/2021\/04\/84_ideas_logo_version_A_png.png?fit=1818%2C484&ssl=1","width":1818,"height":484,"caption":"84 Ideas"},"image":{"@id":"https:\/\/manchacomic.es\/84ideas\/#\/schema\/logo\/image\/"}}]}},"uagb_featured_image_src":{"full":false,"thumbnail":false,"medium":false,"medium_large":false,"large":false,"1536x1536":false,"2048x2048":false},"uagb_author_info":{"display_name":false,"author_link":"https:\/\/manchacomic.es\/84ideas\/author\/otxentaykuatro\/"},"uagb_comment_info":0,"uagb_excerpt":"Laura P\u00e9rez Vernetti APC\u00f3mic Laura P\u00e9rez Vernetti (Barcelona 1958) es licenciada en Bellas Artes, autora de c\u00f3mics e ilustradora. Como autora de c\u00f3mics ha dibujado historias con sus propios guiones y ha trabajado con guionistas como Onliy\u00fa, Joseph Marie Lo Duca, Antonio Altarriba ( Premio Nacional de Comic) y, sobre todo, Felipe Hern\u00e1ndez Cava (Premio&hellip;","jetpack_sharing_enabled":false,"_links":{"self":[{"href":"https:\/\/manchacomic.es\/84ideas\/wp-json\/wp\/v2\/pages\/1731","targetHints":{"allow":["GET"]}}],"collection":[{"href":"https:\/\/manchacomic.es\/84ideas\/wp-json\/wp\/v2\/pages"}],"about":[{"href":"https:\/\/manchacomic.es\/84ideas\/wp-json\/wp\/v2\/types\/page"}],"author":[{"embeddable":true,"href":"https:\/\/manchacomic.es\/84ideas\/wp-json\/wp\/v2\/users\/1"}],"replies":[{"embeddable":true,"href":"https:\/\/manchacomic.es\/84ideas\/wp-json\/wp\/v2\/comments?post=1731"}],"version-history":[{"count":0,"href":"https:\/\/manchacomic.es\/84ideas\/wp-json\/wp\/v2\/pages\/1731\/revisions"}],"wp:attachment":[{"href":"https:\/\/manchacomic.es\/84ideas\/wp-json\/wp\/v2\/media?parent=1731"}],"curies":[{"name":"wp","href":"https:\/\/api.w.org\/{rel}","templated":true}]}}