{"id":154,"date":"2021-05-14T11:17:07","date_gmt":"2021-05-14T11:17:07","guid":{"rendered":"https:\/\/manchacomic.es\/84ideas\/?page_id=154"},"modified":"2023-02-07T12:48:56","modified_gmt":"2023-02-07T12:48:56","slug":"javier-marquina","status":"publish","type":"page","link":"https:\/\/manchacomic.es\/84ideas\/javier-marquina\/","title":{"rendered":"Javier Marquina"},"content":{"rendered":"\n<div style=\"height:10px\" aria-hidden=\"true\" class=\"wp-block-spacer\"><\/div>\n\n\n\n<div class=\"wp-block-columns is-layout-flex wp-container-core-columns-is-layout-8f761849 wp-block-columns-is-layout-flex\">\n<div class=\"wp-block-column is-layout-flow wp-block-column-is-layout-flow\" style=\"flex-basis:33.33%\"><div class=\"wp-block-image\">\n<figure class=\"aligncenter size-full\"><img data-recalc-dims=\"1\" loading=\"lazy\" decoding=\"async\" width=\"801\" height=\"942\" src=\"https:\/\/i0.wp.com\/manchacomic.es\/84ideas\/wp-content\/uploads\/2023\/02\/Javier_marquina_84_ideas_bocadillo.png?resize=801%2C942&#038;ssl=1\" alt=\"\" class=\"wp-image-2181\" srcset=\"https:\/\/i0.wp.com\/manchacomic.es\/84ideas\/wp-content\/uploads\/2023\/02\/Javier_marquina_84_ideas_bocadillo.png?w=801&amp;ssl=1 801w, https:\/\/i0.wp.com\/manchacomic.es\/84ideas\/wp-content\/uploads\/2023\/02\/Javier_marquina_84_ideas_bocadillo.png?resize=255%2C300&amp;ssl=1 255w, https:\/\/i0.wp.com\/manchacomic.es\/84ideas\/wp-content\/uploads\/2023\/02\/Javier_marquina_84_ideas_bocadillo.png?resize=768%2C903&amp;ssl=1 768w\" sizes=\"auto, (max-width: 801px) 100vw, 801px\" \/><\/figure>\n<\/div>\n\n\n<p class=\"has-text-align-center wp-block-paragraph\"><strong><strong>Javier Marquina<\/strong><\/strong><\/p>\n\n\n\n<p class=\"has-text-align-center wp-block-paragraph\">Vicepresidente ARGH!<\/p>\n<\/div>\n\n\n\n<div class=\"wp-block-column is-layout-flow wp-block-column-is-layout-flow\" style=\"flex-basis:66.66%\">\n<p class=\"wp-block-paragraph\">Javier Marquina (Huesca, 1975). Guionista y divulgador. Colaborador de diversos medios digitales y en papel, presentador de radio en programas como \u00abOndas Gamma\u00bb o \u00abSolo hablamos de historietas\u00bb, rese\u00f1a c\u00f3mic en su canal de YouTube en las llamadas \u00abMicrorre\u00f1as\u00bb. Es adem\u00e1s, fundador del sello Inuit Ediciones y vicepresidente de de ARGH!, Asociaci\u00f3n Profesional de Guionistas de C\u00f3mic.<\/p>\n\n\n\n<p class=\"wp-block-paragraph\">Publica su primer c\u00f3mic largo, \u2018Abraxas&#8217;, en 2018 y con \u00e9l gana el premio al mejor guion aragon\u00e9s en el Sal\u00f3n del C\u00f3mic de Zaragoza ese mismo a\u00f1o. A partir de ah\u00ed, no ha dejado de trabajar. Ha escrito t\u00edtulos como &#8216;Aqu\u00ed nunca pasa nada&#8217;, &#8216;1585:Empel\u2019, \u2018Playa Honda\u2019, &#8216;C\u00f3mo hacer un c\u00f3mic sin tener ni puta idea&#8217; (nominado a mejor fanzine en el C\u00f3mic&nbsp;Barcelona de 2021), &#8216;Whope y los Se\u00f1ores de la Plaga&#8217;, \u2018Progenie&#8217;, &#8216;Alien Albion\u2019, \u201cBalas de punta hueca\u201d, la segunda parte de Abraxas: &#8216;Haber elegido muerte\u2019 y \u2018Apocalipsis Yokai\u2019, primer c\u00f3mic de su editorial Inuit publicado bajo el paraguas de ECC Ediciones. Como pr\u00f3ximos lanzamientos podemos destacar un c\u00f3mic sobre la figura de Miguel Servet con la editorial&nbsp;Serendipia, \u2018Ilsa\u2019, una aventura protagonizada por una de las m\u00e1s carism\u00e1ticas protagonistas de Abraxas y el 14 de marzo , de la mano de ECC y de nuevo con Rosa Codina, se publicar\u00e1 \u2018C\u00f3mo salvar la industria del c\u00f3mic sin tener ni puta idea\u2019, un tebeo que, espera, d\u00e9 mucho que hablar.&nbsp;<\/p>\n<\/div>\n<\/div>\n","protected":false},"excerpt":{"rendered":"<p>Javier Marquina Vicepresidente ARGH! Javier Marquina (Huesca, 1975). Guionista y divulgador. Colaborador de diversos medios digitales y en papel, presentador de radio en programas como \u00abOndas Gamma\u00bb o \u00abSolo hablamos de historietas\u00bb, rese\u00f1a c\u00f3mic en su canal de YouTube en las llamadas \u00abMicrorre\u00f1as\u00bb. Es adem\u00e1s, fundador del sello Inuit Ediciones y vicepresidente de de ARGH!, &#8230; <a title=\"Javier Marquina\" class=\"read-more\" href=\"https:\/\/manchacomic.es\/84ideas\/javier-marquina\/\" aria-label=\"Leer m\u00e1s sobre Javier Marquina\">Leer m\u00e1s<\/a><\/p>\n","protected":false},"author":1,"featured_media":0,"parent":0,"menu_order":0,"comment_status":"closed","ping_status":"closed","template":"","meta":{"om_disable_all_campaigns":false,"_uag_custom_page_level_css":"","_monsterinsights_skip_tracking":false,"_uf_show_specific_survey":0,"_uf_disable_surveys":false,"footnotes":""},"class_list":["post-154","page","type-page","status-publish"],"yoast_head":"<!-- This site is optimized with the Yoast SEO plugin v28.3 - https:\/\/yoast.com\/product\/yoast-seo-wordpress\/ -->\n<title>Javier Marquina - 84 Ideas<\/title>\n<meta name=\"description\" content=\"Javier Marquina. Es guionista y divulgador. Tambi\u00e9n es miembro de la Asociaci\u00f3n de Cr\u00edticos y Divulgadores de C\u00f3mic de Espa\u00f1a (ACDC\u00f3mic).\" \/>\n<meta name=\"robots\" content=\"index, follow, max-snippet:-1, max-image-preview:large, max-video-preview:-1\" \/>\n<link rel=\"canonical\" href=\"https:\/\/manchacomic.es\/84ideas\/javier-marquina\/\" \/>\n<meta property=\"og:locale\" content=\"es_ES\" \/>\n<meta property=\"og:type\" content=\"article\" \/>\n<meta property=\"og:title\" content=\"Javier Marquina - 84 Ideas\" \/>\n<meta property=\"og:description\" content=\"Javier Marquina. Es guionista y divulgador. Tambi\u00e9n es miembro de la Asociaci\u00f3n de Cr\u00edticos y Divulgadores de C\u00f3mic de Espa\u00f1a (ACDC\u00f3mic).\" \/>\n<meta property=\"og:url\" content=\"https:\/\/manchacomic.es\/84ideas\/javier-marquina\/\" \/>\n<meta property=\"og:site_name\" content=\"84 Ideas\" \/>\n<meta property=\"article:modified_time\" content=\"2023-02-07T12:48:56+00:00\" \/>\n<meta property=\"og:image\" content=\"https:\/\/manchacomic.es\/84ideas\/wp-content\/uploads\/2023\/02\/Javier_marquina_84_ideas_bocadillo.png\" \/>\n<meta name=\"twitter:card\" content=\"summary_large_image\" \/>\n<meta name=\"twitter:label1\" content=\"Tiempo de lectura\" \/>\n\t<meta name=\"twitter:data1\" content=\"2 minutos\" \/>\n<script type=\"application\/ld+json\" class=\"yoast-schema-graph\">{\"@context\":\"https:\\\/\\\/schema.org\",\"@graph\":[{\"@type\":\"WebPage\",\"@id\":\"https:\\\/\\\/manchacomic.es\\\/84ideas\\\/javier-marquina\\\/\",\"url\":\"https:\\\/\\\/manchacomic.es\\\/84ideas\\\/javier-marquina\\\/\",\"name\":\"Javier Marquina - 84 Ideas\",\"isPartOf\":{\"@id\":\"https:\\\/\\\/manchacomic.es\\\/84ideas\\\/#website\"},\"primaryImageOfPage\":{\"@id\":\"https:\\\/\\\/manchacomic.es\\\/84ideas\\\/javier-marquina\\\/#primaryimage\"},\"image\":{\"@id\":\"https:\\\/\\\/manchacomic.es\\\/84ideas\\\/javier-marquina\\\/#primaryimage\"},\"thumbnailUrl\":\"https:\\\/\\\/manchacomic.es\\\/84ideas\\\/wp-content\\\/uploads\\\/2023\\\/02\\\/Javier_marquina_84_ideas_bocadillo.png\",\"datePublished\":\"2021-05-14T11:17:07+00:00\",\"dateModified\":\"2023-02-07T12:48:56+00:00\",\"description\":\"Javier Marquina. Es guionista y divulgador. Tambi\u00e9n es miembro de la Asociaci\u00f3n de Cr\u00edticos y Divulgadores de C\u00f3mic de Espa\u00f1a (ACDC\u00f3mic).\",\"breadcrumb\":{\"@id\":\"https:\\\/\\\/manchacomic.es\\\/84ideas\\\/javier-marquina\\\/#breadcrumb\"},\"inLanguage\":\"es\",\"potentialAction\":[{\"@type\":\"ReadAction\",\"target\":[\"https:\\\/\\\/manchacomic.es\\\/84ideas\\\/javier-marquina\\\/\"]}]},{\"@type\":\"ImageObject\",\"inLanguage\":\"es\",\"@id\":\"https:\\\/\\\/manchacomic.es\\\/84ideas\\\/javier-marquina\\\/#primaryimage\",\"url\":\"https:\\\/\\\/i0.wp.com\\\/manchacomic.es\\\/84ideas\\\/wp-content\\\/uploads\\\/2023\\\/02\\\/Javier_marquina_84_ideas_bocadillo.png?fit=801%2C942&ssl=1\",\"contentUrl\":\"https:\\\/\\\/i0.wp.com\\\/manchacomic.es\\\/84ideas\\\/wp-content\\\/uploads\\\/2023\\\/02\\\/Javier_marquina_84_ideas_bocadillo.png?fit=801%2C942&ssl=1\",\"width\":801,\"height\":942},{\"@type\":\"BreadcrumbList\",\"@id\":\"https:\\\/\\\/manchacomic.es\\\/84ideas\\\/javier-marquina\\\/#breadcrumb\",\"itemListElement\":[{\"@type\":\"ListItem\",\"position\":1,\"name\":\"Home\",\"item\":\"https:\\\/\\\/manchacomic.es\\\/84ideas\\\/\"},{\"@type\":\"ListItem\",\"position\":2,\"name\":\"Javier Marquina\"}]},{\"@type\":\"WebSite\",\"@id\":\"https:\\\/\\\/manchacomic.es\\\/84ideas\\\/#website\",\"url\":\"https:\\\/\\\/manchacomic.es\\\/84ideas\\\/\",\"name\":\"84 Ideas\",\"description\":\"\",\"publisher\":{\"@id\":\"https:\\\/\\\/manchacomic.es\\\/84ideas\\\/#organization\"},\"potentialAction\":[{\"@type\":\"SearchAction\",\"target\":{\"@type\":\"EntryPoint\",\"urlTemplate\":\"https:\\\/\\\/manchacomic.es\\\/84ideas\\\/?s={search_term_string}\"},\"query-input\":{\"@type\":\"PropertyValueSpecification\",\"valueRequired\":true,\"valueName\":\"search_term_string\"}}],\"inLanguage\":\"es\"},{\"@type\":\"Organization\",\"@id\":\"https:\\\/\\\/manchacomic.es\\\/84ideas\\\/#organization\",\"name\":\"84 Ideas\",\"url\":\"https:\\\/\\\/manchacomic.es\\\/84ideas\\\/\",\"logo\":{\"@type\":\"ImageObject\",\"inLanguage\":\"es\",\"@id\":\"https:\\\/\\\/manchacomic.es\\\/84ideas\\\/#\\\/schema\\\/logo\\\/image\\\/\",\"url\":\"https:\\\/\\\/i0.wp.com\\\/manchacomic.es\\\/84ideas\\\/wp-content\\\/uploads\\\/2021\\\/04\\\/84_ideas_logo_version_A_png.png?fit=1818%2C484&ssl=1\",\"contentUrl\":\"https:\\\/\\\/i0.wp.com\\\/manchacomic.es\\\/84ideas\\\/wp-content\\\/uploads\\\/2021\\\/04\\\/84_ideas_logo_version_A_png.png?fit=1818%2C484&ssl=1\",\"width\":1818,\"height\":484,\"caption\":\"84 Ideas\"},\"image\":{\"@id\":\"https:\\\/\\\/manchacomic.es\\\/84ideas\\\/#\\\/schema\\\/logo\\\/image\\\/\"}}]}<\/script>\n<!-- \/ Yoast SEO plugin. -->","yoast_head_json":{"title":"Javier Marquina - 84 Ideas","description":"Javier Marquina. Es guionista y divulgador. Tambi\u00e9n es miembro de la Asociaci\u00f3n de Cr\u00edticos y Divulgadores de C\u00f3mic de Espa\u00f1a (ACDC\u00f3mic).","robots":{"index":"index","follow":"follow","max-snippet":"max-snippet:-1","max-image-preview":"max-image-preview:large","max-video-preview":"max-video-preview:-1"},"canonical":"https:\/\/manchacomic.es\/84ideas\/javier-marquina\/","og_locale":"es_ES","og_type":"article","og_title":"Javier Marquina - 84 Ideas","og_description":"Javier Marquina. Es guionista y divulgador. Tambi\u00e9n es miembro de la Asociaci\u00f3n de Cr\u00edticos y Divulgadores de C\u00f3mic de Espa\u00f1a (ACDC\u00f3mic).","og_url":"https:\/\/manchacomic.es\/84ideas\/javier-marquina\/","og_site_name":"84 Ideas","article_modified_time":"2023-02-07T12:48:56+00:00","og_image":[{"url":"https:\/\/manchacomic.es\/84ideas\/wp-content\/uploads\/2023\/02\/Javier_marquina_84_ideas_bocadillo.png","type":"","width":"","height":""}],"twitter_card":"summary_large_image","twitter_misc":{"Tiempo de lectura":"2 minutos"},"schema":{"@context":"https:\/\/schema.org","@graph":[{"@type":"WebPage","@id":"https:\/\/manchacomic.es\/84ideas\/javier-marquina\/","url":"https:\/\/manchacomic.es\/84ideas\/javier-marquina\/","name":"Javier Marquina - 84 Ideas","isPartOf":{"@id":"https:\/\/manchacomic.es\/84ideas\/#website"},"primaryImageOfPage":{"@id":"https:\/\/manchacomic.es\/84ideas\/javier-marquina\/#primaryimage"},"image":{"@id":"https:\/\/manchacomic.es\/84ideas\/javier-marquina\/#primaryimage"},"thumbnailUrl":"https:\/\/manchacomic.es\/84ideas\/wp-content\/uploads\/2023\/02\/Javier_marquina_84_ideas_bocadillo.png","datePublished":"2021-05-14T11:17:07+00:00","dateModified":"2023-02-07T12:48:56+00:00","description":"Javier Marquina. Es guionista y divulgador. Tambi\u00e9n es miembro de la Asociaci\u00f3n de Cr\u00edticos y Divulgadores de C\u00f3mic de Espa\u00f1a (ACDC\u00f3mic).","breadcrumb":{"@id":"https:\/\/manchacomic.es\/84ideas\/javier-marquina\/#breadcrumb"},"inLanguage":"es","potentialAction":[{"@type":"ReadAction","target":["https:\/\/manchacomic.es\/84ideas\/javier-marquina\/"]}]},{"@type":"ImageObject","inLanguage":"es","@id":"https:\/\/manchacomic.es\/84ideas\/javier-marquina\/#primaryimage","url":"https:\/\/i0.wp.com\/manchacomic.es\/84ideas\/wp-content\/uploads\/2023\/02\/Javier_marquina_84_ideas_bocadillo.png?fit=801%2C942&ssl=1","contentUrl":"https:\/\/i0.wp.com\/manchacomic.es\/84ideas\/wp-content\/uploads\/2023\/02\/Javier_marquina_84_ideas_bocadillo.png?fit=801%2C942&ssl=1","width":801,"height":942},{"@type":"BreadcrumbList","@id":"https:\/\/manchacomic.es\/84ideas\/javier-marquina\/#breadcrumb","itemListElement":[{"@type":"ListItem","position":1,"name":"Home","item":"https:\/\/manchacomic.es\/84ideas\/"},{"@type":"ListItem","position":2,"name":"Javier Marquina"}]},{"@type":"WebSite","@id":"https:\/\/manchacomic.es\/84ideas\/#website","url":"https:\/\/manchacomic.es\/84ideas\/","name":"84 Ideas","description":"","publisher":{"@id":"https:\/\/manchacomic.es\/84ideas\/#organization"},"potentialAction":[{"@type":"SearchAction","target":{"@type":"EntryPoint","urlTemplate":"https:\/\/manchacomic.es\/84ideas\/?s={search_term_string}"},"query-input":{"@type":"PropertyValueSpecification","valueRequired":true,"valueName":"search_term_string"}}],"inLanguage":"es"},{"@type":"Organization","@id":"https:\/\/manchacomic.es\/84ideas\/#organization","name":"84 Ideas","url":"https:\/\/manchacomic.es\/84ideas\/","logo":{"@type":"ImageObject","inLanguage":"es","@id":"https:\/\/manchacomic.es\/84ideas\/#\/schema\/logo\/image\/","url":"https:\/\/i0.wp.com\/manchacomic.es\/84ideas\/wp-content\/uploads\/2021\/04\/84_ideas_logo_version_A_png.png?fit=1818%2C484&ssl=1","contentUrl":"https:\/\/i0.wp.com\/manchacomic.es\/84ideas\/wp-content\/uploads\/2021\/04\/84_ideas_logo_version_A_png.png?fit=1818%2C484&ssl=1","width":1818,"height":484,"caption":"84 Ideas"},"image":{"@id":"https:\/\/manchacomic.es\/84ideas\/#\/schema\/logo\/image\/"}}]}},"uagb_featured_image_src":{"full":false,"thumbnail":false,"medium":false,"medium_large":false,"large":false,"1536x1536":false,"2048x2048":false},"uagb_author_info":{"display_name":false,"author_link":"https:\/\/manchacomic.es\/84ideas\/author\/otxentaykuatro\/"},"uagb_comment_info":0,"uagb_excerpt":"Javier Marquina Vicepresidente ARGH! Javier Marquina (Huesca, 1975). Guionista y divulgador. Colaborador de diversos medios digitales y en papel, presentador de radio en programas como \u00abOndas Gamma\u00bb o \u00abSolo hablamos de historietas\u00bb, rese\u00f1a c\u00f3mic en su canal de YouTube en las llamadas \u00abMicrorre\u00f1as\u00bb. Es adem\u00e1s, fundador del sello Inuit Ediciones y vicepresidente de de ARGH!,&hellip;","jetpack_sharing_enabled":false,"_links":{"self":[{"href":"https:\/\/manchacomic.es\/84ideas\/wp-json\/wp\/v2\/pages\/154","targetHints":{"allow":["GET"]}}],"collection":[{"href":"https:\/\/manchacomic.es\/84ideas\/wp-json\/wp\/v2\/pages"}],"about":[{"href":"https:\/\/manchacomic.es\/84ideas\/wp-json\/wp\/v2\/types\/page"}],"author":[{"embeddable":true,"href":"https:\/\/manchacomic.es\/84ideas\/wp-json\/wp\/v2\/users\/1"}],"replies":[{"embeddable":true,"href":"https:\/\/manchacomic.es\/84ideas\/wp-json\/wp\/v2\/comments?post=154"}],"version-history":[{"count":0,"href":"https:\/\/manchacomic.es\/84ideas\/wp-json\/wp\/v2\/pages\/154\/revisions"}],"wp:attachment":[{"href":"https:\/\/manchacomic.es\/84ideas\/wp-json\/wp\/v2\/media?parent=154"}],"curies":[{"name":"wp","href":"https:\/\/api.w.org\/{rel}","templated":true}]}}