{"id":135,"date":"2021-05-14T10:21:30","date_gmt":"2021-05-14T10:21:30","guid":{"rendered":"https:\/\/manchacomic.es\/84ideas\/?page_id=135"},"modified":"2022-06-30T12:05:07","modified_gmt":"2022-06-30T12:05:07","slug":"rafael-jimenez-sanchez","status":"publish","type":"page","link":"https:\/\/manchacomic.es\/84ideas\/rafael-jimenez-sanchez\/","title":{"rendered":"Rafael Jim\u00e9nez S\u00e1nchez"},"content":{"rendered":"\n<div style=\"height:10px\" aria-hidden=\"true\" class=\"wp-block-spacer\"><\/div>\n\n\n\n<div class=\"wp-block-columns is-layout-flex wp-container-core-columns-is-layout-8f761849 wp-block-columns-is-layout-flex\">\n<div class=\"wp-block-column is-layout-flow wp-block-column-is-layout-flow\" style=\"flex-basis:33.33%\"><div class=\"wp-block-image\">\n<figure class=\"aligncenter size-large\"><img data-recalc-dims=\"1\" loading=\"lazy\" decoding=\"async\" width=\"801\" height=\"942\" src=\"https:\/\/i0.wp.com\/manchacomic.es\/84ideas\/wp-content\/uploads\/2021\/05\/Rafael_Jimenez_84_ideas_bocadillo.png?resize=801%2C942&#038;ssl=1\" alt=\"\" class=\"wp-image-134\" srcset=\"https:\/\/i0.wp.com\/manchacomic.es\/84ideas\/wp-content\/uploads\/2021\/05\/Rafael_Jimenez_84_ideas_bocadillo.png?w=801&amp;ssl=1 801w, https:\/\/i0.wp.com\/manchacomic.es\/84ideas\/wp-content\/uploads\/2021\/05\/Rafael_Jimenez_84_ideas_bocadillo.png?resize=255%2C300&amp;ssl=1 255w, https:\/\/i0.wp.com\/manchacomic.es\/84ideas\/wp-content\/uploads\/2021\/05\/Rafael_Jimenez_84_ideas_bocadillo.png?resize=768%2C903&amp;ssl=1 768w\" sizes=\"auto, (max-width: 801px) 100vw, 801px\" \/><\/figure>\n<\/div>\n\n\n<p class=\"has-text-align-center wp-block-paragraph\"><strong><strong>Rafael Jim\u00e9nez S\u00e1nchez<\/strong><\/strong><\/p>\n\n\n\n<p class=\"has-text-align-center wp-block-paragraph\">Carmona en Vi\u00f1etas<\/p>\n<\/div>\n\n\n\n<div class=\"wp-block-column is-layout-flow wp-block-column-is-layout-flow\" style=\"flex-basis:66.66%\">\n<p class=\"wp-block-paragraph\">Responsable del festival sobre c\u00f3mics que se celebra en Carmona y de las actividades que all\u00ed se desarrollan en centros educativos y ligadas al Ayuntamiento, la UPO u otras entidades.<\/p>\n\n\n\n<p class=\"wp-block-paragraph\">Tambi\u00e9n, director editorial del sello presentado en noviembre de 2015 \u00abCarmona en Vi\u00f1etas\u00bb o CnV.<\/p>\n\n\n\n<p class=\"has-small-font-size wp-block-paragraph\"><em>Responsable du festival de la bande dessin\u00e9e organis\u00e9 \u00e0 Carmona et des activit\u00e9s qui s&#8217;y d\u00e9roulent dans les centres \u00e9ducatifs et en lien avec la mairie, l&#8217;UPO ou d&#8217;autres entit\u00e9s.<\/em><\/p>\n\n\n\n<p class=\"has-small-font-size wp-block-paragraph\"><em>\u00c9galement, directeur \u00e9ditorial du label pr\u00e9sent\u00e9 en novembre 2015 \u00abCarmona en Vi\u00f1etas\u00bb ou CnV.<\/em><\/p>\n<\/div>\n<\/div>\n","protected":false},"excerpt":{"rendered":"<p>Rafael Jim\u00e9nez S\u00e1nchez Carmona en Vi\u00f1etas Responsable del festival sobre c\u00f3mics que se celebra en Carmona y de las actividades que all\u00ed se desarrollan en centros educativos y ligadas al Ayuntamiento, la UPO u otras entidades. Tambi\u00e9n, director editorial del sello presentado en noviembre de 2015 \u00abCarmona en Vi\u00f1etas\u00bb o CnV. Responsable du festival de &#8230; <a title=\"Rafael Jim\u00e9nez S\u00e1nchez\" class=\"read-more\" href=\"https:\/\/manchacomic.es\/84ideas\/rafael-jimenez-sanchez\/\" aria-label=\"Leer m\u00e1s sobre Rafael Jim\u00e9nez S\u00e1nchez\">Leer m\u00e1s<\/a><\/p>\n","protected":false},"author":1,"featured_media":0,"parent":0,"menu_order":0,"comment_status":"closed","ping_status":"closed","template":"","meta":{"om_disable_all_campaigns":false,"_uag_custom_page_level_css":"","_monsterinsights_skip_tracking":false,"_uf_show_specific_survey":0,"_uf_disable_surveys":false,"footnotes":""},"class_list":["post-135","page","type-page","status-publish"],"yoast_head":"<!-- This site is optimized with the Yoast SEO plugin v28.3 - https:\/\/yoast.com\/product\/yoast-seo-wordpress\/ -->\n<title>Rafael Jim\u00e9nez S\u00e1nchez - 84 Ideas<\/title>\n<meta name=\"description\" content=\"Rafael Jim\u00e9nez. Responsable del festival sobre c\u00f3mics que se celebra en Carmona y de las actividades que all\u00ed se desarrollan\" \/>\n<meta name=\"robots\" content=\"index, follow, max-snippet:-1, max-image-preview:large, max-video-preview:-1\" \/>\n<link rel=\"canonical\" href=\"https:\/\/manchacomic.es\/84ideas\/rafael-jimenez-sanchez\/\" \/>\n<meta property=\"og:locale\" content=\"es_ES\" \/>\n<meta property=\"og:type\" content=\"article\" \/>\n<meta property=\"og:title\" content=\"Rafael Jim\u00e9nez S\u00e1nchez - 84 Ideas\" \/>\n<meta property=\"og:description\" content=\"Rafael Jim\u00e9nez. Responsable del festival sobre c\u00f3mics que se celebra en Carmona y de las actividades que all\u00ed se desarrollan\" \/>\n<meta property=\"og:url\" content=\"https:\/\/manchacomic.es\/84ideas\/rafael-jimenez-sanchez\/\" \/>\n<meta property=\"og:site_name\" content=\"84 Ideas\" \/>\n<meta property=\"article:modified_time\" content=\"2022-06-30T12:05:07+00:00\" \/>\n<meta property=\"og:image\" content=\"https:\/\/manchacomic.es\/84ideas\/wp-content\/uploads\/2021\/05\/Rafael_Jimenez_84_ideas_bocadillo.png\" \/>\n<meta name=\"twitter:card\" content=\"summary_large_image\" \/>\n<meta name=\"twitter:label1\" content=\"Tiempo de lectura\" \/>\n\t<meta name=\"twitter:data1\" content=\"1 minuto\" \/>\n<script type=\"application\/ld+json\" class=\"yoast-schema-graph\">{\"@context\":\"https:\\\/\\\/schema.org\",\"@graph\":[{\"@type\":\"WebPage\",\"@id\":\"https:\\\/\\\/manchacomic.es\\\/84ideas\\\/rafael-jimenez-sanchez\\\/\",\"url\":\"https:\\\/\\\/manchacomic.es\\\/84ideas\\\/rafael-jimenez-sanchez\\\/\",\"name\":\"Rafael Jim\u00e9nez S\u00e1nchez - 84 Ideas\",\"isPartOf\":{\"@id\":\"https:\\\/\\\/manchacomic.es\\\/84ideas\\\/#website\"},\"primaryImageOfPage\":{\"@id\":\"https:\\\/\\\/manchacomic.es\\\/84ideas\\\/rafael-jimenez-sanchez\\\/#primaryimage\"},\"image\":{\"@id\":\"https:\\\/\\\/manchacomic.es\\\/84ideas\\\/rafael-jimenez-sanchez\\\/#primaryimage\"},\"thumbnailUrl\":\"https:\\\/\\\/manchacomic.es\\\/84ideas\\\/wp-content\\\/uploads\\\/2021\\\/05\\\/Rafael_Jimenez_84_ideas_bocadillo.png\",\"datePublished\":\"2021-05-14T10:21:30+00:00\",\"dateModified\":\"2022-06-30T12:05:07+00:00\",\"description\":\"Rafael Jim\u00e9nez. Responsable del festival sobre c\u00f3mics que se celebra en Carmona y de las actividades que all\u00ed se desarrollan\",\"breadcrumb\":{\"@id\":\"https:\\\/\\\/manchacomic.es\\\/84ideas\\\/rafael-jimenez-sanchez\\\/#breadcrumb\"},\"inLanguage\":\"es\",\"potentialAction\":[{\"@type\":\"ReadAction\",\"target\":[\"https:\\\/\\\/manchacomic.es\\\/84ideas\\\/rafael-jimenez-sanchez\\\/\"]}]},{\"@type\":\"ImageObject\",\"inLanguage\":\"es\",\"@id\":\"https:\\\/\\\/manchacomic.es\\\/84ideas\\\/rafael-jimenez-sanchez\\\/#primaryimage\",\"url\":\"https:\\\/\\\/i0.wp.com\\\/manchacomic.es\\\/84ideas\\\/wp-content\\\/uploads\\\/2021\\\/05\\\/Rafael_Jimenez_84_ideas_bocadillo.png?fit=801%2C942&ssl=1\",\"contentUrl\":\"https:\\\/\\\/i0.wp.com\\\/manchacomic.es\\\/84ideas\\\/wp-content\\\/uploads\\\/2021\\\/05\\\/Rafael_Jimenez_84_ideas_bocadillo.png?fit=801%2C942&ssl=1\",\"width\":801,\"height\":942},{\"@type\":\"BreadcrumbList\",\"@id\":\"https:\\\/\\\/manchacomic.es\\\/84ideas\\\/rafael-jimenez-sanchez\\\/#breadcrumb\",\"itemListElement\":[{\"@type\":\"ListItem\",\"position\":1,\"name\":\"Home\",\"item\":\"https:\\\/\\\/manchacomic.es\\\/84ideas\\\/\"},{\"@type\":\"ListItem\",\"position\":2,\"name\":\"Rafael Jim\u00e9nez S\u00e1nchez\"}]},{\"@type\":\"WebSite\",\"@id\":\"https:\\\/\\\/manchacomic.es\\\/84ideas\\\/#website\",\"url\":\"https:\\\/\\\/manchacomic.es\\\/84ideas\\\/\",\"name\":\"84 Ideas\",\"description\":\"\",\"publisher\":{\"@id\":\"https:\\\/\\\/manchacomic.es\\\/84ideas\\\/#organization\"},\"potentialAction\":[{\"@type\":\"SearchAction\",\"target\":{\"@type\":\"EntryPoint\",\"urlTemplate\":\"https:\\\/\\\/manchacomic.es\\\/84ideas\\\/?s={search_term_string}\"},\"query-input\":{\"@type\":\"PropertyValueSpecification\",\"valueRequired\":true,\"valueName\":\"search_term_string\"}}],\"inLanguage\":\"es\"},{\"@type\":\"Organization\",\"@id\":\"https:\\\/\\\/manchacomic.es\\\/84ideas\\\/#organization\",\"name\":\"84 Ideas\",\"url\":\"https:\\\/\\\/manchacomic.es\\\/84ideas\\\/\",\"logo\":{\"@type\":\"ImageObject\",\"inLanguage\":\"es\",\"@id\":\"https:\\\/\\\/manchacomic.es\\\/84ideas\\\/#\\\/schema\\\/logo\\\/image\\\/\",\"url\":\"https:\\\/\\\/i0.wp.com\\\/manchacomic.es\\\/84ideas\\\/wp-content\\\/uploads\\\/2021\\\/04\\\/84_ideas_logo_version_A_png.png?fit=1818%2C484&ssl=1\",\"contentUrl\":\"https:\\\/\\\/i0.wp.com\\\/manchacomic.es\\\/84ideas\\\/wp-content\\\/uploads\\\/2021\\\/04\\\/84_ideas_logo_version_A_png.png?fit=1818%2C484&ssl=1\",\"width\":1818,\"height\":484,\"caption\":\"84 Ideas\"},\"image\":{\"@id\":\"https:\\\/\\\/manchacomic.es\\\/84ideas\\\/#\\\/schema\\\/logo\\\/image\\\/\"}}]}<\/script>\n<!-- \/ Yoast SEO plugin. -->","yoast_head_json":{"title":"Rafael Jim\u00e9nez S\u00e1nchez - 84 Ideas","description":"Rafael Jim\u00e9nez. Responsable del festival sobre c\u00f3mics que se celebra en Carmona y de las actividades que all\u00ed se desarrollan","robots":{"index":"index","follow":"follow","max-snippet":"max-snippet:-1","max-image-preview":"max-image-preview:large","max-video-preview":"max-video-preview:-1"},"canonical":"https:\/\/manchacomic.es\/84ideas\/rafael-jimenez-sanchez\/","og_locale":"es_ES","og_type":"article","og_title":"Rafael Jim\u00e9nez S\u00e1nchez - 84 Ideas","og_description":"Rafael Jim\u00e9nez. Responsable del festival sobre c\u00f3mics que se celebra en Carmona y de las actividades que all\u00ed se desarrollan","og_url":"https:\/\/manchacomic.es\/84ideas\/rafael-jimenez-sanchez\/","og_site_name":"84 Ideas","article_modified_time":"2022-06-30T12:05:07+00:00","og_image":[{"url":"https:\/\/manchacomic.es\/84ideas\/wp-content\/uploads\/2021\/05\/Rafael_Jimenez_84_ideas_bocadillo.png","type":"","width":"","height":""}],"twitter_card":"summary_large_image","twitter_misc":{"Tiempo de lectura":"1 minuto"},"schema":{"@context":"https:\/\/schema.org","@graph":[{"@type":"WebPage","@id":"https:\/\/manchacomic.es\/84ideas\/rafael-jimenez-sanchez\/","url":"https:\/\/manchacomic.es\/84ideas\/rafael-jimenez-sanchez\/","name":"Rafael Jim\u00e9nez S\u00e1nchez - 84 Ideas","isPartOf":{"@id":"https:\/\/manchacomic.es\/84ideas\/#website"},"primaryImageOfPage":{"@id":"https:\/\/manchacomic.es\/84ideas\/rafael-jimenez-sanchez\/#primaryimage"},"image":{"@id":"https:\/\/manchacomic.es\/84ideas\/rafael-jimenez-sanchez\/#primaryimage"},"thumbnailUrl":"https:\/\/manchacomic.es\/84ideas\/wp-content\/uploads\/2021\/05\/Rafael_Jimenez_84_ideas_bocadillo.png","datePublished":"2021-05-14T10:21:30+00:00","dateModified":"2022-06-30T12:05:07+00:00","description":"Rafael Jim\u00e9nez. Responsable del festival sobre c\u00f3mics que se celebra en Carmona y de las actividades que all\u00ed se desarrollan","breadcrumb":{"@id":"https:\/\/manchacomic.es\/84ideas\/rafael-jimenez-sanchez\/#breadcrumb"},"inLanguage":"es","potentialAction":[{"@type":"ReadAction","target":["https:\/\/manchacomic.es\/84ideas\/rafael-jimenez-sanchez\/"]}]},{"@type":"ImageObject","inLanguage":"es","@id":"https:\/\/manchacomic.es\/84ideas\/rafael-jimenez-sanchez\/#primaryimage","url":"https:\/\/i0.wp.com\/manchacomic.es\/84ideas\/wp-content\/uploads\/2021\/05\/Rafael_Jimenez_84_ideas_bocadillo.png?fit=801%2C942&ssl=1","contentUrl":"https:\/\/i0.wp.com\/manchacomic.es\/84ideas\/wp-content\/uploads\/2021\/05\/Rafael_Jimenez_84_ideas_bocadillo.png?fit=801%2C942&ssl=1","width":801,"height":942},{"@type":"BreadcrumbList","@id":"https:\/\/manchacomic.es\/84ideas\/rafael-jimenez-sanchez\/#breadcrumb","itemListElement":[{"@type":"ListItem","position":1,"name":"Home","item":"https:\/\/manchacomic.es\/84ideas\/"},{"@type":"ListItem","position":2,"name":"Rafael Jim\u00e9nez S\u00e1nchez"}]},{"@type":"WebSite","@id":"https:\/\/manchacomic.es\/84ideas\/#website","url":"https:\/\/manchacomic.es\/84ideas\/","name":"84 Ideas","description":"","publisher":{"@id":"https:\/\/manchacomic.es\/84ideas\/#organization"},"potentialAction":[{"@type":"SearchAction","target":{"@type":"EntryPoint","urlTemplate":"https:\/\/manchacomic.es\/84ideas\/?s={search_term_string}"},"query-input":{"@type":"PropertyValueSpecification","valueRequired":true,"valueName":"search_term_string"}}],"inLanguage":"es"},{"@type":"Organization","@id":"https:\/\/manchacomic.es\/84ideas\/#organization","name":"84 Ideas","url":"https:\/\/manchacomic.es\/84ideas\/","logo":{"@type":"ImageObject","inLanguage":"es","@id":"https:\/\/manchacomic.es\/84ideas\/#\/schema\/logo\/image\/","url":"https:\/\/i0.wp.com\/manchacomic.es\/84ideas\/wp-content\/uploads\/2021\/04\/84_ideas_logo_version_A_png.png?fit=1818%2C484&ssl=1","contentUrl":"https:\/\/i0.wp.com\/manchacomic.es\/84ideas\/wp-content\/uploads\/2021\/04\/84_ideas_logo_version_A_png.png?fit=1818%2C484&ssl=1","width":1818,"height":484,"caption":"84 Ideas"},"image":{"@id":"https:\/\/manchacomic.es\/84ideas\/#\/schema\/logo\/image\/"}}]}},"uagb_featured_image_src":{"full":false,"thumbnail":false,"medium":false,"medium_large":false,"large":false,"1536x1536":false,"2048x2048":false},"uagb_author_info":{"display_name":false,"author_link":"https:\/\/manchacomic.es\/84ideas\/author\/otxentaykuatro\/"},"uagb_comment_info":0,"uagb_excerpt":"Rafael Jim\u00e9nez S\u00e1nchez Carmona en Vi\u00f1etas Responsable del festival sobre c\u00f3mics que se celebra en Carmona y de las actividades que all\u00ed se desarrollan en centros educativos y ligadas al Ayuntamiento, la UPO u otras entidades. Tambi\u00e9n, director editorial del sello presentado en noviembre de 2015 \u00abCarmona en Vi\u00f1etas\u00bb o CnV. Responsable du festival de&hellip;","jetpack_sharing_enabled":false,"_links":{"self":[{"href":"https:\/\/manchacomic.es\/84ideas\/wp-json\/wp\/v2\/pages\/135","targetHints":{"allow":["GET"]}}],"collection":[{"href":"https:\/\/manchacomic.es\/84ideas\/wp-json\/wp\/v2\/pages"}],"about":[{"href":"https:\/\/manchacomic.es\/84ideas\/wp-json\/wp\/v2\/types\/page"}],"author":[{"embeddable":true,"href":"https:\/\/manchacomic.es\/84ideas\/wp-json\/wp\/v2\/users\/1"}],"replies":[{"embeddable":true,"href":"https:\/\/manchacomic.es\/84ideas\/wp-json\/wp\/v2\/comments?post=135"}],"version-history":[{"count":0,"href":"https:\/\/manchacomic.es\/84ideas\/wp-json\/wp\/v2\/pages\/135\/revisions"}],"wp:attachment":[{"href":"https:\/\/manchacomic.es\/84ideas\/wp-json\/wp\/v2\/media?parent=135"}],"curies":[{"name":"wp","href":"https:\/\/api.w.org\/{rel}","templated":true}]}}